{"id":21427,"date":"2012-10-01T02:00:00","date_gmt":"2012-10-01T00:00:00","guid":{"rendered":"https:\/\/dreyersforlag.forenteforlag.no\/produkt\/ideologienes-arhundre-3\/"},"modified":"2025-09-04T14:23:43","modified_gmt":"2025-09-04T12:23:43","slug":"ideologienes-arhundre-3","status":"publish","type":"product","link":"https:\/\/staging.forenteforlag.no\/dreyers\/produkt\/ideologienes-arhundre-3\/","title":{"rendered":"Ideologienes \u00e5rhundre"},"content":{"rendered":"<p>Dette er en bok om menneskene som formet det 20. \u00e5rhundret og ideene de kjempet for. Bernt Hagtvet tar oss med p\u00e5 en reise blant folk som har skapt v\u00e5rt virkelighetsbilde og formet v\u00e5r identitet. P\u00e5 veien m\u00f8ter vi alle hovedtendensene og hovedpersonene i det 20. \u00e5rhundrets politiske landskap. En fremragende innf\u00f8ring i det forrige \u00e5rhundrets politiske id\u00e9historie. &laquo;Bernt Hagtvets nye bok gir oss, for \u00e5 l\u00e5ne en sentens av Bertrand Russel, varig vekkede sjelsevner!&raquo; Arne Dvergsdal, DAGBLADET<\/p>\n","protected":false},"excerpt":{"rendered":"<p>Dette er en bok om menneskene som formet det 20. \u00e5rhundret og ideene de kjempet for. Bernt Hagtvet tar oss med p\u00e5 en reise blant folk som har skapt v\u00e5rt virkelighetsbilde og formet v\u00e5r identitet. P\u00e5 veien m\u00f8ter vi alle hovedtendensene og hovedpersonene i det 20. \u00e5rhundrets politiske landskap. En fremragende innf\u00f8ring i det forrige [&hellip;]<\/p>\n","protected":false},"featured_media":24484,"template":"","meta":{"_acf_changed":false,"inline_featured_image":false},"product_brand":[],"product_cat":[23,31],"product_tag":[441,607,362,962],"class_list":{"0":"post-21427","1":"product","2":"type-product","3":"status-publish","4":"has-post-thumbnail","6":"product_cat-historie","7":"product_cat-religion","8":"product_tag-1900-tallet","9":"product_tag-bedriftshistorie","10":"product_tag-faglitteratur","11":"product_tag-politisk-teori","12":"pa_format-pocket","14":"first","15":"midlertidig-utsolgt","16":"shipping-taxable","17":"purchasable","18":"product-type-simple"},"acf":{"anmeldelse":null},"yoast_head":"<!-- This site is optimized with the Yoast SEO plugin v26.6 - https:\/\/yoast.com\/wordpress\/plugins\/seo\/ -->\n<title>Ideologienes \u00e5rhundre - Dreyers Forlag<\/title>\n<meta name=\"robots\" content=\"noindex, follow, max-snippet:-1, max-image-preview:large, max-video-preview:-1\" \/>\n<meta property=\"og:locale\" content=\"nb_NO\" \/>\n<meta property=\"og:type\" content=\"article\" \/>\n<meta property=\"og:title\" content=\"Ideologienes \u00e5rhundre - Dreyers Forlag\" \/>\n<meta property=\"og:description\" content=\"Dette er en bok om menneskene som formet det 20. \u00e5rhundret og ideene de kjempet for. Bernt Hagtvet tar oss med p\u00e5 en reise blant folk som har skapt v\u00e5rt virkelighetsbilde og formet v\u00e5r identitet. P\u00e5 veien m\u00f8ter vi alle hovedtendensene og hovedpersonene i det 20. \u00e5rhundrets politiske landskap. En fremragende innf\u00f8ring i det forrige [&hellip;]\" \/>\n<meta property=\"og:url\" content=\"https:\/\/staging.forenteforlag.no\/dreyers\/produkt\/ideologienes-arhundre-3\/\" \/>\n<meta property=\"og:site_name\" content=\"Dreyers Forlag\" \/>\n<meta property=\"article:modified_time\" content=\"2025-09-04T12:23:43+00:00\" \/>\n<meta property=\"og:image\" content=\"https:\/\/staging.forenteforlag.no\/dreyers\/wp-content\/uploads\/sites\/2\/2025\/08\/jpg-9890.jpg\" \/>\n\t<meta property=\"og:image:width\" content=\"328\" \/>\n\t<meta property=\"og:image:height\" content=\"449\" \/>\n\t<meta property=\"og:image:type\" content=\"image\/jpeg\" \/>\n<meta name=\"twitter:card\" content=\"summary_large_image\" \/>\n<script type=\"application\/ld+json\" class=\"yoast-schema-graph\">{\"@context\":\"https:\/\/schema.org\",\"@graph\":[{\"@type\":\"WebPage\",\"@id\":\"https:\/\/staging.forenteforlag.no\/dreyers\/produkt\/ideologienes-arhundre-3\/\",\"url\":\"https:\/\/staging.forenteforlag.no\/dreyers\/produkt\/ideologienes-arhundre-3\/\",\"name\":\"Ideologienes \u00e5rhundre - Dreyers Forlag\",\"isPartOf\":{\"@id\":\"https:\/\/staging.forenteforlag.no\/dreyers\/#website\"},\"primaryImageOfPage\":{\"@id\":\"https:\/\/staging.forenteforlag.no\/dreyers\/produkt\/ideologienes-arhundre-3\/#primaryimage\"},\"image\":{\"@id\":\"https:\/\/staging.forenteforlag.no\/dreyers\/produkt\/ideologienes-arhundre-3\/#primaryimage\"},\"thumbnailUrl\":\"https:\/\/staging.forenteforlag.no\/dreyers\/wp-content\/uploads\/sites\/2\/2025\/08\/jpg-9890.jpg\",\"datePublished\":\"2012-10-01T00:00:00+00:00\",\"dateModified\":\"2025-09-04T12:23:43+00:00\",\"breadcrumb\":{\"@id\":\"https:\/\/staging.forenteforlag.no\/dreyers\/produkt\/ideologienes-arhundre-3\/#breadcrumb\"},\"inLanguage\":\"nb-NO\",\"potentialAction\":[{\"@type\":\"ReadAction\",\"target\":[\"https:\/\/staging.forenteforlag.no\/dreyers\/produkt\/ideologienes-arhundre-3\/\"]}]},{\"@type\":\"ImageObject\",\"inLanguage\":\"nb-NO\",\"@id\":\"https:\/\/staging.forenteforlag.no\/dreyers\/produkt\/ideologienes-arhundre-3\/#primaryimage\",\"url\":\"https:\/\/staging.forenteforlag.no\/dreyers\/wp-content\/uploads\/sites\/2\/2025\/08\/jpg-9890.jpg\",\"contentUrl\":\"https:\/\/staging.forenteforlag.no\/dreyers\/wp-content\/uploads\/sites\/2\/2025\/08\/jpg-9890.jpg\",\"width\":328,\"height\":449},{\"@type\":\"BreadcrumbList\",\"@id\":\"https:\/\/staging.forenteforlag.no\/dreyers\/produkt\/ideologienes-arhundre-3\/#breadcrumb\",\"itemListElement\":[{\"@type\":\"ListItem\",\"position\":1,\"name\":\"Hjem\",\"item\":\"https:\/\/staging.forenteforlag.no\/dreyers\/\"},{\"@type\":\"ListItem\",\"position\":2,\"name\":\"Alle b\u00f8ker\",\"item\":\"https:\/\/staging.forenteforlag.no\/dreyers\/butikk\/\"},{\"@type\":\"ListItem\",\"position\":3,\"name\":\"Ideologienes \u00e5rhundre\"}]},{\"@type\":\"WebSite\",\"@id\":\"https:\/\/staging.forenteforlag.no\/dreyers\/#website\",\"url\":\"https:\/\/staging.forenteforlag.no\/dreyers\/\",\"name\":\"Dreyers Forlag\",\"description\":\"\",\"potentialAction\":[{\"@type\":\"SearchAction\",\"target\":{\"@type\":\"EntryPoint\",\"urlTemplate\":\"https:\/\/staging.forenteforlag.no\/dreyers\/?s={search_term_string}\"},\"query-input\":{\"@type\":\"PropertyValueSpecification\",\"valueRequired\":true,\"valueName\":\"search_term_string\"}}],\"inLanguage\":\"nb-NO\"}]}<\/script>\n<!-- \/ Yoast SEO plugin. -->","yoast_head_json":{"title":"Ideologienes \u00e5rhundre - Dreyers Forlag","robots":{"index":"noindex","follow":"follow","max-snippet":"max-snippet:-1","max-image-preview":"max-image-preview:large","max-video-preview":"max-video-preview:-1"},"og_locale":"nb_NO","og_type":"article","og_title":"Ideologienes \u00e5rhundre - Dreyers Forlag","og_description":"Dette er en bok om menneskene som formet det 20. \u00e5rhundret og ideene de kjempet for. Bernt Hagtvet tar oss med p\u00e5 en reise blant folk som har skapt v\u00e5rt virkelighetsbilde og formet v\u00e5r identitet. P\u00e5 veien m\u00f8ter vi alle hovedtendensene og hovedpersonene i det 20. \u00e5rhundrets politiske landskap. En fremragende innf\u00f8ring i det forrige [&hellip;]","og_url":"https:\/\/staging.forenteforlag.no\/dreyers\/produkt\/ideologienes-arhundre-3\/","og_site_name":"Dreyers Forlag","article_modified_time":"2025-09-04T12:23:43+00:00","og_image":[{"width":328,"height":449,"url":"https:\/\/staging.forenteforlag.no\/dreyers\/wp-content\/uploads\/sites\/2\/2025\/08\/jpg-9890.jpg","type":"image\/jpeg"}],"twitter_card":"summary_large_image","schema":{"@context":"https:\/\/schema.org","@graph":[{"@type":"WebPage","@id":"https:\/\/staging.forenteforlag.no\/dreyers\/produkt\/ideologienes-arhundre-3\/","url":"https:\/\/staging.forenteforlag.no\/dreyers\/produkt\/ideologienes-arhundre-3\/","name":"Ideologienes \u00e5rhundre - Dreyers Forlag","isPartOf":{"@id":"https:\/\/staging.forenteforlag.no\/dreyers\/#website"},"primaryImageOfPage":{"@id":"https:\/\/staging.forenteforlag.no\/dreyers\/produkt\/ideologienes-arhundre-3\/#primaryimage"},"image":{"@id":"https:\/\/staging.forenteforlag.no\/dreyers\/produkt\/ideologienes-arhundre-3\/#primaryimage"},"thumbnailUrl":"https:\/\/staging.forenteforlag.no\/dreyers\/wp-content\/uploads\/sites\/2\/2025\/08\/jpg-9890.jpg","datePublished":"2012-10-01T00:00:00+00:00","dateModified":"2025-09-04T12:23:43+00:00","breadcrumb":{"@id":"https:\/\/staging.forenteforlag.no\/dreyers\/produkt\/ideologienes-arhundre-3\/#breadcrumb"},"inLanguage":"nb-NO","potentialAction":[{"@type":"ReadAction","target":["https:\/\/staging.forenteforlag.no\/dreyers\/produkt\/ideologienes-arhundre-3\/"]}]},{"@type":"ImageObject","inLanguage":"nb-NO","@id":"https:\/\/staging.forenteforlag.no\/dreyers\/produkt\/ideologienes-arhundre-3\/#primaryimage","url":"https:\/\/staging.forenteforlag.no\/dreyers\/wp-content\/uploads\/sites\/2\/2025\/08\/jpg-9890.jpg","contentUrl":"https:\/\/staging.forenteforlag.no\/dreyers\/wp-content\/uploads\/sites\/2\/2025\/08\/jpg-9890.jpg","width":328,"height":449},{"@type":"BreadcrumbList","@id":"https:\/\/staging.forenteforlag.no\/dreyers\/produkt\/ideologienes-arhundre-3\/#breadcrumb","itemListElement":[{"@type":"ListItem","position":1,"name":"Hjem","item":"https:\/\/staging.forenteforlag.no\/dreyers\/"},{"@type":"ListItem","position":2,"name":"Alle b\u00f8ker","item":"https:\/\/staging.forenteforlag.no\/dreyers\/butikk\/"},{"@type":"ListItem","position":3,"name":"Ideologienes \u00e5rhundre"}]},{"@type":"WebSite","@id":"https:\/\/staging.forenteforlag.no\/dreyers\/#website","url":"https:\/\/staging.forenteforlag.no\/dreyers\/","name":"Dreyers Forlag","description":"","potentialAction":[{"@type":"SearchAction","target":{"@type":"EntryPoint","urlTemplate":"https:\/\/staging.forenteforlag.no\/dreyers\/?s={search_term_string}"},"query-input":{"@type":"PropertyValueSpecification","valueRequired":true,"valueName":"search_term_string"}}],"inLanguage":"nb-NO"}]}},"_links":{"self":[{"href":"https:\/\/staging.forenteforlag.no\/dreyers\/wp-json\/wp\/v2\/product\/21427","targetHints":{"allow":["GET"]}}],"collection":[{"href":"https:\/\/staging.forenteforlag.no\/dreyers\/wp-json\/wp\/v2\/product"}],"about":[{"href":"https:\/\/staging.forenteforlag.no\/dreyers\/wp-json\/wp\/v2\/types\/product"}],"wp:featuredmedia":[{"embeddable":true,"href":"https:\/\/staging.forenteforlag.no\/dreyers\/wp-json\/wp\/v2\/media\/24484"}],"wp:attachment":[{"href":"https:\/\/staging.forenteforlag.no\/dreyers\/wp-json\/wp\/v2\/media?parent=21427"}],"wp:term":[{"taxonomy":"product_brand","embeddable":true,"href":"https:\/\/staging.forenteforlag.no\/dreyers\/wp-json\/wp\/v2\/product_brand?post=21427"},{"taxonomy":"product_cat","embeddable":true,"href":"https:\/\/staging.forenteforlag.no\/dreyers\/wp-json\/wp\/v2\/product_cat?post=21427"},{"taxonomy":"product_tag","embeddable":true,"href":"https:\/\/staging.forenteforlag.no\/dreyers\/wp-json\/wp\/v2\/product_tag?post=21427"}],"curies":[{"name":"wp","href":"https:\/\/api.w.org\/{rel}","templated":true}]}}