{"id":21409,"date":"2014-10-06T02:00:00","date_gmt":"2014-10-06T00:00:00","guid":{"rendered":"https:\/\/dreyersforlag.forenteforlag.no\/produkt\/det-var-en-gang-i-oslo\/"},"modified":"2025-08-27T11:33:57","modified_gmt":"2025-08-27T09:33:57","slug":"det-var-en-gang-i-oslo","status":"publish","type":"product","link":"https:\/\/staging.forenteforlag.no\/dreyers\/produkt\/det-var-en-gang-i-oslo\/","title":{"rendered":"Det var en gang i Oslo"},"content":{"rendered":"<p>Dette er det tredje dypdykket ned i Oslos utrolige byhistorie<br \/>\netter Et lite stykke Oslo fra 2012 og Oslo f\u00f8r fra 2013, kommer n\u00e5 denne siste boka med artikler fra Leif Gjerlands ukentlige spalte i Aftenposten. <\/p>\n<p>Oslo er rik p\u00e5 minner fra sin lange historie, minner vi s\u00e5 altfor lett g\u00e5r forbi fordi vi ikke lenger h\u00f8rer hva de kan fortelle. P\u00e5 samme m\u00e5te er v\u00e5r hverdag full av en mengde navn som har gjemte utspring i hendelser og forhold som for lengst er forbi. Hensikten med s\u00e5 vel artikkelserien som denne boken, er \u00e5 stoppe opp ved de mange underligheter og minner fra Oslos historie som finnes rundt om i v\u00e5r hverdag<br \/>\n de vi ser hver dag uten \u00e5 tenke hvor de kommer fra, eller hva de kan fortelle om byens historie<\/p>\n","protected":false},"excerpt":{"rendered":"<p>Dette er det tredje dypdykket ned i Oslos utrolige byhistorie etter Et lite stykke Oslo fra 2012 og Oslo f\u00f8r fra 2013, kommer n\u00e5 denne siste boka med artikler fra Leif Gjerlands ukentlige spalte i Aftenposten. Oslo er rik p\u00e5 minner fra sin lange historie, minner vi s\u00e5 altfor lett g\u00e5r forbi fordi vi ikke [&hellip;]<\/p>\n","protected":false},"featured_media":24338,"template":"","meta":{"_acf_changed":false,"inline_featured_image":false},"product_brand":[],"product_cat":[1785,37],"product_tag":[362,525,377],"class_list":{"0":"post-21409","1":"product","2":"type-product","3":"status-publish","4":"has-post-thumbnail","6":"product_cat-fripris","7":"product_cat-oslo","8":"product_tag-faglitteratur","9":"product_tag-lokalhistorie","10":"product_tag-oslo","11":"pa_format-innbundet","13":"first","14":"instock","15":"shipping-taxable","16":"purchasable","17":"product-type-simple"},"acf":{"anmeldelse":null},"yoast_head":"<!-- This site is optimized with the Yoast SEO plugin v26.6 - https:\/\/yoast.com\/wordpress\/plugins\/seo\/ -->\n<title>Det var en gang i Oslo - Dreyers Forlag<\/title>\n<meta name=\"robots\" content=\"noindex, follow, max-snippet:-1, max-image-preview:large, max-video-preview:-1\" \/>\n<meta property=\"og:locale\" content=\"nb_NO\" \/>\n<meta property=\"og:type\" content=\"article\" \/>\n<meta property=\"og:title\" content=\"Det var en gang i Oslo - Dreyers Forlag\" \/>\n<meta property=\"og:description\" content=\"Dette er det tredje dypdykket ned i Oslos utrolige byhistorie etter Et lite stykke Oslo fra 2012 og Oslo f\u00f8r fra 2013, kommer n\u00e5 denne siste boka med artikler fra Leif Gjerlands ukentlige spalte i Aftenposten. Oslo er rik p\u00e5 minner fra sin lange historie, minner vi s\u00e5 altfor lett g\u00e5r forbi fordi vi ikke [&hellip;]\" \/>\n<meta property=\"og:url\" content=\"https:\/\/staging.forenteforlag.no\/dreyers\/produkt\/det-var-en-gang-i-oslo\/\" \/>\n<meta property=\"og:site_name\" content=\"Dreyers Forlag\" \/>\n<meta property=\"article:modified_time\" content=\"2025-08-27T09:33:57+00:00\" \/>\n<meta property=\"og:image\" content=\"https:\/\/staging.forenteforlag.no\/dreyers\/wp-content\/uploads\/sites\/2\/2025\/08\/jpg-8473.jpg\" \/>\n\t<meta property=\"og:image:width\" content=\"444\" \/>\n\t<meta property=\"og:image:height\" content=\"449\" \/>\n\t<meta property=\"og:image:type\" content=\"image\/jpeg\" \/>\n<meta name=\"twitter:card\" content=\"summary_large_image\" \/>\n<meta name=\"twitter:label1\" content=\"Ansl. lesetid\" \/>\n\t<meta name=\"twitter:data1\" content=\"1 minutt\" \/>\n<script type=\"application\/ld+json\" class=\"yoast-schema-graph\">{\"@context\":\"https:\/\/schema.org\",\"@graph\":[{\"@type\":\"WebPage\",\"@id\":\"https:\/\/staging.forenteforlag.no\/dreyers\/produkt\/det-var-en-gang-i-oslo\/\",\"url\":\"https:\/\/staging.forenteforlag.no\/dreyers\/produkt\/det-var-en-gang-i-oslo\/\",\"name\":\"Det var en gang i Oslo - Dreyers Forlag\",\"isPartOf\":{\"@id\":\"https:\/\/staging.forenteforlag.no\/dreyers\/#website\"},\"primaryImageOfPage\":{\"@id\":\"https:\/\/staging.forenteforlag.no\/dreyers\/produkt\/det-var-en-gang-i-oslo\/#primaryimage\"},\"image\":{\"@id\":\"https:\/\/staging.forenteforlag.no\/dreyers\/produkt\/det-var-en-gang-i-oslo\/#primaryimage\"},\"thumbnailUrl\":\"https:\/\/staging.forenteforlag.no\/dreyers\/wp-content\/uploads\/sites\/2\/2025\/08\/jpg-8473.jpg\",\"datePublished\":\"2014-10-06T00:00:00+00:00\",\"dateModified\":\"2025-08-27T09:33:57+00:00\",\"breadcrumb\":{\"@id\":\"https:\/\/staging.forenteforlag.no\/dreyers\/produkt\/det-var-en-gang-i-oslo\/#breadcrumb\"},\"inLanguage\":\"nb-NO\",\"potentialAction\":[{\"@type\":\"ReadAction\",\"target\":[\"https:\/\/staging.forenteforlag.no\/dreyers\/produkt\/det-var-en-gang-i-oslo\/\"]}]},{\"@type\":\"ImageObject\",\"inLanguage\":\"nb-NO\",\"@id\":\"https:\/\/staging.forenteforlag.no\/dreyers\/produkt\/det-var-en-gang-i-oslo\/#primaryimage\",\"url\":\"https:\/\/staging.forenteforlag.no\/dreyers\/wp-content\/uploads\/sites\/2\/2025\/08\/jpg-8473.jpg\",\"contentUrl\":\"https:\/\/staging.forenteforlag.no\/dreyers\/wp-content\/uploads\/sites\/2\/2025\/08\/jpg-8473.jpg\",\"width\":444,\"height\":449},{\"@type\":\"BreadcrumbList\",\"@id\":\"https:\/\/staging.forenteforlag.no\/dreyers\/produkt\/det-var-en-gang-i-oslo\/#breadcrumb\",\"itemListElement\":[{\"@type\":\"ListItem\",\"position\":1,\"name\":\"Hjem\",\"item\":\"https:\/\/staging.forenteforlag.no\/dreyers\/\"},{\"@type\":\"ListItem\",\"position\":2,\"name\":\"Alle b\u00f8ker\",\"item\":\"https:\/\/staging.forenteforlag.no\/dreyers\/butikk\/\"},{\"@type\":\"ListItem\",\"position\":3,\"name\":\"Det var en gang i Oslo\"}]},{\"@type\":\"WebSite\",\"@id\":\"https:\/\/staging.forenteforlag.no\/dreyers\/#website\",\"url\":\"https:\/\/staging.forenteforlag.no\/dreyers\/\",\"name\":\"Dreyers Forlag\",\"description\":\"\",\"potentialAction\":[{\"@type\":\"SearchAction\",\"target\":{\"@type\":\"EntryPoint\",\"urlTemplate\":\"https:\/\/staging.forenteforlag.no\/dreyers\/?s={search_term_string}\"},\"query-input\":{\"@type\":\"PropertyValueSpecification\",\"valueRequired\":true,\"valueName\":\"search_term_string\"}}],\"inLanguage\":\"nb-NO\"}]}<\/script>\n<!-- \/ Yoast SEO plugin. -->","yoast_head_json":{"title":"Det var en gang i Oslo - Dreyers Forlag","robots":{"index":"noindex","follow":"follow","max-snippet":"max-snippet:-1","max-image-preview":"max-image-preview:large","max-video-preview":"max-video-preview:-1"},"og_locale":"nb_NO","og_type":"article","og_title":"Det var en gang i Oslo - Dreyers Forlag","og_description":"Dette er det tredje dypdykket ned i Oslos utrolige byhistorie etter Et lite stykke Oslo fra 2012 og Oslo f\u00f8r fra 2013, kommer n\u00e5 denne siste boka med artikler fra Leif Gjerlands ukentlige spalte i Aftenposten. Oslo er rik p\u00e5 minner fra sin lange historie, minner vi s\u00e5 altfor lett g\u00e5r forbi fordi vi ikke [&hellip;]","og_url":"https:\/\/staging.forenteforlag.no\/dreyers\/produkt\/det-var-en-gang-i-oslo\/","og_site_name":"Dreyers Forlag","article_modified_time":"2025-08-27T09:33:57+00:00","og_image":[{"width":444,"height":449,"url":"https:\/\/staging.forenteforlag.no\/dreyers\/wp-content\/uploads\/sites\/2\/2025\/08\/jpg-8473.jpg","type":"image\/jpeg"}],"twitter_card":"summary_large_image","twitter_misc":{"Ansl. lesetid":"1 minutt"},"schema":{"@context":"https:\/\/schema.org","@graph":[{"@type":"WebPage","@id":"https:\/\/staging.forenteforlag.no\/dreyers\/produkt\/det-var-en-gang-i-oslo\/","url":"https:\/\/staging.forenteforlag.no\/dreyers\/produkt\/det-var-en-gang-i-oslo\/","name":"Det var en gang i Oslo - Dreyers Forlag","isPartOf":{"@id":"https:\/\/staging.forenteforlag.no\/dreyers\/#website"},"primaryImageOfPage":{"@id":"https:\/\/staging.forenteforlag.no\/dreyers\/produkt\/det-var-en-gang-i-oslo\/#primaryimage"},"image":{"@id":"https:\/\/staging.forenteforlag.no\/dreyers\/produkt\/det-var-en-gang-i-oslo\/#primaryimage"},"thumbnailUrl":"https:\/\/staging.forenteforlag.no\/dreyers\/wp-content\/uploads\/sites\/2\/2025\/08\/jpg-8473.jpg","datePublished":"2014-10-06T00:00:00+00:00","dateModified":"2025-08-27T09:33:57+00:00","breadcrumb":{"@id":"https:\/\/staging.forenteforlag.no\/dreyers\/produkt\/det-var-en-gang-i-oslo\/#breadcrumb"},"inLanguage":"nb-NO","potentialAction":[{"@type":"ReadAction","target":["https:\/\/staging.forenteforlag.no\/dreyers\/produkt\/det-var-en-gang-i-oslo\/"]}]},{"@type":"ImageObject","inLanguage":"nb-NO","@id":"https:\/\/staging.forenteforlag.no\/dreyers\/produkt\/det-var-en-gang-i-oslo\/#primaryimage","url":"https:\/\/staging.forenteforlag.no\/dreyers\/wp-content\/uploads\/sites\/2\/2025\/08\/jpg-8473.jpg","contentUrl":"https:\/\/staging.forenteforlag.no\/dreyers\/wp-content\/uploads\/sites\/2\/2025\/08\/jpg-8473.jpg","width":444,"height":449},{"@type":"BreadcrumbList","@id":"https:\/\/staging.forenteforlag.no\/dreyers\/produkt\/det-var-en-gang-i-oslo\/#breadcrumb","itemListElement":[{"@type":"ListItem","position":1,"name":"Hjem","item":"https:\/\/staging.forenteforlag.no\/dreyers\/"},{"@type":"ListItem","position":2,"name":"Alle b\u00f8ker","item":"https:\/\/staging.forenteforlag.no\/dreyers\/butikk\/"},{"@type":"ListItem","position":3,"name":"Det var en gang i Oslo"}]},{"@type":"WebSite","@id":"https:\/\/staging.forenteforlag.no\/dreyers\/#website","url":"https:\/\/staging.forenteforlag.no\/dreyers\/","name":"Dreyers Forlag","description":"","potentialAction":[{"@type":"SearchAction","target":{"@type":"EntryPoint","urlTemplate":"https:\/\/staging.forenteforlag.no\/dreyers\/?s={search_term_string}"},"query-input":{"@type":"PropertyValueSpecification","valueRequired":true,"valueName":"search_term_string"}}],"inLanguage":"nb-NO"}]}},"_links":{"self":[{"href":"https:\/\/staging.forenteforlag.no\/dreyers\/wp-json\/wp\/v2\/product\/21409","targetHints":{"allow":["GET"]}}],"collection":[{"href":"https:\/\/staging.forenteforlag.no\/dreyers\/wp-json\/wp\/v2\/product"}],"about":[{"href":"https:\/\/staging.forenteforlag.no\/dreyers\/wp-json\/wp\/v2\/types\/product"}],"wp:featuredmedia":[{"embeddable":true,"href":"https:\/\/staging.forenteforlag.no\/dreyers\/wp-json\/wp\/v2\/media\/24338"}],"wp:attachment":[{"href":"https:\/\/staging.forenteforlag.no\/dreyers\/wp-json\/wp\/v2\/media?parent=21409"}],"wp:term":[{"taxonomy":"product_brand","embeddable":true,"href":"https:\/\/staging.forenteforlag.no\/dreyers\/wp-json\/wp\/v2\/product_brand?post=21409"},{"taxonomy":"product_cat","embeddable":true,"href":"https:\/\/staging.forenteforlag.no\/dreyers\/wp-json\/wp\/v2\/product_cat?post=21409"},{"taxonomy":"product_tag","embeddable":true,"href":"https:\/\/staging.forenteforlag.no\/dreyers\/wp-json\/wp\/v2\/product_tag?post=21409"}],"curies":[{"name":"wp","href":"https:\/\/api.w.org\/{rel}","templated":true}]}}