{"id":21406,"date":"2013-04-23T02:00:00","date_gmt":"2013-04-23T00:00:00","guid":{"rendered":"https:\/\/dreyersforlag.forenteforlag.no\/produkt\/hakonshallen-750-years\/"},"modified":"2025-09-04T14:18:13","modified_gmt":"2025-09-04T12:18:13","slug":"hakonshallen-750-years","status":"publish","type":"product","link":"https:\/\/staging.forenteforlag.no\/dreyers\/produkt\/hakonshallen-750-years\/","title":{"rendered":"H\u00e5konshallen 750 years"},"content":{"rendered":"<p>H\u00e5konshallen i Bergen var ein del av residensen til dei norske kongane p\u00e5 1200-talet og st\u00e5r i dag, trass i endringar, forfall og restaurering, som eit levande minne om det norske konged\u00f8mmet i mellomalderen. Hallen er f\u00f8rste gongen nemnt i kjeldene 11. til 14. september 1261 d\u00e5 sonen til kong H\u00e5kon H\u00e5konsson, Magnus, feira bryllupet og kroninga si der. Denne boka med artiklar av framst\u00e5ande historikarar fr\u00e5 inn- og utland kjem ut i h\u00f8ve 750-\u00e5rsjubileet til hallen og tek for seg hallen fr\u00e5 fleire synsvinklar: Byggem\u00e5te og arkitektur, administrativ og symbolsk tyding, og kva hallen seier om kongehoffet og riksstyringa p\u00e5 den tida. Boka omhandlar og den nyare historia til hallen.<\/p>\n","protected":false},"excerpt":{"rendered":"<p>H\u00e5konshallen i Bergen var ein del av residensen til dei norske kongane p\u00e5 1200-talet og st\u00e5r i dag, trass i endringar, forfall og restaurering, som eit levande minne om det norske konged\u00f8mmet i mellomalderen. Hallen er f\u00f8rste gongen nemnt i kjeldene 11. til 14. september 1261 d\u00e5 sonen til kong H\u00e5kon H\u00e5konsson, Magnus, feira bryllupet [&hellip;]<\/p>\n","protected":false},"featured_media":24075,"template":"","meta":{"_acf_changed":false,"inline_featured_image":false},"product_brand":[],"product_cat":[36,1785],"product_tag":[653,362,789,361,632],"class_list":{"0":"post-21406","1":"product","2":"type-product","3":"status-publish","4":"has-post-thumbnail","6":"product_cat-bergen","7":"product_cat-fripris","8":"product_tag-bergen","9":"product_tag-faglitteratur","10":"product_tag-hoymiddelalderen","11":"product_tag-kulturhistorie","12":"product_tag-slott-og-herregarder","13":"pa_format-innbundet","15":"first","16":"instock","17":"shipping-taxable","18":"purchasable","19":"product-type-simple"},"acf":{"anmeldelse":null},"yoast_head":"<!-- This site is optimized with the Yoast SEO plugin v26.6 - https:\/\/yoast.com\/wordpress\/plugins\/seo\/ -->\n<title>H\u00e5konshallen 750 years - Dreyers Forlag<\/title>\n<meta name=\"robots\" content=\"noindex, follow, max-snippet:-1, max-image-preview:large, max-video-preview:-1\" \/>\n<meta property=\"og:locale\" content=\"nb_NO\" \/>\n<meta property=\"og:type\" content=\"article\" \/>\n<meta property=\"og:title\" content=\"H\u00e5konshallen 750 years - Dreyers Forlag\" \/>\n<meta property=\"og:description\" content=\"H\u00e5konshallen i Bergen var ein del av residensen til dei norske kongane p\u00e5 1200-talet og st\u00e5r i dag, trass i endringar, forfall og restaurering, som eit levande minne om det norske konged\u00f8mmet i mellomalderen. Hallen er f\u00f8rste gongen nemnt i kjeldene 11. til 14. september 1261 d\u00e5 sonen til kong H\u00e5kon H\u00e5konsson, Magnus, feira bryllupet [&hellip;]\" \/>\n<meta property=\"og:url\" content=\"https:\/\/staging.forenteforlag.no\/dreyers\/produkt\/hakonshallen-750-years\/\" \/>\n<meta property=\"og:site_name\" content=\"Dreyers Forlag\" \/>\n<meta property=\"article:modified_time\" content=\"2025-09-04T12:18:13+00:00\" \/>\n<meta property=\"og:image\" content=\"https:\/\/staging.forenteforlag.no\/dreyers\/wp-content\/uploads\/sites\/2\/2025\/08\/jpg-5997.jpg\" \/>\n\t<meta property=\"og:image:width\" content=\"471\" \/>\n\t<meta property=\"og:image:height\" content=\"450\" \/>\n\t<meta property=\"og:image:type\" content=\"image\/jpeg\" \/>\n<meta name=\"twitter:card\" content=\"summary_large_image\" \/>\n<meta name=\"twitter:label1\" content=\"Ansl. lesetid\" \/>\n\t<meta name=\"twitter:data1\" content=\"1 minutt\" \/>\n<script type=\"application\/ld+json\" class=\"yoast-schema-graph\">{\"@context\":\"https:\/\/schema.org\",\"@graph\":[{\"@type\":\"WebPage\",\"@id\":\"https:\/\/staging.forenteforlag.no\/dreyers\/produkt\/hakonshallen-750-years\/\",\"url\":\"https:\/\/staging.forenteforlag.no\/dreyers\/produkt\/hakonshallen-750-years\/\",\"name\":\"H\u00e5konshallen 750 years - Dreyers Forlag\",\"isPartOf\":{\"@id\":\"https:\/\/staging.forenteforlag.no\/dreyers\/#website\"},\"primaryImageOfPage\":{\"@id\":\"https:\/\/staging.forenteforlag.no\/dreyers\/produkt\/hakonshallen-750-years\/#primaryimage\"},\"image\":{\"@id\":\"https:\/\/staging.forenteforlag.no\/dreyers\/produkt\/hakonshallen-750-years\/#primaryimage\"},\"thumbnailUrl\":\"https:\/\/staging.forenteforlag.no\/dreyers\/wp-content\/uploads\/sites\/2\/2025\/08\/jpg-5997.jpg\",\"datePublished\":\"2013-04-23T00:00:00+00:00\",\"dateModified\":\"2025-09-04T12:18:13+00:00\",\"breadcrumb\":{\"@id\":\"https:\/\/staging.forenteforlag.no\/dreyers\/produkt\/hakonshallen-750-years\/#breadcrumb\"},\"inLanguage\":\"nb-NO\",\"potentialAction\":[{\"@type\":\"ReadAction\",\"target\":[\"https:\/\/staging.forenteforlag.no\/dreyers\/produkt\/hakonshallen-750-years\/\"]}]},{\"@type\":\"ImageObject\",\"inLanguage\":\"nb-NO\",\"@id\":\"https:\/\/staging.forenteforlag.no\/dreyers\/produkt\/hakonshallen-750-years\/#primaryimage\",\"url\":\"https:\/\/staging.forenteforlag.no\/dreyers\/wp-content\/uploads\/sites\/2\/2025\/08\/jpg-5997.jpg\",\"contentUrl\":\"https:\/\/staging.forenteforlag.no\/dreyers\/wp-content\/uploads\/sites\/2\/2025\/08\/jpg-5997.jpg\",\"width\":471,\"height\":450},{\"@type\":\"BreadcrumbList\",\"@id\":\"https:\/\/staging.forenteforlag.no\/dreyers\/produkt\/hakonshallen-750-years\/#breadcrumb\",\"itemListElement\":[{\"@type\":\"ListItem\",\"position\":1,\"name\":\"Hjem\",\"item\":\"https:\/\/staging.forenteforlag.no\/dreyers\/\"},{\"@type\":\"ListItem\",\"position\":2,\"name\":\"Alle b\u00f8ker\",\"item\":\"https:\/\/staging.forenteforlag.no\/dreyers\/butikk\/\"},{\"@type\":\"ListItem\",\"position\":3,\"name\":\"H\u00e5konshallen 750 years\"}]},{\"@type\":\"WebSite\",\"@id\":\"https:\/\/staging.forenteforlag.no\/dreyers\/#website\",\"url\":\"https:\/\/staging.forenteforlag.no\/dreyers\/\",\"name\":\"Dreyers Forlag\",\"description\":\"\",\"potentialAction\":[{\"@type\":\"SearchAction\",\"target\":{\"@type\":\"EntryPoint\",\"urlTemplate\":\"https:\/\/staging.forenteforlag.no\/dreyers\/?s={search_term_string}\"},\"query-input\":{\"@type\":\"PropertyValueSpecification\",\"valueRequired\":true,\"valueName\":\"search_term_string\"}}],\"inLanguage\":\"nb-NO\"}]}<\/script>\n<!-- \/ Yoast SEO plugin. -->","yoast_head_json":{"title":"H\u00e5konshallen 750 years - Dreyers Forlag","robots":{"index":"noindex","follow":"follow","max-snippet":"max-snippet:-1","max-image-preview":"max-image-preview:large","max-video-preview":"max-video-preview:-1"},"og_locale":"nb_NO","og_type":"article","og_title":"H\u00e5konshallen 750 years - Dreyers Forlag","og_description":"H\u00e5konshallen i Bergen var ein del av residensen til dei norske kongane p\u00e5 1200-talet og st\u00e5r i dag, trass i endringar, forfall og restaurering, som eit levande minne om det norske konged\u00f8mmet i mellomalderen. Hallen er f\u00f8rste gongen nemnt i kjeldene 11. til 14. september 1261 d\u00e5 sonen til kong H\u00e5kon H\u00e5konsson, Magnus, feira bryllupet [&hellip;]","og_url":"https:\/\/staging.forenteforlag.no\/dreyers\/produkt\/hakonshallen-750-years\/","og_site_name":"Dreyers Forlag","article_modified_time":"2025-09-04T12:18:13+00:00","og_image":[{"width":471,"height":450,"url":"https:\/\/staging.forenteforlag.no\/dreyers\/wp-content\/uploads\/sites\/2\/2025\/08\/jpg-5997.jpg","type":"image\/jpeg"}],"twitter_card":"summary_large_image","twitter_misc":{"Ansl. lesetid":"1 minutt"},"schema":{"@context":"https:\/\/schema.org","@graph":[{"@type":"WebPage","@id":"https:\/\/staging.forenteforlag.no\/dreyers\/produkt\/hakonshallen-750-years\/","url":"https:\/\/staging.forenteforlag.no\/dreyers\/produkt\/hakonshallen-750-years\/","name":"H\u00e5konshallen 750 years - Dreyers Forlag","isPartOf":{"@id":"https:\/\/staging.forenteforlag.no\/dreyers\/#website"},"primaryImageOfPage":{"@id":"https:\/\/staging.forenteforlag.no\/dreyers\/produkt\/hakonshallen-750-years\/#primaryimage"},"image":{"@id":"https:\/\/staging.forenteforlag.no\/dreyers\/produkt\/hakonshallen-750-years\/#primaryimage"},"thumbnailUrl":"https:\/\/staging.forenteforlag.no\/dreyers\/wp-content\/uploads\/sites\/2\/2025\/08\/jpg-5997.jpg","datePublished":"2013-04-23T00:00:00+00:00","dateModified":"2025-09-04T12:18:13+00:00","breadcrumb":{"@id":"https:\/\/staging.forenteforlag.no\/dreyers\/produkt\/hakonshallen-750-years\/#breadcrumb"},"inLanguage":"nb-NO","potentialAction":[{"@type":"ReadAction","target":["https:\/\/staging.forenteforlag.no\/dreyers\/produkt\/hakonshallen-750-years\/"]}]},{"@type":"ImageObject","inLanguage":"nb-NO","@id":"https:\/\/staging.forenteforlag.no\/dreyers\/produkt\/hakonshallen-750-years\/#primaryimage","url":"https:\/\/staging.forenteforlag.no\/dreyers\/wp-content\/uploads\/sites\/2\/2025\/08\/jpg-5997.jpg","contentUrl":"https:\/\/staging.forenteforlag.no\/dreyers\/wp-content\/uploads\/sites\/2\/2025\/08\/jpg-5997.jpg","width":471,"height":450},{"@type":"BreadcrumbList","@id":"https:\/\/staging.forenteforlag.no\/dreyers\/produkt\/hakonshallen-750-years\/#breadcrumb","itemListElement":[{"@type":"ListItem","position":1,"name":"Hjem","item":"https:\/\/staging.forenteforlag.no\/dreyers\/"},{"@type":"ListItem","position":2,"name":"Alle b\u00f8ker","item":"https:\/\/staging.forenteforlag.no\/dreyers\/butikk\/"},{"@type":"ListItem","position":3,"name":"H\u00e5konshallen 750 years"}]},{"@type":"WebSite","@id":"https:\/\/staging.forenteforlag.no\/dreyers\/#website","url":"https:\/\/staging.forenteforlag.no\/dreyers\/","name":"Dreyers Forlag","description":"","potentialAction":[{"@type":"SearchAction","target":{"@type":"EntryPoint","urlTemplate":"https:\/\/staging.forenteforlag.no\/dreyers\/?s={search_term_string}"},"query-input":{"@type":"PropertyValueSpecification","valueRequired":true,"valueName":"search_term_string"}}],"inLanguage":"nb-NO"}]}},"_links":{"self":[{"href":"https:\/\/staging.forenteforlag.no\/dreyers\/wp-json\/wp\/v2\/product\/21406","targetHints":{"allow":["GET"]}}],"collection":[{"href":"https:\/\/staging.forenteforlag.no\/dreyers\/wp-json\/wp\/v2\/product"}],"about":[{"href":"https:\/\/staging.forenteforlag.no\/dreyers\/wp-json\/wp\/v2\/types\/product"}],"wp:featuredmedia":[{"embeddable":true,"href":"https:\/\/staging.forenteforlag.no\/dreyers\/wp-json\/wp\/v2\/media\/24075"}],"wp:attachment":[{"href":"https:\/\/staging.forenteforlag.no\/dreyers\/wp-json\/wp\/v2\/media?parent=21406"}],"wp:term":[{"taxonomy":"product_brand","embeddable":true,"href":"https:\/\/staging.forenteforlag.no\/dreyers\/wp-json\/wp\/v2\/product_brand?post=21406"},{"taxonomy":"product_cat","embeddable":true,"href":"https:\/\/staging.forenteforlag.no\/dreyers\/wp-json\/wp\/v2\/product_cat?post=21406"},{"taxonomy":"product_tag","embeddable":true,"href":"https:\/\/staging.forenteforlag.no\/dreyers\/wp-json\/wp\/v2\/product_tag?post=21406"}],"curies":[{"name":"wp","href":"https:\/\/api.w.org\/{rel}","templated":true}]}}