{"id":21260,"date":"2020-08-04T02:00:00","date_gmt":"2020-08-04T00:00:00","guid":{"rendered":"https:\/\/dreyersforlag.forenteforlag.no\/produkt\/aas-gard-og-rasjoen\/"},"modified":"2026-01-05T05:18:00","modified_gmt":"2026-01-05T04:18:00","slug":"aas-gard-og-rasjoen","status":"publish","type":"product","link":"https:\/\/staging.forenteforlag.no\/dreyers\/produkt\/aas-gard-og-rasjoen\/","title":{"rendered":"Aas g\u00e5rd og R\u00e5sj\u00f8en"},"content":{"rendered":"<p>Aas g\u00e5rd og R\u00e5sj\u00f8en er viktige steder for folk i Hakadal og Nittedal. <\/p>\n<p>I denne boka blir vi bedre kjent med to betydningsfulle eiere av Aas g\u00e5rd og R\u00e5sj\u00f8en: Ingeborg (1884-1974) og Nils Fearnley (1881-1961). <\/p>\n<p>De vokste begge opp i meget velst\u00e5ende hjem og kom fra h\u00f8yborgerskapet i Kristiania. <\/p>\n<p>Nils hadde viktige stillinger i industrien. De levde godt under krigen og jobbetiden; da bygde de p\u00e5 R\u00e5sj\u00f8en. Men s\u00e5 kom nedturen; det holdt p\u00e5 \u00e5 g\u00e5 galt \u00f8konomisk. S\u00e5 ble de rammet av en katastrofe: S\u00f8nnen Thomas omkommer i en ulykke. De kj\u00f8per Aas, og det blir en ny start. <\/p>\n<p>Aas blir et veldrevet gods. Kubesetningen blir landskjent. Skogen og sagbrukene drives godt. Gartneriet bygges ut. Nils blir stor oppdretter av galopp-hester. De tilh\u00f8rer vennekretsen rundt de kongelige. <\/p>\n<p>S\u00e5 snur krigen om p\u00e5 det meste. Nils stiller ressurser til r\u00e5dighet for motstands-bevegelsen. Ingeborg engasjerer seg i hjelpearbeidet p\u00e5 \u00c5neby og Grini. Hun samarbeidet n\u00e6rt med sentrale motstandsfolk. Hva var hun med p\u00e5? <\/p>\n<p>Etter krigen st\u00e5r de bak restaureringen av Hakadal kirke. Men det som lever mest i minnet etter dem, er kunstnerukene p\u00e5 R\u00e5sj\u00f8en. Alle disse ukene sammen med Henrik S\u00f8rensen, Harry Fett, prins Eugen, Arnstein Arneberg, Harald Kihle, Per Krohg, Willi Midelfart og P\u00e4r Lagerkvist g\u00e5r det stadig frasagn om.<\/p>\n","protected":false},"excerpt":{"rendered":"<p>Aas g\u00e5rd og R\u00e5sj\u00f8en er viktige steder for folk i Hakadal og Nittedal. I denne boka blir vi bedre kjent med to betydningsfulle eiere av Aas g\u00e5rd og R\u00e5sj\u00f8en: Ingeborg (1884-1974) og Nils Fearnley (1881-1961). De vokste begge opp i meget velst\u00e5ende hjem og kom fra h\u00f8yborgerskapet i Kristiania. Nils hadde viktige stillinger i industrien. [&hellip;]<\/p>\n","protected":false},"featured_media":24495,"template":"","meta":{"_acf_changed":false,"inline_featured_image":false},"product_brand":[],"product_cat":[38,22,1785],"product_tag":[362],"class_list":{"0":"post-21260","1":"product","2":"type-product","3":"status-publish","4":"has-post-thumbnail","6":"product_cat-diverse-lokallitteratur","7":"product_cat-folkloristikk-og-kulturarv","8":"product_cat-fripris","9":"product_tag-faglitteratur","10":"pa_format-innbundet","12":"first","13":"instock","14":"shipping-taxable","15":"purchasable","16":"product-type-simple"},"acf":{"anmeldelse":null},"yoast_head":"<!-- This site is optimized with the Yoast SEO plugin v26.6 - https:\/\/yoast.com\/wordpress\/plugins\/seo\/ -->\n<title>Aas g\u00e5rd og R\u00e5sj\u00f8en - Dreyers Forlag<\/title>\n<meta name=\"robots\" content=\"noindex, follow, max-snippet:-1, max-image-preview:large, max-video-preview:-1\" \/>\n<meta property=\"og:locale\" content=\"nb_NO\" \/>\n<meta property=\"og:type\" content=\"article\" \/>\n<meta property=\"og:title\" content=\"Aas g\u00e5rd og R\u00e5sj\u00f8en - Dreyers Forlag\" \/>\n<meta property=\"og:description\" content=\"Aas g\u00e5rd og R\u00e5sj\u00f8en er viktige steder for folk i Hakadal og Nittedal. I denne boka blir vi bedre kjent med to betydningsfulle eiere av Aas g\u00e5rd og R\u00e5sj\u00f8en: Ingeborg (1884-1974) og Nils Fearnley (1881-1961). De vokste begge opp i meget velst\u00e5ende hjem og kom fra h\u00f8yborgerskapet i Kristiania. Nils hadde viktige stillinger i industrien. [&hellip;]\" \/>\n<meta property=\"og:url\" content=\"https:\/\/staging.forenteforlag.no\/dreyers\/produkt\/aas-gard-og-rasjoen\/\" \/>\n<meta property=\"og:site_name\" content=\"Dreyers Forlag\" \/>\n<meta property=\"article:modified_time\" content=\"2026-01-05T04:18:00+00:00\" \/>\n<meta property=\"og:image\" content=\"https:\/\/staging.forenteforlag.no\/dreyers\/wp-content\/uploads\/sites\/2\/2025\/08\/jpg-9958.jpg\" \/>\n\t<meta property=\"og:image:width\" content=\"662\" \/>\n\t<meta property=\"og:image:height\" content=\"765\" \/>\n\t<meta property=\"og:image:type\" content=\"image\/jpeg\" \/>\n<meta name=\"twitter:card\" content=\"summary_large_image\" \/>\n<meta name=\"twitter:label1\" content=\"Ansl. lesetid\" \/>\n\t<meta name=\"twitter:data1\" content=\"1 minutt\" \/>\n<script type=\"application\/ld+json\" class=\"yoast-schema-graph\">{\"@context\":\"https:\/\/schema.org\",\"@graph\":[{\"@type\":\"WebPage\",\"@id\":\"https:\/\/staging.forenteforlag.no\/dreyers\/produkt\/aas-gard-og-rasjoen\/\",\"url\":\"https:\/\/staging.forenteforlag.no\/dreyers\/produkt\/aas-gard-og-rasjoen\/\",\"name\":\"Aas g\u00e5rd og R\u00e5sj\u00f8en - Dreyers Forlag\",\"isPartOf\":{\"@id\":\"https:\/\/staging.forenteforlag.no\/dreyers\/#website\"},\"primaryImageOfPage\":{\"@id\":\"https:\/\/staging.forenteforlag.no\/dreyers\/produkt\/aas-gard-og-rasjoen\/#primaryimage\"},\"image\":{\"@id\":\"https:\/\/staging.forenteforlag.no\/dreyers\/produkt\/aas-gard-og-rasjoen\/#primaryimage\"},\"thumbnailUrl\":\"https:\/\/staging.forenteforlag.no\/dreyers\/wp-content\/uploads\/sites\/2\/2025\/08\/jpg-9958.jpg\",\"datePublished\":\"2020-08-04T00:00:00+00:00\",\"dateModified\":\"2026-01-05T04:18:00+00:00\",\"breadcrumb\":{\"@id\":\"https:\/\/staging.forenteforlag.no\/dreyers\/produkt\/aas-gard-og-rasjoen\/#breadcrumb\"},\"inLanguage\":\"nb-NO\",\"potentialAction\":[{\"@type\":\"ReadAction\",\"target\":[\"https:\/\/staging.forenteforlag.no\/dreyers\/produkt\/aas-gard-og-rasjoen\/\"]}]},{\"@type\":\"ImageObject\",\"inLanguage\":\"nb-NO\",\"@id\":\"https:\/\/staging.forenteforlag.no\/dreyers\/produkt\/aas-gard-og-rasjoen\/#primaryimage\",\"url\":\"https:\/\/staging.forenteforlag.no\/dreyers\/wp-content\/uploads\/sites\/2\/2025\/08\/jpg-9958.jpg\",\"contentUrl\":\"https:\/\/staging.forenteforlag.no\/dreyers\/wp-content\/uploads\/sites\/2\/2025\/08\/jpg-9958.jpg\",\"width\":662,\"height\":765},{\"@type\":\"BreadcrumbList\",\"@id\":\"https:\/\/staging.forenteforlag.no\/dreyers\/produkt\/aas-gard-og-rasjoen\/#breadcrumb\",\"itemListElement\":[{\"@type\":\"ListItem\",\"position\":1,\"name\":\"Hjem\",\"item\":\"https:\/\/staging.forenteforlag.no\/dreyers\/\"},{\"@type\":\"ListItem\",\"position\":2,\"name\":\"Alle b\u00f8ker\",\"item\":\"https:\/\/staging.forenteforlag.no\/dreyers\/butikk\/\"},{\"@type\":\"ListItem\",\"position\":3,\"name\":\"Aas g\u00e5rd og R\u00e5sj\u00f8en\"}]},{\"@type\":\"WebSite\",\"@id\":\"https:\/\/staging.forenteforlag.no\/dreyers\/#website\",\"url\":\"https:\/\/staging.forenteforlag.no\/dreyers\/\",\"name\":\"Dreyers Forlag\",\"description\":\"\",\"potentialAction\":[{\"@type\":\"SearchAction\",\"target\":{\"@type\":\"EntryPoint\",\"urlTemplate\":\"https:\/\/staging.forenteforlag.no\/dreyers\/?s={search_term_string}\"},\"query-input\":{\"@type\":\"PropertyValueSpecification\",\"valueRequired\":true,\"valueName\":\"search_term_string\"}}],\"inLanguage\":\"nb-NO\"}]}<\/script>\n<!-- \/ Yoast SEO plugin. -->","yoast_head_json":{"title":"Aas g\u00e5rd og R\u00e5sj\u00f8en - Dreyers Forlag","robots":{"index":"noindex","follow":"follow","max-snippet":"max-snippet:-1","max-image-preview":"max-image-preview:large","max-video-preview":"max-video-preview:-1"},"og_locale":"nb_NO","og_type":"article","og_title":"Aas g\u00e5rd og R\u00e5sj\u00f8en - Dreyers Forlag","og_description":"Aas g\u00e5rd og R\u00e5sj\u00f8en er viktige steder for folk i Hakadal og Nittedal. I denne boka blir vi bedre kjent med to betydningsfulle eiere av Aas g\u00e5rd og R\u00e5sj\u00f8en: Ingeborg (1884-1974) og Nils Fearnley (1881-1961). De vokste begge opp i meget velst\u00e5ende hjem og kom fra h\u00f8yborgerskapet i Kristiania. Nils hadde viktige stillinger i industrien. [&hellip;]","og_url":"https:\/\/staging.forenteforlag.no\/dreyers\/produkt\/aas-gard-og-rasjoen\/","og_site_name":"Dreyers Forlag","article_modified_time":"2026-01-05T04:18:00+00:00","og_image":[{"width":662,"height":765,"url":"https:\/\/staging.forenteforlag.no\/dreyers\/wp-content\/uploads\/sites\/2\/2025\/08\/jpg-9958.jpg","type":"image\/jpeg"}],"twitter_card":"summary_large_image","twitter_misc":{"Ansl. lesetid":"1 minutt"},"schema":{"@context":"https:\/\/schema.org","@graph":[{"@type":"WebPage","@id":"https:\/\/staging.forenteforlag.no\/dreyers\/produkt\/aas-gard-og-rasjoen\/","url":"https:\/\/staging.forenteforlag.no\/dreyers\/produkt\/aas-gard-og-rasjoen\/","name":"Aas g\u00e5rd og R\u00e5sj\u00f8en - Dreyers Forlag","isPartOf":{"@id":"https:\/\/staging.forenteforlag.no\/dreyers\/#website"},"primaryImageOfPage":{"@id":"https:\/\/staging.forenteforlag.no\/dreyers\/produkt\/aas-gard-og-rasjoen\/#primaryimage"},"image":{"@id":"https:\/\/staging.forenteforlag.no\/dreyers\/produkt\/aas-gard-og-rasjoen\/#primaryimage"},"thumbnailUrl":"https:\/\/staging.forenteforlag.no\/dreyers\/wp-content\/uploads\/sites\/2\/2025\/08\/jpg-9958.jpg","datePublished":"2020-08-04T00:00:00+00:00","dateModified":"2026-01-05T04:18:00+00:00","breadcrumb":{"@id":"https:\/\/staging.forenteforlag.no\/dreyers\/produkt\/aas-gard-og-rasjoen\/#breadcrumb"},"inLanguage":"nb-NO","potentialAction":[{"@type":"ReadAction","target":["https:\/\/staging.forenteforlag.no\/dreyers\/produkt\/aas-gard-og-rasjoen\/"]}]},{"@type":"ImageObject","inLanguage":"nb-NO","@id":"https:\/\/staging.forenteforlag.no\/dreyers\/produkt\/aas-gard-og-rasjoen\/#primaryimage","url":"https:\/\/staging.forenteforlag.no\/dreyers\/wp-content\/uploads\/sites\/2\/2025\/08\/jpg-9958.jpg","contentUrl":"https:\/\/staging.forenteforlag.no\/dreyers\/wp-content\/uploads\/sites\/2\/2025\/08\/jpg-9958.jpg","width":662,"height":765},{"@type":"BreadcrumbList","@id":"https:\/\/staging.forenteforlag.no\/dreyers\/produkt\/aas-gard-og-rasjoen\/#breadcrumb","itemListElement":[{"@type":"ListItem","position":1,"name":"Hjem","item":"https:\/\/staging.forenteforlag.no\/dreyers\/"},{"@type":"ListItem","position":2,"name":"Alle b\u00f8ker","item":"https:\/\/staging.forenteforlag.no\/dreyers\/butikk\/"},{"@type":"ListItem","position":3,"name":"Aas g\u00e5rd og R\u00e5sj\u00f8en"}]},{"@type":"WebSite","@id":"https:\/\/staging.forenteforlag.no\/dreyers\/#website","url":"https:\/\/staging.forenteforlag.no\/dreyers\/","name":"Dreyers Forlag","description":"","potentialAction":[{"@type":"SearchAction","target":{"@type":"EntryPoint","urlTemplate":"https:\/\/staging.forenteforlag.no\/dreyers\/?s={search_term_string}"},"query-input":{"@type":"PropertyValueSpecification","valueRequired":true,"valueName":"search_term_string"}}],"inLanguage":"nb-NO"}]}},"_links":{"self":[{"href":"https:\/\/staging.forenteforlag.no\/dreyers\/wp-json\/wp\/v2\/product\/21260","targetHints":{"allow":["GET"]}}],"collection":[{"href":"https:\/\/staging.forenteforlag.no\/dreyers\/wp-json\/wp\/v2\/product"}],"about":[{"href":"https:\/\/staging.forenteforlag.no\/dreyers\/wp-json\/wp\/v2\/types\/product"}],"wp:featuredmedia":[{"embeddable":true,"href":"https:\/\/staging.forenteforlag.no\/dreyers\/wp-json\/wp\/v2\/media\/24495"}],"wp:attachment":[{"href":"https:\/\/staging.forenteforlag.no\/dreyers\/wp-json\/wp\/v2\/media?parent=21260"}],"wp:term":[{"taxonomy":"product_brand","embeddable":true,"href":"https:\/\/staging.forenteforlag.no\/dreyers\/wp-json\/wp\/v2\/product_brand?post=21260"},{"taxonomy":"product_cat","embeddable":true,"href":"https:\/\/staging.forenteforlag.no\/dreyers\/wp-json\/wp\/v2\/product_cat?post=21260"},{"taxonomy":"product_tag","embeddable":true,"href":"https:\/\/staging.forenteforlag.no\/dreyers\/wp-json\/wp\/v2\/product_tag?post=21260"}],"curies":[{"name":"wp","href":"https:\/\/api.w.org\/{rel}","templated":true}]}}