{"id":21251,"date":"2021-09-27T02:00:00","date_gmt":"2021-09-27T00:00:00","guid":{"rendered":"https:\/\/dreyersforlag.forenteforlag.no\/produkt\/ytre-hoyre-i-dag\/"},"modified":"2025-08-27T14:13:24","modified_gmt":"2025-08-27T12:13:24","slug":"ytre-hoyre-i-dag","status":"publish","type":"product","link":"https:\/\/staging.forenteforlag.no\/dreyers\/produkt\/ytre-hoyre-i-dag\/","title":{"rendered":"Ytre h\u00f8yre i dag"},"content":{"rendered":"<p>Ytre h\u00f8yre er tilbake s\u00e5 det runger. Etter flere ti\u00e5r i den politiske randsonen har de igjen inntatt sentrum. Tre av verdens st\u00f8rste demokratier &#8211; Brasil, India og USA &#8211; har n\u00e5, eller har nylig hatt, en leder fra det som karakteriseres som ytre h\u00f8yre. Partier med liknende st\u00e5sted i Europa er blitt mer synlige og har f\u00e5tt \u00f8kt oppslutning. <\/p>\n<p>Ytre h\u00f8yre i dag er aktuell, fordi den viser hvordan ytre h\u00f8yre har f\u00e5tt gjennomslag b\u00e5de for ideer og politiske l\u00f8sninger i langt mer sentrums n\u00e6re partier. Dermed er det \u00abnormaliseringen\u00bb av tidligere s\u00e5 marginale holdninger som er den virkelige utfordringen. I boka diskuterer Mudde den rollen \u00abmainstream media\u00bb spiller ved \u00e5 l\u00f8fte fram de sakene som ytterste h\u00f8yre helst vil ha p\u00e5 dagsorden, saker de kan benevne \u00abkrise\u00bb, slik som .yktningsp\u00f8rsm\u00e5l og innvandring. <\/p>\n<p>Mudde gir et presist overblikk over det han kaller den fjerde b\u00f8lgen av ytre-h\u00f8yre-politikk i etterkrigstiden. Han utforsker historien, ideologien, organisasjonene til ytre h\u00f8yre. Samtidig tar han opp hvordan sivilsamfunnet, partiene og statlige akt\u00f8rer kan svare p\u00e5 utfordringen og trusselen vi st\u00e5r overfor. <\/p>\n<p>Muddes m\u00e5lsetning er at leseren skal v\u00e6re bedre utstyrt for \u00e5 m\u00f8te de ut-fordringene ytre h\u00f8yre utgj\u00f8r i det 21. \u00e5rhundre. Og i neste omgang f\u00f8le seg sterk nok til \u00e5 forsvare det liberale demokratiet. <\/p>\n<p>Anders Ravik Jupsk\u00e5s ved Senter for ekstremismeforskning (C-REX) ved Universitetet i Oslo har skrevet et forord til boka.<\/p>\n","protected":false},"excerpt":{"rendered":"<p>Ytre h\u00f8yre er tilbake s\u00e5 det runger. Etter flere ti\u00e5r i den politiske randsonen har de igjen inntatt sentrum. Tre av verdens st\u00f8rste demokratier &#8211; Brasil, India og USA &#8211; har n\u00e5, eller har nylig hatt, en leder fra det som karakteriseres som ytre h\u00f8yre. Partier med liknende st\u00e5sted i Europa er blitt mer synlige [&hellip;]<\/p>\n","protected":false},"featured_media":24321,"template":"","meta":{"_acf_changed":false,"inline_featured_image":false},"product_brand":[],"product_cat":[1785,32],"product_tag":[362,1446],"class_list":{"0":"post-21251","1":"product","2":"type-product","3":"status-publish","4":"has-post-thumbnail","6":"product_cat-fripris","7":"product_cat-samfunn-og-politikk","8":"product_tag-faglitteratur","9":"product_tag-hoyreekstremisme","10":"pa_format-innbundet","12":"first","13":"instock","14":"shipping-taxable","15":"purchasable","16":"product-type-simple"},"acf":{"anmeldelse":null},"yoast_head":"<!-- This site is optimized with the Yoast SEO plugin v26.6 - https:\/\/yoast.com\/wordpress\/plugins\/seo\/ -->\n<title>Ytre h\u00f8yre i dag - Dreyers Forlag<\/title>\n<meta name=\"robots\" content=\"noindex, follow, max-snippet:-1, max-image-preview:large, max-video-preview:-1\" \/>\n<meta property=\"og:locale\" content=\"nb_NO\" \/>\n<meta property=\"og:type\" content=\"article\" \/>\n<meta property=\"og:title\" content=\"Ytre h\u00f8yre i dag - Dreyers Forlag\" \/>\n<meta property=\"og:description\" content=\"Ytre h\u00f8yre er tilbake s\u00e5 det runger. Etter flere ti\u00e5r i den politiske randsonen har de igjen inntatt sentrum. Tre av verdens st\u00f8rste demokratier &#8211; Brasil, India og USA &#8211; har n\u00e5, eller har nylig hatt, en leder fra det som karakteriseres som ytre h\u00f8yre. Partier med liknende st\u00e5sted i Europa er blitt mer synlige [&hellip;]\" \/>\n<meta property=\"og:url\" content=\"https:\/\/staging.forenteforlag.no\/dreyers\/produkt\/ytre-hoyre-i-dag\/\" \/>\n<meta property=\"og:site_name\" content=\"Dreyers Forlag\" \/>\n<meta property=\"article:modified_time\" content=\"2025-08-27T12:13:24+00:00\" \/>\n<meta property=\"og:image\" content=\"https:\/\/staging.forenteforlag.no\/dreyers\/wp-content\/uploads\/sites\/2\/2025\/08\/jpg-8359-scaled-1-scaled.jpg\" \/>\n\t<meta property=\"og:image:width\" content=\"1309\" \/>\n\t<meta property=\"og:image:height\" content=\"1920\" \/>\n\t<meta property=\"og:image:type\" content=\"image\/jpeg\" \/>\n<meta name=\"twitter:card\" content=\"summary_large_image\" \/>\n<meta name=\"twitter:label1\" content=\"Ansl. lesetid\" \/>\n\t<meta name=\"twitter:data1\" content=\"1 minutt\" \/>\n<script type=\"application\/ld+json\" class=\"yoast-schema-graph\">{\"@context\":\"https:\/\/schema.org\",\"@graph\":[{\"@type\":\"WebPage\",\"@id\":\"https:\/\/staging.forenteforlag.no\/dreyers\/produkt\/ytre-hoyre-i-dag\/\",\"url\":\"https:\/\/staging.forenteforlag.no\/dreyers\/produkt\/ytre-hoyre-i-dag\/\",\"name\":\"Ytre h\u00f8yre i dag - Dreyers Forlag\",\"isPartOf\":{\"@id\":\"https:\/\/staging.forenteforlag.no\/dreyers\/#website\"},\"primaryImageOfPage\":{\"@id\":\"https:\/\/staging.forenteforlag.no\/dreyers\/produkt\/ytre-hoyre-i-dag\/#primaryimage\"},\"image\":{\"@id\":\"https:\/\/staging.forenteforlag.no\/dreyers\/produkt\/ytre-hoyre-i-dag\/#primaryimage\"},\"thumbnailUrl\":\"https:\/\/staging.forenteforlag.no\/dreyers\/wp-content\/uploads\/sites\/2\/2025\/08\/jpg-8359-scaled-1-scaled.jpg\",\"datePublished\":\"2021-09-27T00:00:00+00:00\",\"dateModified\":\"2025-08-27T12:13:24+00:00\",\"breadcrumb\":{\"@id\":\"https:\/\/staging.forenteforlag.no\/dreyers\/produkt\/ytre-hoyre-i-dag\/#breadcrumb\"},\"inLanguage\":\"nb-NO\",\"potentialAction\":[{\"@type\":\"ReadAction\",\"target\":[\"https:\/\/staging.forenteforlag.no\/dreyers\/produkt\/ytre-hoyre-i-dag\/\"]}]},{\"@type\":\"ImageObject\",\"inLanguage\":\"nb-NO\",\"@id\":\"https:\/\/staging.forenteforlag.no\/dreyers\/produkt\/ytre-hoyre-i-dag\/#primaryimage\",\"url\":\"https:\/\/staging.forenteforlag.no\/dreyers\/wp-content\/uploads\/sites\/2\/2025\/08\/jpg-8359-scaled-1-scaled.jpg\",\"contentUrl\":\"https:\/\/staging.forenteforlag.no\/dreyers\/wp-content\/uploads\/sites\/2\/2025\/08\/jpg-8359-scaled-1-scaled.jpg\",\"width\":1309,\"height\":1920},{\"@type\":\"BreadcrumbList\",\"@id\":\"https:\/\/staging.forenteforlag.no\/dreyers\/produkt\/ytre-hoyre-i-dag\/#breadcrumb\",\"itemListElement\":[{\"@type\":\"ListItem\",\"position\":1,\"name\":\"Hjem\",\"item\":\"https:\/\/staging.forenteforlag.no\/dreyers\/\"},{\"@type\":\"ListItem\",\"position\":2,\"name\":\"Alle b\u00f8ker\",\"item\":\"https:\/\/staging.forenteforlag.no\/dreyers\/butikk\/\"},{\"@type\":\"ListItem\",\"position\":3,\"name\":\"Ytre h\u00f8yre i dag\"}]},{\"@type\":\"WebSite\",\"@id\":\"https:\/\/staging.forenteforlag.no\/dreyers\/#website\",\"url\":\"https:\/\/staging.forenteforlag.no\/dreyers\/\",\"name\":\"Dreyers Forlag\",\"description\":\"\",\"potentialAction\":[{\"@type\":\"SearchAction\",\"target\":{\"@type\":\"EntryPoint\",\"urlTemplate\":\"https:\/\/staging.forenteforlag.no\/dreyers\/?s={search_term_string}\"},\"query-input\":{\"@type\":\"PropertyValueSpecification\",\"valueRequired\":true,\"valueName\":\"search_term_string\"}}],\"inLanguage\":\"nb-NO\"}]}<\/script>\n<!-- \/ Yoast SEO plugin. -->","yoast_head_json":{"title":"Ytre h\u00f8yre i dag - Dreyers Forlag","robots":{"index":"noindex","follow":"follow","max-snippet":"max-snippet:-1","max-image-preview":"max-image-preview:large","max-video-preview":"max-video-preview:-1"},"og_locale":"nb_NO","og_type":"article","og_title":"Ytre h\u00f8yre i dag - Dreyers Forlag","og_description":"Ytre h\u00f8yre er tilbake s\u00e5 det runger. Etter flere ti\u00e5r i den politiske randsonen har de igjen inntatt sentrum. Tre av verdens st\u00f8rste demokratier &#8211; Brasil, India og USA &#8211; har n\u00e5, eller har nylig hatt, en leder fra det som karakteriseres som ytre h\u00f8yre. Partier med liknende st\u00e5sted i Europa er blitt mer synlige [&hellip;]","og_url":"https:\/\/staging.forenteforlag.no\/dreyers\/produkt\/ytre-hoyre-i-dag\/","og_site_name":"Dreyers Forlag","article_modified_time":"2025-08-27T12:13:24+00:00","og_image":[{"width":1309,"height":1920,"url":"https:\/\/staging.forenteforlag.no\/dreyers\/wp-content\/uploads\/sites\/2\/2025\/08\/jpg-8359-scaled-1-scaled.jpg","type":"image\/jpeg"}],"twitter_card":"summary_large_image","twitter_misc":{"Ansl. lesetid":"1 minutt"},"schema":{"@context":"https:\/\/schema.org","@graph":[{"@type":"WebPage","@id":"https:\/\/staging.forenteforlag.no\/dreyers\/produkt\/ytre-hoyre-i-dag\/","url":"https:\/\/staging.forenteforlag.no\/dreyers\/produkt\/ytre-hoyre-i-dag\/","name":"Ytre h\u00f8yre i dag - Dreyers Forlag","isPartOf":{"@id":"https:\/\/staging.forenteforlag.no\/dreyers\/#website"},"primaryImageOfPage":{"@id":"https:\/\/staging.forenteforlag.no\/dreyers\/produkt\/ytre-hoyre-i-dag\/#primaryimage"},"image":{"@id":"https:\/\/staging.forenteforlag.no\/dreyers\/produkt\/ytre-hoyre-i-dag\/#primaryimage"},"thumbnailUrl":"https:\/\/staging.forenteforlag.no\/dreyers\/wp-content\/uploads\/sites\/2\/2025\/08\/jpg-8359-scaled-1-scaled.jpg","datePublished":"2021-09-27T00:00:00+00:00","dateModified":"2025-08-27T12:13:24+00:00","breadcrumb":{"@id":"https:\/\/staging.forenteforlag.no\/dreyers\/produkt\/ytre-hoyre-i-dag\/#breadcrumb"},"inLanguage":"nb-NO","potentialAction":[{"@type":"ReadAction","target":["https:\/\/staging.forenteforlag.no\/dreyers\/produkt\/ytre-hoyre-i-dag\/"]}]},{"@type":"ImageObject","inLanguage":"nb-NO","@id":"https:\/\/staging.forenteforlag.no\/dreyers\/produkt\/ytre-hoyre-i-dag\/#primaryimage","url":"https:\/\/staging.forenteforlag.no\/dreyers\/wp-content\/uploads\/sites\/2\/2025\/08\/jpg-8359-scaled-1-scaled.jpg","contentUrl":"https:\/\/staging.forenteforlag.no\/dreyers\/wp-content\/uploads\/sites\/2\/2025\/08\/jpg-8359-scaled-1-scaled.jpg","width":1309,"height":1920},{"@type":"BreadcrumbList","@id":"https:\/\/staging.forenteforlag.no\/dreyers\/produkt\/ytre-hoyre-i-dag\/#breadcrumb","itemListElement":[{"@type":"ListItem","position":1,"name":"Hjem","item":"https:\/\/staging.forenteforlag.no\/dreyers\/"},{"@type":"ListItem","position":2,"name":"Alle b\u00f8ker","item":"https:\/\/staging.forenteforlag.no\/dreyers\/butikk\/"},{"@type":"ListItem","position":3,"name":"Ytre h\u00f8yre i dag"}]},{"@type":"WebSite","@id":"https:\/\/staging.forenteforlag.no\/dreyers\/#website","url":"https:\/\/staging.forenteforlag.no\/dreyers\/","name":"Dreyers Forlag","description":"","potentialAction":[{"@type":"SearchAction","target":{"@type":"EntryPoint","urlTemplate":"https:\/\/staging.forenteforlag.no\/dreyers\/?s={search_term_string}"},"query-input":{"@type":"PropertyValueSpecification","valueRequired":true,"valueName":"search_term_string"}}],"inLanguage":"nb-NO"}]}},"_links":{"self":[{"href":"https:\/\/staging.forenteforlag.no\/dreyers\/wp-json\/wp\/v2\/product\/21251","targetHints":{"allow":["GET"]}}],"collection":[{"href":"https:\/\/staging.forenteforlag.no\/dreyers\/wp-json\/wp\/v2\/product"}],"about":[{"href":"https:\/\/staging.forenteforlag.no\/dreyers\/wp-json\/wp\/v2\/types\/product"}],"wp:featuredmedia":[{"embeddable":true,"href":"https:\/\/staging.forenteforlag.no\/dreyers\/wp-json\/wp\/v2\/media\/24321"}],"wp:attachment":[{"href":"https:\/\/staging.forenteforlag.no\/dreyers\/wp-json\/wp\/v2\/media?parent=21251"}],"wp:term":[{"taxonomy":"product_brand","embeddable":true,"href":"https:\/\/staging.forenteforlag.no\/dreyers\/wp-json\/wp\/v2\/product_brand?post=21251"},{"taxonomy":"product_cat","embeddable":true,"href":"https:\/\/staging.forenteforlag.no\/dreyers\/wp-json\/wp\/v2\/product_cat?post=21251"},{"taxonomy":"product_tag","embeddable":true,"href":"https:\/\/staging.forenteforlag.no\/dreyers\/wp-json\/wp\/v2\/product_tag?post=21251"}],"curies":[{"name":"wp","href":"https:\/\/api.w.org\/{rel}","templated":true}]}}