{"id":21240,"date":"2020-08-19T02:00:00","date_gmt":"2020-08-19T00:00:00","guid":{"rendered":"https:\/\/dreyersforlag.forenteforlag.no\/produkt\/ei-verd-i-endring\/"},"modified":"2025-08-27T10:34:38","modified_gmt":"2025-08-27T08:34:38","slug":"ei-verd-i-endring","status":"publish","type":"product","link":"https:\/\/staging.forenteforlag.no\/dreyers\/produkt\/ei-verd-i-endring\/","title":{"rendered":"Ei verd i endring"},"content":{"rendered":"<p>I takt med eit auka fokus p\u00e5 globalisering, har ulike variantar av globalhistorie ogs\u00e5 sett sitt preg p\u00e5 historiefaget og historieskriving. Denne forskinga er ofte tverrfagleg, spenner gjerne over fleire historiske periodar og har fr\u00e5 eit utgangspunkt i \u00f8konomisk og politisk historie i l\u00f8pet av det siste ti\u00e5ret i st\u00f8rre grad femna om  kulturhistoriske emne. Ei slik perspektivutviding har utvilsamt representert ein vekkjar for eit historiefag som tradisjonelt har vore sterkt knytt til det nasjonale &#8211; og for s\u00e5 vidt ogs\u00e5 til det europeiske. <\/p>\n<p>Tiln\u00e6rminga f\u00f8yer seg inn under det som gjerne blir kalla \u00abkomparativ verdshistorie\u00bb. I diskusjonen om globalhistoriske tiln\u00e6rmingar blir denne ofte sett i motsetnad til \u00abglobalhistorie\u00bb &#8211; med den grunnleggjande skilnaden at \u00abglobalhistorie\u00bb f\u00f8rst og fremst er oppteken med global utveksling og dialog. Sj\u00f8lv om skiljet mellom tiln\u00e6rmingane er overdrive, er det likevel slik at vekta p\u00e5 samanlikning skil tiln\u00e6rmingane fr\u00e5 kvarandre. I ei syntetiserande framstilling vil synleggjering av likskapar og skilnader vere heilt grunnleggjande, men utan at dette treng \u00e5 g\u00e5 fullstendig p\u00e5 kostnad av eit fokus p\u00e5 global utveksling. Heile det f\u00f8rste kapittelet tek i s\u00e5 m\u00e5te opp b\u00e5de det kommunikative grunnlaget (framveksten av skriftkulturar) og ulike former for global utveksling &#8211; \u00f8konomisk i form av handelsnettverk og kulturelt i form av reisandes m\u00f8ter med andre kulturar.  <\/p>\n<p>Ei verd i endring  er den f\u00f8rste syntetiserande framstillinga p\u00e5 norsk som tek opp globalhistorie i perioden fr\u00e5 kring 500 til 1500.<\/p>\n","protected":false},"excerpt":{"rendered":"<p>I takt med eit auka fokus p\u00e5 globalisering, har ulike variantar av globalhistorie ogs\u00e5 sett sitt preg p\u00e5 historiefaget og historieskriving. Denne forskinga er ofte tverrfagleg, spenner gjerne over fleire historiske periodar og har fr\u00e5 eit utgangspunkt i \u00f8konomisk og politisk historie i l\u00f8pet av det siste ti\u00e5ret i st\u00f8rre grad femna om kulturhistoriske emne. [&hellip;]<\/p>\n","protected":false},"featured_media":24235,"template":"","meta":{"_acf_changed":false,"inline_featured_image":false},"product_brand":[],"product_cat":[1785,23],"product_tag":[362,789,815],"class_list":{"0":"post-21240","1":"product","2":"type-product","3":"status-publish","4":"has-post-thumbnail","6":"product_cat-fripris","7":"product_cat-historie","8":"product_tag-faglitteratur","9":"product_tag-hoymiddelalderen","10":"product_tag-verdenshistorie","11":"pa_format-innbundet","13":"first","14":"instock","15":"shipping-taxable","16":"purchasable","17":"product-type-simple"},"acf":{"anmeldelse":null},"yoast_head":"<!-- This site is optimized with the Yoast SEO plugin v26.6 - https:\/\/yoast.com\/wordpress\/plugins\/seo\/ -->\n<title>Ei verd i endring - Dreyers Forlag<\/title>\n<meta name=\"robots\" content=\"noindex, follow, max-snippet:-1, max-image-preview:large, max-video-preview:-1\" \/>\n<meta property=\"og:locale\" content=\"nb_NO\" \/>\n<meta property=\"og:type\" content=\"article\" \/>\n<meta property=\"og:title\" content=\"Ei verd i endring - Dreyers Forlag\" \/>\n<meta property=\"og:description\" content=\"I takt med eit auka fokus p\u00e5 globalisering, har ulike variantar av globalhistorie ogs\u00e5 sett sitt preg p\u00e5 historiefaget og historieskriving. Denne forskinga er ofte tverrfagleg, spenner gjerne over fleire historiske periodar og har fr\u00e5 eit utgangspunkt i \u00f8konomisk og politisk historie i l\u00f8pet av det siste ti\u00e5ret i st\u00f8rre grad femna om kulturhistoriske emne. [&hellip;]\" \/>\n<meta property=\"og:url\" content=\"https:\/\/staging.forenteforlag.no\/dreyers\/produkt\/ei-verd-i-endring\/\" \/>\n<meta property=\"og:site_name\" content=\"Dreyers Forlag\" \/>\n<meta property=\"article:modified_time\" content=\"2025-08-27T08:34:38+00:00\" \/>\n<meta property=\"og:image\" content=\"https:\/\/staging.forenteforlag.no\/dreyers\/wp-content\/uploads\/sites\/2\/2025\/08\/jpg-7573.jpg\" \/>\n\t<meta property=\"og:image:width\" content=\"452\" \/>\n\t<meta property=\"og:image:height\" content=\"640\" \/>\n\t<meta property=\"og:image:type\" content=\"image\/jpeg\" \/>\n<meta name=\"twitter:card\" content=\"summary_large_image\" \/>\n<meta name=\"twitter:label1\" content=\"Ansl. lesetid\" \/>\n\t<meta name=\"twitter:data1\" content=\"1 minutt\" \/>\n<script type=\"application\/ld+json\" class=\"yoast-schema-graph\">{\"@context\":\"https:\/\/schema.org\",\"@graph\":[{\"@type\":\"WebPage\",\"@id\":\"https:\/\/staging.forenteforlag.no\/dreyers\/produkt\/ei-verd-i-endring\/\",\"url\":\"https:\/\/staging.forenteforlag.no\/dreyers\/produkt\/ei-verd-i-endring\/\",\"name\":\"Ei verd i endring - Dreyers Forlag\",\"isPartOf\":{\"@id\":\"https:\/\/staging.forenteforlag.no\/dreyers\/#website\"},\"primaryImageOfPage\":{\"@id\":\"https:\/\/staging.forenteforlag.no\/dreyers\/produkt\/ei-verd-i-endring\/#primaryimage\"},\"image\":{\"@id\":\"https:\/\/staging.forenteforlag.no\/dreyers\/produkt\/ei-verd-i-endring\/#primaryimage\"},\"thumbnailUrl\":\"https:\/\/staging.forenteforlag.no\/dreyers\/wp-content\/uploads\/sites\/2\/2025\/08\/jpg-7573.jpg\",\"datePublished\":\"2020-08-19T00:00:00+00:00\",\"dateModified\":\"2025-08-27T08:34:38+00:00\",\"breadcrumb\":{\"@id\":\"https:\/\/staging.forenteforlag.no\/dreyers\/produkt\/ei-verd-i-endring\/#breadcrumb\"},\"inLanguage\":\"nb-NO\",\"potentialAction\":[{\"@type\":\"ReadAction\",\"target\":[\"https:\/\/staging.forenteforlag.no\/dreyers\/produkt\/ei-verd-i-endring\/\"]}]},{\"@type\":\"ImageObject\",\"inLanguage\":\"nb-NO\",\"@id\":\"https:\/\/staging.forenteforlag.no\/dreyers\/produkt\/ei-verd-i-endring\/#primaryimage\",\"url\":\"https:\/\/staging.forenteforlag.no\/dreyers\/wp-content\/uploads\/sites\/2\/2025\/08\/jpg-7573.jpg\",\"contentUrl\":\"https:\/\/staging.forenteforlag.no\/dreyers\/wp-content\/uploads\/sites\/2\/2025\/08\/jpg-7573.jpg\",\"width\":452,\"height\":640},{\"@type\":\"BreadcrumbList\",\"@id\":\"https:\/\/staging.forenteforlag.no\/dreyers\/produkt\/ei-verd-i-endring\/#breadcrumb\",\"itemListElement\":[{\"@type\":\"ListItem\",\"position\":1,\"name\":\"Hjem\",\"item\":\"https:\/\/staging.forenteforlag.no\/dreyers\/\"},{\"@type\":\"ListItem\",\"position\":2,\"name\":\"Alle b\u00f8ker\",\"item\":\"https:\/\/staging.forenteforlag.no\/dreyers\/butikk\/\"},{\"@type\":\"ListItem\",\"position\":3,\"name\":\"Ei verd i endring\"}]},{\"@type\":\"WebSite\",\"@id\":\"https:\/\/staging.forenteforlag.no\/dreyers\/#website\",\"url\":\"https:\/\/staging.forenteforlag.no\/dreyers\/\",\"name\":\"Dreyers Forlag\",\"description\":\"\",\"potentialAction\":[{\"@type\":\"SearchAction\",\"target\":{\"@type\":\"EntryPoint\",\"urlTemplate\":\"https:\/\/staging.forenteforlag.no\/dreyers\/?s={search_term_string}\"},\"query-input\":{\"@type\":\"PropertyValueSpecification\",\"valueRequired\":true,\"valueName\":\"search_term_string\"}}],\"inLanguage\":\"nb-NO\"}]}<\/script>\n<!-- \/ Yoast SEO plugin. -->","yoast_head_json":{"title":"Ei verd i endring - Dreyers Forlag","robots":{"index":"noindex","follow":"follow","max-snippet":"max-snippet:-1","max-image-preview":"max-image-preview:large","max-video-preview":"max-video-preview:-1"},"og_locale":"nb_NO","og_type":"article","og_title":"Ei verd i endring - Dreyers Forlag","og_description":"I takt med eit auka fokus p\u00e5 globalisering, har ulike variantar av globalhistorie ogs\u00e5 sett sitt preg p\u00e5 historiefaget og historieskriving. Denne forskinga er ofte tverrfagleg, spenner gjerne over fleire historiske periodar og har fr\u00e5 eit utgangspunkt i \u00f8konomisk og politisk historie i l\u00f8pet av det siste ti\u00e5ret i st\u00f8rre grad femna om kulturhistoriske emne. [&hellip;]","og_url":"https:\/\/staging.forenteforlag.no\/dreyers\/produkt\/ei-verd-i-endring\/","og_site_name":"Dreyers Forlag","article_modified_time":"2025-08-27T08:34:38+00:00","og_image":[{"width":452,"height":640,"url":"https:\/\/staging.forenteforlag.no\/dreyers\/wp-content\/uploads\/sites\/2\/2025\/08\/jpg-7573.jpg","type":"image\/jpeg"}],"twitter_card":"summary_large_image","twitter_misc":{"Ansl. lesetid":"1 minutt"},"schema":{"@context":"https:\/\/schema.org","@graph":[{"@type":"WebPage","@id":"https:\/\/staging.forenteforlag.no\/dreyers\/produkt\/ei-verd-i-endring\/","url":"https:\/\/staging.forenteforlag.no\/dreyers\/produkt\/ei-verd-i-endring\/","name":"Ei verd i endring - Dreyers Forlag","isPartOf":{"@id":"https:\/\/staging.forenteforlag.no\/dreyers\/#website"},"primaryImageOfPage":{"@id":"https:\/\/staging.forenteforlag.no\/dreyers\/produkt\/ei-verd-i-endring\/#primaryimage"},"image":{"@id":"https:\/\/staging.forenteforlag.no\/dreyers\/produkt\/ei-verd-i-endring\/#primaryimage"},"thumbnailUrl":"https:\/\/staging.forenteforlag.no\/dreyers\/wp-content\/uploads\/sites\/2\/2025\/08\/jpg-7573.jpg","datePublished":"2020-08-19T00:00:00+00:00","dateModified":"2025-08-27T08:34:38+00:00","breadcrumb":{"@id":"https:\/\/staging.forenteforlag.no\/dreyers\/produkt\/ei-verd-i-endring\/#breadcrumb"},"inLanguage":"nb-NO","potentialAction":[{"@type":"ReadAction","target":["https:\/\/staging.forenteforlag.no\/dreyers\/produkt\/ei-verd-i-endring\/"]}]},{"@type":"ImageObject","inLanguage":"nb-NO","@id":"https:\/\/staging.forenteforlag.no\/dreyers\/produkt\/ei-verd-i-endring\/#primaryimage","url":"https:\/\/staging.forenteforlag.no\/dreyers\/wp-content\/uploads\/sites\/2\/2025\/08\/jpg-7573.jpg","contentUrl":"https:\/\/staging.forenteforlag.no\/dreyers\/wp-content\/uploads\/sites\/2\/2025\/08\/jpg-7573.jpg","width":452,"height":640},{"@type":"BreadcrumbList","@id":"https:\/\/staging.forenteforlag.no\/dreyers\/produkt\/ei-verd-i-endring\/#breadcrumb","itemListElement":[{"@type":"ListItem","position":1,"name":"Hjem","item":"https:\/\/staging.forenteforlag.no\/dreyers\/"},{"@type":"ListItem","position":2,"name":"Alle b\u00f8ker","item":"https:\/\/staging.forenteforlag.no\/dreyers\/butikk\/"},{"@type":"ListItem","position":3,"name":"Ei verd i endring"}]},{"@type":"WebSite","@id":"https:\/\/staging.forenteforlag.no\/dreyers\/#website","url":"https:\/\/staging.forenteforlag.no\/dreyers\/","name":"Dreyers Forlag","description":"","potentialAction":[{"@type":"SearchAction","target":{"@type":"EntryPoint","urlTemplate":"https:\/\/staging.forenteforlag.no\/dreyers\/?s={search_term_string}"},"query-input":{"@type":"PropertyValueSpecification","valueRequired":true,"valueName":"search_term_string"}}],"inLanguage":"nb-NO"}]}},"_links":{"self":[{"href":"https:\/\/staging.forenteforlag.no\/dreyers\/wp-json\/wp\/v2\/product\/21240","targetHints":{"allow":["GET"]}}],"collection":[{"href":"https:\/\/staging.forenteforlag.no\/dreyers\/wp-json\/wp\/v2\/product"}],"about":[{"href":"https:\/\/staging.forenteforlag.no\/dreyers\/wp-json\/wp\/v2\/types\/product"}],"wp:featuredmedia":[{"embeddable":true,"href":"https:\/\/staging.forenteforlag.no\/dreyers\/wp-json\/wp\/v2\/media\/24235"}],"wp:attachment":[{"href":"https:\/\/staging.forenteforlag.no\/dreyers\/wp-json\/wp\/v2\/media?parent=21240"}],"wp:term":[{"taxonomy":"product_brand","embeddable":true,"href":"https:\/\/staging.forenteforlag.no\/dreyers\/wp-json\/wp\/v2\/product_brand?post=21240"},{"taxonomy":"product_cat","embeddable":true,"href":"https:\/\/staging.forenteforlag.no\/dreyers\/wp-json\/wp\/v2\/product_cat?post=21240"},{"taxonomy":"product_tag","embeddable":true,"href":"https:\/\/staging.forenteforlag.no\/dreyers\/wp-json\/wp\/v2\/product_tag?post=21240"}],"curies":[{"name":"wp","href":"https:\/\/api.w.org\/{rel}","templated":true}]}}