{"id":21229,"date":"2020-10-26T01:00:00","date_gmt":"2020-10-26T00:00:00","guid":{"rendered":"https:\/\/dreyersforlag.forenteforlag.no\/produkt\/gatelangs-i-oslo-2\/"},"modified":"2025-08-27T08:09:51","modified_gmt":"2025-08-27T06:09:51","slug":"gatelangs-i-oslo-2","status":"publish","type":"product","link":"https:\/\/staging.forenteforlag.no\/dreyers\/produkt\/gatelangs-i-oslo-2\/","title":{"rendered":"Gatelangs i Oslo"},"content":{"rendered":"<p>N\u00e5r du likevel skal ut og g\u00e5 &#8230; <\/p>\n<p>For 25 \u00e5r siden ledet Leif Gjerland sin f\u00f8rste \u00abKjenn din by\u00bb-vandring, og han har etter hvert l\u00e6rt \u00e5 forst\u00e5 at ogs\u00e5 gatel\u00f8p er kulturminner. For selv om de g\u00e5r gjennom steder under stadige forandringer, fortsetter jo de aller fleste gater \u00e5 g\u00e5 der de ble til. <\/p>\n<p>Gatel\u00f8p inneholder alts\u00e5 minner fra tidligere tider i et bylandskap der b\u00e5de bygninger og landskapet har endret seg. En nysgjerrig tur langs en gate kan f\u00f8lgelig berette noe fra byens historie n\u00e5r vi rusler gatelangs p\u00e5 v\u00e5r vante vei til og fra. <\/p>\n<p>Denne boka er en samling av Aftenpostens sommerserie \u00abGatelangs\u00bb, og gir tips om hva du kan se etter underveis p\u00e5 rusleturer i og rundt 18 av Oslos sentrale gater. Noe er sikkert kjent, mens andre tips kanskje gj\u00f8r at du stopper opp p\u00e5 litt mindre kjente steder. <\/p>\n<p>Velkommen til \u00e5 g\u00e5 gatelangs i Oslo!<\/p>\n","protected":false},"excerpt":{"rendered":"<p>N\u00e5r du likevel skal ut og g\u00e5 &#8230; For 25 \u00e5r siden ledet Leif Gjerland sin f\u00f8rste \u00abKjenn din by\u00bb-vandring, og han har etter hvert l\u00e6rt \u00e5 forst\u00e5 at ogs\u00e5 gatel\u00f8p er kulturminner. For selv om de g\u00e5r gjennom steder under stadige forandringer, fortsetter jo de aller fleste gater \u00e5 g\u00e5 der de ble til. [&hellip;]<\/p>\n","protected":false},"featured_media":24055,"template":"","meta":{"_acf_changed":false,"inline_featured_image":false},"product_brand":[],"product_cat":[1785,37],"product_tag":[901,362,838,536,525,377,1787,1537,796],"class_list":{"0":"post-21229","1":"product","2":"type-product","3":"status-publish","4":"has-post-thumbnail","6":"product_cat-fripris","7":"product_cat-oslo","8":"product_tag-byguider","9":"product_tag-faglitteratur","10":"product_tag-fotturer","11":"product_tag-kulturminner","12":"product_tag-lokalhistorie","13":"product_tag-oslo","14":"product_tag-reise-og-turguider","15":"product_tag-reisehandboker","16":"product_tag-temareiseguider","17":"pa_format-mykperm","19":"first","20":"instock","21":"shipping-taxable","22":"purchasable","23":"product-type-simple"},"acf":{"anmeldelse":null},"yoast_head":"<!-- This site is optimized with the Yoast SEO plugin v26.6 - https:\/\/yoast.com\/wordpress\/plugins\/seo\/ -->\n<title>Gatelangs i Oslo - Dreyers Forlag<\/title>\n<meta name=\"robots\" content=\"noindex, follow, max-snippet:-1, max-image-preview:large, max-video-preview:-1\" \/>\n<meta property=\"og:locale\" content=\"nb_NO\" \/>\n<meta property=\"og:type\" content=\"article\" \/>\n<meta property=\"og:title\" content=\"Gatelangs i Oslo - Dreyers Forlag\" \/>\n<meta property=\"og:description\" content=\"N\u00e5r du likevel skal ut og g\u00e5 &#8230; For 25 \u00e5r siden ledet Leif Gjerland sin f\u00f8rste \u00abKjenn din by\u00bb-vandring, og han har etter hvert l\u00e6rt \u00e5 forst\u00e5 at ogs\u00e5 gatel\u00f8p er kulturminner. For selv om de g\u00e5r gjennom steder under stadige forandringer, fortsetter jo de aller fleste gater \u00e5 g\u00e5 der de ble til. [&hellip;]\" \/>\n<meta property=\"og:url\" content=\"https:\/\/staging.forenteforlag.no\/dreyers\/produkt\/gatelangs-i-oslo-2\/\" \/>\n<meta property=\"og:site_name\" content=\"Dreyers Forlag\" \/>\n<meta property=\"article:modified_time\" content=\"2025-08-27T06:09:51+00:00\" \/>\n<meta property=\"og:image\" content=\"https:\/\/staging.forenteforlag.no\/dreyers\/wp-content\/uploads\/sites\/2\/2025\/08\/jpg-5816-scaled.jpg\" \/>\n\t<meta property=\"og:image:width\" content=\"1213\" \/>\n\t<meta property=\"og:image:height\" content=\"1920\" \/>\n\t<meta property=\"og:image:type\" content=\"image\/jpeg\" \/>\n<meta name=\"twitter:card\" content=\"summary_large_image\" \/>\n<meta name=\"twitter:label1\" content=\"Ansl. lesetid\" \/>\n\t<meta name=\"twitter:data1\" content=\"1 minutt\" \/>\n<script type=\"application\/ld+json\" class=\"yoast-schema-graph\">{\"@context\":\"https:\/\/schema.org\",\"@graph\":[{\"@type\":\"WebPage\",\"@id\":\"https:\/\/staging.forenteforlag.no\/dreyers\/produkt\/gatelangs-i-oslo-2\/\",\"url\":\"https:\/\/staging.forenteforlag.no\/dreyers\/produkt\/gatelangs-i-oslo-2\/\",\"name\":\"Gatelangs i Oslo - Dreyers Forlag\",\"isPartOf\":{\"@id\":\"https:\/\/staging.forenteforlag.no\/dreyers\/#website\"},\"primaryImageOfPage\":{\"@id\":\"https:\/\/staging.forenteforlag.no\/dreyers\/produkt\/gatelangs-i-oslo-2\/#primaryimage\"},\"image\":{\"@id\":\"https:\/\/staging.forenteforlag.no\/dreyers\/produkt\/gatelangs-i-oslo-2\/#primaryimage\"},\"thumbnailUrl\":\"https:\/\/staging.forenteforlag.no\/dreyers\/wp-content\/uploads\/sites\/2\/2025\/08\/jpg-5816-scaled.jpg\",\"datePublished\":\"2020-10-26T00:00:00+00:00\",\"dateModified\":\"2025-08-27T06:09:51+00:00\",\"breadcrumb\":{\"@id\":\"https:\/\/staging.forenteforlag.no\/dreyers\/produkt\/gatelangs-i-oslo-2\/#breadcrumb\"},\"inLanguage\":\"nb-NO\",\"potentialAction\":[{\"@type\":\"ReadAction\",\"target\":[\"https:\/\/staging.forenteforlag.no\/dreyers\/produkt\/gatelangs-i-oslo-2\/\"]}]},{\"@type\":\"ImageObject\",\"inLanguage\":\"nb-NO\",\"@id\":\"https:\/\/staging.forenteforlag.no\/dreyers\/produkt\/gatelangs-i-oslo-2\/#primaryimage\",\"url\":\"https:\/\/staging.forenteforlag.no\/dreyers\/wp-content\/uploads\/sites\/2\/2025\/08\/jpg-5816-scaled.jpg\",\"contentUrl\":\"https:\/\/staging.forenteforlag.no\/dreyers\/wp-content\/uploads\/sites\/2\/2025\/08\/jpg-5816-scaled.jpg\",\"width\":1213,\"height\":1920},{\"@type\":\"BreadcrumbList\",\"@id\":\"https:\/\/staging.forenteforlag.no\/dreyers\/produkt\/gatelangs-i-oslo-2\/#breadcrumb\",\"itemListElement\":[{\"@type\":\"ListItem\",\"position\":1,\"name\":\"Hjem\",\"item\":\"https:\/\/staging.forenteforlag.no\/dreyers\/\"},{\"@type\":\"ListItem\",\"position\":2,\"name\":\"Alle b\u00f8ker\",\"item\":\"https:\/\/staging.forenteforlag.no\/dreyers\/butikk\/\"},{\"@type\":\"ListItem\",\"position\":3,\"name\":\"Gatelangs i Oslo\"}]},{\"@type\":\"WebSite\",\"@id\":\"https:\/\/staging.forenteforlag.no\/dreyers\/#website\",\"url\":\"https:\/\/staging.forenteforlag.no\/dreyers\/\",\"name\":\"Dreyers Forlag\",\"description\":\"\",\"potentialAction\":[{\"@type\":\"SearchAction\",\"target\":{\"@type\":\"EntryPoint\",\"urlTemplate\":\"https:\/\/staging.forenteforlag.no\/dreyers\/?s={search_term_string}\"},\"query-input\":{\"@type\":\"PropertyValueSpecification\",\"valueRequired\":true,\"valueName\":\"search_term_string\"}}],\"inLanguage\":\"nb-NO\"}]}<\/script>\n<!-- \/ Yoast SEO plugin. -->","yoast_head_json":{"title":"Gatelangs i Oslo - Dreyers Forlag","robots":{"index":"noindex","follow":"follow","max-snippet":"max-snippet:-1","max-image-preview":"max-image-preview:large","max-video-preview":"max-video-preview:-1"},"og_locale":"nb_NO","og_type":"article","og_title":"Gatelangs i Oslo - Dreyers Forlag","og_description":"N\u00e5r du likevel skal ut og g\u00e5 &#8230; For 25 \u00e5r siden ledet Leif Gjerland sin f\u00f8rste \u00abKjenn din by\u00bb-vandring, og han har etter hvert l\u00e6rt \u00e5 forst\u00e5 at ogs\u00e5 gatel\u00f8p er kulturminner. For selv om de g\u00e5r gjennom steder under stadige forandringer, fortsetter jo de aller fleste gater \u00e5 g\u00e5 der de ble til. [&hellip;]","og_url":"https:\/\/staging.forenteforlag.no\/dreyers\/produkt\/gatelangs-i-oslo-2\/","og_site_name":"Dreyers Forlag","article_modified_time":"2025-08-27T06:09:51+00:00","og_image":[{"width":1213,"height":1920,"url":"https:\/\/staging.forenteforlag.no\/dreyers\/wp-content\/uploads\/sites\/2\/2025\/08\/jpg-5816-scaled.jpg","type":"image\/jpeg"}],"twitter_card":"summary_large_image","twitter_misc":{"Ansl. lesetid":"1 minutt"},"schema":{"@context":"https:\/\/schema.org","@graph":[{"@type":"WebPage","@id":"https:\/\/staging.forenteforlag.no\/dreyers\/produkt\/gatelangs-i-oslo-2\/","url":"https:\/\/staging.forenteforlag.no\/dreyers\/produkt\/gatelangs-i-oslo-2\/","name":"Gatelangs i Oslo - Dreyers Forlag","isPartOf":{"@id":"https:\/\/staging.forenteforlag.no\/dreyers\/#website"},"primaryImageOfPage":{"@id":"https:\/\/staging.forenteforlag.no\/dreyers\/produkt\/gatelangs-i-oslo-2\/#primaryimage"},"image":{"@id":"https:\/\/staging.forenteforlag.no\/dreyers\/produkt\/gatelangs-i-oslo-2\/#primaryimage"},"thumbnailUrl":"https:\/\/staging.forenteforlag.no\/dreyers\/wp-content\/uploads\/sites\/2\/2025\/08\/jpg-5816-scaled.jpg","datePublished":"2020-10-26T00:00:00+00:00","dateModified":"2025-08-27T06:09:51+00:00","breadcrumb":{"@id":"https:\/\/staging.forenteforlag.no\/dreyers\/produkt\/gatelangs-i-oslo-2\/#breadcrumb"},"inLanguage":"nb-NO","potentialAction":[{"@type":"ReadAction","target":["https:\/\/staging.forenteforlag.no\/dreyers\/produkt\/gatelangs-i-oslo-2\/"]}]},{"@type":"ImageObject","inLanguage":"nb-NO","@id":"https:\/\/staging.forenteforlag.no\/dreyers\/produkt\/gatelangs-i-oslo-2\/#primaryimage","url":"https:\/\/staging.forenteforlag.no\/dreyers\/wp-content\/uploads\/sites\/2\/2025\/08\/jpg-5816-scaled.jpg","contentUrl":"https:\/\/staging.forenteforlag.no\/dreyers\/wp-content\/uploads\/sites\/2\/2025\/08\/jpg-5816-scaled.jpg","width":1213,"height":1920},{"@type":"BreadcrumbList","@id":"https:\/\/staging.forenteforlag.no\/dreyers\/produkt\/gatelangs-i-oslo-2\/#breadcrumb","itemListElement":[{"@type":"ListItem","position":1,"name":"Hjem","item":"https:\/\/staging.forenteforlag.no\/dreyers\/"},{"@type":"ListItem","position":2,"name":"Alle b\u00f8ker","item":"https:\/\/staging.forenteforlag.no\/dreyers\/butikk\/"},{"@type":"ListItem","position":3,"name":"Gatelangs i Oslo"}]},{"@type":"WebSite","@id":"https:\/\/staging.forenteforlag.no\/dreyers\/#website","url":"https:\/\/staging.forenteforlag.no\/dreyers\/","name":"Dreyers Forlag","description":"","potentialAction":[{"@type":"SearchAction","target":{"@type":"EntryPoint","urlTemplate":"https:\/\/staging.forenteforlag.no\/dreyers\/?s={search_term_string}"},"query-input":{"@type":"PropertyValueSpecification","valueRequired":true,"valueName":"search_term_string"}}],"inLanguage":"nb-NO"}]}},"_links":{"self":[{"href":"https:\/\/staging.forenteforlag.no\/dreyers\/wp-json\/wp\/v2\/product\/21229","targetHints":{"allow":["GET"]}}],"collection":[{"href":"https:\/\/staging.forenteforlag.no\/dreyers\/wp-json\/wp\/v2\/product"}],"about":[{"href":"https:\/\/staging.forenteforlag.no\/dreyers\/wp-json\/wp\/v2\/types\/product"}],"wp:featuredmedia":[{"embeddable":true,"href":"https:\/\/staging.forenteforlag.no\/dreyers\/wp-json\/wp\/v2\/media\/24055"}],"wp:attachment":[{"href":"https:\/\/staging.forenteforlag.no\/dreyers\/wp-json\/wp\/v2\/media?parent=21229"}],"wp:term":[{"taxonomy":"product_brand","embeddable":true,"href":"https:\/\/staging.forenteforlag.no\/dreyers\/wp-json\/wp\/v2\/product_brand?post=21229"},{"taxonomy":"product_cat","embeddable":true,"href":"https:\/\/staging.forenteforlag.no\/dreyers\/wp-json\/wp\/v2\/product_cat?post=21229"},{"taxonomy":"product_tag","embeddable":true,"href":"https:\/\/staging.forenteforlag.no\/dreyers\/wp-json\/wp\/v2\/product_tag?post=21229"}],"curies":[{"name":"wp","href":"https:\/\/api.w.org\/{rel}","templated":true}]}}