{"id":21202,"date":"2022-10-26T02:00:00","date_gmt":"2022-10-26T00:00:00","guid":{"rendered":"https:\/\/dreyersforlag.forenteforlag.no\/produkt\/krig-i-var-tid\/"},"modified":"2025-09-03T15:06:28","modified_gmt":"2025-09-03T13:06:28","slug":"krig-i-var-tid","status":"publish","type":"product","link":"https:\/\/staging.forenteforlag.no\/dreyers\/produkt\/krig-i-var-tid\/","title":{"rendered":"Krig i v\u00e5r tid"},"content":{"rendered":"<p>Demokratiet har aldri sl\u00e5tt r\u00f8ter i russisk jord. Herskarane i Kreml har styrt landet diktatorisk, uavhengig av folkeviljen. D\u00e5 Vladimir Putin kom til makta i 1999, f\u00f8rte han dette systemet vidare. Ukraina har p\u00e5 den andre sida vore eit langt friare samfunn gjennom mesteparten av si historie. Den 22. februar 2022 gjekk Putin til krig mot det frie ukrainske samfunnet. Igjen er det krig p\u00e5 v\u00e5rt kontinent, og Europa st\u00e5r midt oppe i ein kamp mellom demokrati og diktatur. Denne kampen vil vera avgjerande for Europas framtid.<\/p>\n<p>Halvor Tj\u00f8nn er historikar og journalist. I denne artikkelsamlinga fylgjer han utviklinga av Ukraina-krigen, fr\u00e5 det tidspunktet Putin tok til \u00e5 truga med krig, gjennom krigsutbrotet i februar og fram til tidleg p\u00e5 hausten 2022.<\/p>\n","protected":false},"excerpt":{"rendered":"<p>Demokratiet har aldri sl\u00e5tt r\u00f8ter i russisk jord. Herskarane i Kreml har styrt landet diktatorisk, uavhengig av folkeviljen. D\u00e5 Vladimir Putin kom til makta i 1999, f\u00f8rte han dette systemet vidare. Ukraina har p\u00e5 den andre sida vore eit langt friare samfunn gjennom mesteparten av si historie. Den 22. februar 2022 gjekk Putin til krig [&hellip;]<\/p>\n","protected":false},"featured_media":24023,"template":"","meta":{"_acf_changed":false,"inline_featured_image":false},"product_brand":[],"product_cat":[1785,32],"product_tag":[1093,405,362,532,651],"class_list":{"0":"post-21202","1":"product","2":"type-product","3":"status-publish","4":"has-post-thumbnail","6":"product_cat-fripris","7":"product_cat-samfunn-og-politikk","8":"product_tag-2020-2029","9":"product_tag-andre-verdenskrig","10":"product_tag-faglitteratur","11":"product_tag-russland","12":"product_tag-ukraina","13":"pa_format-innbundet","15":"first","16":"instock","17":"shipping-taxable","18":"purchasable","19":"product-type-simple"},"acf":{"anmeldelse":null},"yoast_head":"<!-- This site is optimized with the Yoast SEO plugin v26.6 - https:\/\/yoast.com\/wordpress\/plugins\/seo\/ -->\n<title>Krig i v\u00e5r tid - Dreyers Forlag<\/title>\n<meta name=\"robots\" content=\"noindex, follow, max-snippet:-1, max-image-preview:large, max-video-preview:-1\" \/>\n<meta property=\"og:locale\" content=\"nb_NO\" \/>\n<meta property=\"og:type\" content=\"article\" \/>\n<meta property=\"og:title\" content=\"Krig i v\u00e5r tid - Dreyers Forlag\" \/>\n<meta property=\"og:description\" content=\"Demokratiet har aldri sl\u00e5tt r\u00f8ter i russisk jord. Herskarane i Kreml har styrt landet diktatorisk, uavhengig av folkeviljen. D\u00e5 Vladimir Putin kom til makta i 1999, f\u00f8rte han dette systemet vidare. Ukraina har p\u00e5 den andre sida vore eit langt friare samfunn gjennom mesteparten av si historie. Den 22. februar 2022 gjekk Putin til krig [&hellip;]\" \/>\n<meta property=\"og:url\" content=\"https:\/\/staging.forenteforlag.no\/dreyers\/produkt\/krig-i-var-tid\/\" \/>\n<meta property=\"og:site_name\" content=\"Dreyers Forlag\" \/>\n<meta property=\"article:modified_time\" content=\"2025-09-03T13:06:28+00:00\" \/>\n<meta property=\"og:image\" content=\"https:\/\/staging.forenteforlag.no\/dreyers\/wp-content\/uploads\/sites\/2\/2025\/08\/jpg-5518.jpg\" \/>\n\t<meta property=\"og:image:width\" content=\"386\" \/>\n\t<meta property=\"og:image:height\" content=\"603\" \/>\n\t<meta property=\"og:image:type\" content=\"image\/jpeg\" \/>\n<meta name=\"twitter:card\" content=\"summary_large_image\" \/>\n<meta name=\"twitter:label1\" content=\"Ansl. lesetid\" \/>\n\t<meta name=\"twitter:data1\" content=\"1 minutt\" \/>\n<script type=\"application\/ld+json\" class=\"yoast-schema-graph\">{\"@context\":\"https:\/\/schema.org\",\"@graph\":[{\"@type\":\"WebPage\",\"@id\":\"https:\/\/staging.forenteforlag.no\/dreyers\/produkt\/krig-i-var-tid\/\",\"url\":\"https:\/\/staging.forenteforlag.no\/dreyers\/produkt\/krig-i-var-tid\/\",\"name\":\"Krig i v\u00e5r tid - Dreyers Forlag\",\"isPartOf\":{\"@id\":\"https:\/\/staging.forenteforlag.no\/dreyers\/#website\"},\"primaryImageOfPage\":{\"@id\":\"https:\/\/staging.forenteforlag.no\/dreyers\/produkt\/krig-i-var-tid\/#primaryimage\"},\"image\":{\"@id\":\"https:\/\/staging.forenteforlag.no\/dreyers\/produkt\/krig-i-var-tid\/#primaryimage\"},\"thumbnailUrl\":\"https:\/\/staging.forenteforlag.no\/dreyers\/wp-content\/uploads\/sites\/2\/2025\/08\/jpg-5518.jpg\",\"datePublished\":\"2022-10-26T00:00:00+00:00\",\"dateModified\":\"2025-09-03T13:06:28+00:00\",\"breadcrumb\":{\"@id\":\"https:\/\/staging.forenteforlag.no\/dreyers\/produkt\/krig-i-var-tid\/#breadcrumb\"},\"inLanguage\":\"nb-NO\",\"potentialAction\":[{\"@type\":\"ReadAction\",\"target\":[\"https:\/\/staging.forenteforlag.no\/dreyers\/produkt\/krig-i-var-tid\/\"]}]},{\"@type\":\"ImageObject\",\"inLanguage\":\"nb-NO\",\"@id\":\"https:\/\/staging.forenteforlag.no\/dreyers\/produkt\/krig-i-var-tid\/#primaryimage\",\"url\":\"https:\/\/staging.forenteforlag.no\/dreyers\/wp-content\/uploads\/sites\/2\/2025\/08\/jpg-5518.jpg\",\"contentUrl\":\"https:\/\/staging.forenteforlag.no\/dreyers\/wp-content\/uploads\/sites\/2\/2025\/08\/jpg-5518.jpg\",\"width\":386,\"height\":603},{\"@type\":\"BreadcrumbList\",\"@id\":\"https:\/\/staging.forenteforlag.no\/dreyers\/produkt\/krig-i-var-tid\/#breadcrumb\",\"itemListElement\":[{\"@type\":\"ListItem\",\"position\":1,\"name\":\"Hjem\",\"item\":\"https:\/\/staging.forenteforlag.no\/dreyers\/\"},{\"@type\":\"ListItem\",\"position\":2,\"name\":\"Alle b\u00f8ker\",\"item\":\"https:\/\/staging.forenteforlag.no\/dreyers\/butikk\/\"},{\"@type\":\"ListItem\",\"position\":3,\"name\":\"Krig i v\u00e5r tid\"}]},{\"@type\":\"WebSite\",\"@id\":\"https:\/\/staging.forenteforlag.no\/dreyers\/#website\",\"url\":\"https:\/\/staging.forenteforlag.no\/dreyers\/\",\"name\":\"Dreyers Forlag\",\"description\":\"\",\"potentialAction\":[{\"@type\":\"SearchAction\",\"target\":{\"@type\":\"EntryPoint\",\"urlTemplate\":\"https:\/\/staging.forenteforlag.no\/dreyers\/?s={search_term_string}\"},\"query-input\":{\"@type\":\"PropertyValueSpecification\",\"valueRequired\":true,\"valueName\":\"search_term_string\"}}],\"inLanguage\":\"nb-NO\"}]}<\/script>\n<!-- \/ Yoast SEO plugin. -->","yoast_head_json":{"title":"Krig i v\u00e5r tid - Dreyers Forlag","robots":{"index":"noindex","follow":"follow","max-snippet":"max-snippet:-1","max-image-preview":"max-image-preview:large","max-video-preview":"max-video-preview:-1"},"og_locale":"nb_NO","og_type":"article","og_title":"Krig i v\u00e5r tid - Dreyers Forlag","og_description":"Demokratiet har aldri sl\u00e5tt r\u00f8ter i russisk jord. Herskarane i Kreml har styrt landet diktatorisk, uavhengig av folkeviljen. D\u00e5 Vladimir Putin kom til makta i 1999, f\u00f8rte han dette systemet vidare. Ukraina har p\u00e5 den andre sida vore eit langt friare samfunn gjennom mesteparten av si historie. Den 22. februar 2022 gjekk Putin til krig [&hellip;]","og_url":"https:\/\/staging.forenteforlag.no\/dreyers\/produkt\/krig-i-var-tid\/","og_site_name":"Dreyers Forlag","article_modified_time":"2025-09-03T13:06:28+00:00","og_image":[{"width":386,"height":603,"url":"https:\/\/staging.forenteforlag.no\/dreyers\/wp-content\/uploads\/sites\/2\/2025\/08\/jpg-5518.jpg","type":"image\/jpeg"}],"twitter_card":"summary_large_image","twitter_misc":{"Ansl. lesetid":"1 minutt"},"schema":{"@context":"https:\/\/schema.org","@graph":[{"@type":"WebPage","@id":"https:\/\/staging.forenteforlag.no\/dreyers\/produkt\/krig-i-var-tid\/","url":"https:\/\/staging.forenteforlag.no\/dreyers\/produkt\/krig-i-var-tid\/","name":"Krig i v\u00e5r tid - Dreyers Forlag","isPartOf":{"@id":"https:\/\/staging.forenteforlag.no\/dreyers\/#website"},"primaryImageOfPage":{"@id":"https:\/\/staging.forenteforlag.no\/dreyers\/produkt\/krig-i-var-tid\/#primaryimage"},"image":{"@id":"https:\/\/staging.forenteforlag.no\/dreyers\/produkt\/krig-i-var-tid\/#primaryimage"},"thumbnailUrl":"https:\/\/staging.forenteforlag.no\/dreyers\/wp-content\/uploads\/sites\/2\/2025\/08\/jpg-5518.jpg","datePublished":"2022-10-26T00:00:00+00:00","dateModified":"2025-09-03T13:06:28+00:00","breadcrumb":{"@id":"https:\/\/staging.forenteforlag.no\/dreyers\/produkt\/krig-i-var-tid\/#breadcrumb"},"inLanguage":"nb-NO","potentialAction":[{"@type":"ReadAction","target":["https:\/\/staging.forenteforlag.no\/dreyers\/produkt\/krig-i-var-tid\/"]}]},{"@type":"ImageObject","inLanguage":"nb-NO","@id":"https:\/\/staging.forenteforlag.no\/dreyers\/produkt\/krig-i-var-tid\/#primaryimage","url":"https:\/\/staging.forenteforlag.no\/dreyers\/wp-content\/uploads\/sites\/2\/2025\/08\/jpg-5518.jpg","contentUrl":"https:\/\/staging.forenteforlag.no\/dreyers\/wp-content\/uploads\/sites\/2\/2025\/08\/jpg-5518.jpg","width":386,"height":603},{"@type":"BreadcrumbList","@id":"https:\/\/staging.forenteforlag.no\/dreyers\/produkt\/krig-i-var-tid\/#breadcrumb","itemListElement":[{"@type":"ListItem","position":1,"name":"Hjem","item":"https:\/\/staging.forenteforlag.no\/dreyers\/"},{"@type":"ListItem","position":2,"name":"Alle b\u00f8ker","item":"https:\/\/staging.forenteforlag.no\/dreyers\/butikk\/"},{"@type":"ListItem","position":3,"name":"Krig i v\u00e5r tid"}]},{"@type":"WebSite","@id":"https:\/\/staging.forenteforlag.no\/dreyers\/#website","url":"https:\/\/staging.forenteforlag.no\/dreyers\/","name":"Dreyers Forlag","description":"","potentialAction":[{"@type":"SearchAction","target":{"@type":"EntryPoint","urlTemplate":"https:\/\/staging.forenteforlag.no\/dreyers\/?s={search_term_string}"},"query-input":{"@type":"PropertyValueSpecification","valueRequired":true,"valueName":"search_term_string"}}],"inLanguage":"nb-NO"}]}},"_links":{"self":[{"href":"https:\/\/staging.forenteforlag.no\/dreyers\/wp-json\/wp\/v2\/product\/21202","targetHints":{"allow":["GET"]}}],"collection":[{"href":"https:\/\/staging.forenteforlag.no\/dreyers\/wp-json\/wp\/v2\/product"}],"about":[{"href":"https:\/\/staging.forenteforlag.no\/dreyers\/wp-json\/wp\/v2\/types\/product"}],"wp:featuredmedia":[{"embeddable":true,"href":"https:\/\/staging.forenteforlag.no\/dreyers\/wp-json\/wp\/v2\/media\/24023"}],"wp:attachment":[{"href":"https:\/\/staging.forenteforlag.no\/dreyers\/wp-json\/wp\/v2\/media?parent=21202"}],"wp:term":[{"taxonomy":"product_brand","embeddable":true,"href":"https:\/\/staging.forenteforlag.no\/dreyers\/wp-json\/wp\/v2\/product_brand?post=21202"},{"taxonomy":"product_cat","embeddable":true,"href":"https:\/\/staging.forenteforlag.no\/dreyers\/wp-json\/wp\/v2\/product_cat?post=21202"},{"taxonomy":"product_tag","embeddable":true,"href":"https:\/\/staging.forenteforlag.no\/dreyers\/wp-json\/wp\/v2\/product_tag?post=21202"}],"curies":[{"name":"wp","href":"https:\/\/api.w.org\/{rel}","templated":true}]}}