{"id":21187,"date":"2023-05-31T02:00:00","date_gmt":"2023-05-31T00:00:00","guid":{"rendered":"https:\/\/dreyersforlag.forenteforlag.no\/produkt\/krigen-holocaust-og-hjemmefronten\/"},"modified":"2026-01-05T05:19:43","modified_gmt":"2026-01-05T04:19:43","slug":"krigen-holocaust-og-hjemmefronten","status":"publish","type":"product","link":"https:\/\/staging.forenteforlag.no\/dreyers\/produkt\/krigen-holocaust-og-hjemmefronten\/","title":{"rendered":"Krigen, Holocaust og hjemmefronten"},"content":{"rendered":"<p>Debatten om hjemmefronten, Holocaust og kildebruk har p\u00e5g\u00e5tt siden Marte Michelet h\u00f8sten 2018 utga boken <em>Hva visste hjemmefronten?<\/em>. I 2020 utkom <em>Rapport fr\u00e5 ein gjennomgang av Hva visste hjemmefronten?<\/em>, der omfattende uetterrettelig kildebruk i Michelets bok ble avdekket. Deretter skrev Michelet i 2021 boken <em>Tilsvar<\/em>, samtidig som hun signaliserte at en ny og endret versjon av <em>Hva visste hjemmefronten?<\/em> ville f\u00f8lge. <\/p>\n<p>Med bakgrunn i et \u00f8nske om \u00e5 bist\u00e5 Gyldendal i \u00e5 forst\u00e5 hvilken kildepraksis de var med p\u00e5 \u00e5 legitimere, fikk forlaget levert en gjennomgang av hele <em>Tilsvar<\/em> sommeren 2022. Dette \u00abbrevet\u00bb gj\u00f8res n\u00e5 offentlig tilgjengelig. Gjennomgangen er i h\u00f8y grad relevant ogs\u00e5 for vurderingen av Michelets siste versjon av <em>Hva visste hjemmefronten?<\/em>, utgitt h\u00f8sten 2022. <\/p>\n<p>Foruten \u00abEt brev til Gyldendal\u00bb inneholder boken artikkelbidrag av Mona Ringvej, \u00d8yvind Glosvik og Torgeir E. S\u00e6veraas.<\/p>\n","protected":false},"excerpt":{"rendered":"<p>Debatten om hjemmefronten, Holocaust og kildebruk har p\u00e5g\u00e5tt siden Marte Michelet h\u00f8sten 2018 utga boken Hva visste hjemmefronten?. I 2020 utkom Rapport fr\u00e5 ein gjennomgang av Hva visste hjemmefronten?, der omfattende uetterrettelig kildebruk i Michelets bok ble avdekket. Deretter skrev Michelet i 2021 boken Tilsvar, samtidig som hun signaliserte at en ny og endret versjon [&hellip;]<\/p>\n","protected":false},"featured_media":24332,"template":"","meta":{"_acf_changed":false,"inline_featured_image":false},"product_brand":[],"product_cat":[1785,23,32,355],"product_tag":[362],"class_list":{"0":"post-21187","1":"product","2":"type-product","3":"status-publish","4":"has-post-thumbnail","6":"product_cat-fripris","7":"product_cat-historie","8":"product_cat-samfunn-og-politikk","9":"product_cat-tilbud","10":"product_tag-faglitteratur","11":"pa_format-innbundet","13":"first","14":"instock","15":"shipping-taxable","16":"purchasable","17":"product-type-simple"},"acf":{"anmeldelse":[{"tekst_anmeldelser":"\u00abJeg m\u00e5 innr\u00f8mme at jeg trodde striden var over med utgivelsen av den reviderte versjonen av .Hva visste hjemmefronten?. i fjor. Men s\u00e5 feil kan man ta. [...] den beste av de tre motb\u00f8kene [...]\u00bb","av_anmeldelser":"Marius Wulfsberg","terningkast":"<i class=\"fa-solid fa-dice-five\"><\/i>","kilde":"Dagbladet"},{"tekst_anmeldelser":"\u00abEi framifr\u00e5 innf\u00f8ring i historievitskap. [...] ikkje mogleg \u00e5 kome til annan konklusjon enn at historieskrivinga til Michelet er grundig tilbakevist.\u00bb","av_anmeldelser":"John Petter Collett","terningkast":false,"kilde":"Dag og Tid"}]},"yoast_head":"<!-- This site is optimized with the Yoast SEO plugin v26.6 - https:\/\/yoast.com\/wordpress\/plugins\/seo\/ -->\n<title>Krigen, Holocaust og hjemmefronten - Dreyers Forlag<\/title>\n<meta name=\"robots\" content=\"noindex, follow, max-snippet:-1, max-image-preview:large, max-video-preview:-1\" \/>\n<meta property=\"og:locale\" content=\"nb_NO\" \/>\n<meta property=\"og:type\" content=\"article\" \/>\n<meta property=\"og:title\" content=\"Krigen, Holocaust og hjemmefronten - Dreyers Forlag\" \/>\n<meta property=\"og:description\" content=\"Debatten om hjemmefronten, Holocaust og kildebruk har p\u00e5g\u00e5tt siden Marte Michelet h\u00f8sten 2018 utga boken Hva visste hjemmefronten?. I 2020 utkom Rapport fr\u00e5 ein gjennomgang av Hva visste hjemmefronten?, der omfattende uetterrettelig kildebruk i Michelets bok ble avdekket. Deretter skrev Michelet i 2021 boken Tilsvar, samtidig som hun signaliserte at en ny og endret versjon [&hellip;]\" \/>\n<meta property=\"og:url\" content=\"https:\/\/staging.forenteforlag.no\/dreyers\/produkt\/krigen-holocaust-og-hjemmefronten\/\" \/>\n<meta property=\"og:site_name\" content=\"Dreyers Forlag\" \/>\n<meta property=\"article:modified_time\" content=\"2026-01-05T04:19:43+00:00\" \/>\n<meta property=\"og:image\" content=\"https:\/\/staging.forenteforlag.no\/dreyers\/wp-content\/uploads\/sites\/2\/2025\/08\/jpg-8424.jpg\" \/>\n\t<meta property=\"og:image:width\" content=\"453\" \/>\n\t<meta property=\"og:image:height\" content=\"645\" \/>\n\t<meta property=\"og:image:type\" content=\"image\/jpeg\" \/>\n<meta name=\"twitter:card\" content=\"summary_large_image\" \/>\n<meta name=\"twitter:label1\" content=\"Ansl. lesetid\" \/>\n\t<meta name=\"twitter:data1\" content=\"1 minutt\" \/>\n<script type=\"application\/ld+json\" class=\"yoast-schema-graph\">{\"@context\":\"https:\/\/schema.org\",\"@graph\":[{\"@type\":\"WebPage\",\"@id\":\"https:\/\/staging.forenteforlag.no\/dreyers\/produkt\/krigen-holocaust-og-hjemmefronten\/\",\"url\":\"https:\/\/staging.forenteforlag.no\/dreyers\/produkt\/krigen-holocaust-og-hjemmefronten\/\",\"name\":\"Krigen, Holocaust og hjemmefronten - Dreyers Forlag\",\"isPartOf\":{\"@id\":\"https:\/\/staging.forenteforlag.no\/dreyers\/#website\"},\"primaryImageOfPage\":{\"@id\":\"https:\/\/staging.forenteforlag.no\/dreyers\/produkt\/krigen-holocaust-og-hjemmefronten\/#primaryimage\"},\"image\":{\"@id\":\"https:\/\/staging.forenteforlag.no\/dreyers\/produkt\/krigen-holocaust-og-hjemmefronten\/#primaryimage\"},\"thumbnailUrl\":\"https:\/\/staging.forenteforlag.no\/dreyers\/wp-content\/uploads\/sites\/2\/2025\/08\/jpg-8424.jpg\",\"datePublished\":\"2023-05-31T00:00:00+00:00\",\"dateModified\":\"2026-01-05T04:19:43+00:00\",\"breadcrumb\":{\"@id\":\"https:\/\/staging.forenteforlag.no\/dreyers\/produkt\/krigen-holocaust-og-hjemmefronten\/#breadcrumb\"},\"inLanguage\":\"nb-NO\",\"potentialAction\":[{\"@type\":\"ReadAction\",\"target\":[\"https:\/\/staging.forenteforlag.no\/dreyers\/produkt\/krigen-holocaust-og-hjemmefronten\/\"]}]},{\"@type\":\"ImageObject\",\"inLanguage\":\"nb-NO\",\"@id\":\"https:\/\/staging.forenteforlag.no\/dreyers\/produkt\/krigen-holocaust-og-hjemmefronten\/#primaryimage\",\"url\":\"https:\/\/staging.forenteforlag.no\/dreyers\/wp-content\/uploads\/sites\/2\/2025\/08\/jpg-8424.jpg\",\"contentUrl\":\"https:\/\/staging.forenteforlag.no\/dreyers\/wp-content\/uploads\/sites\/2\/2025\/08\/jpg-8424.jpg\",\"width\":453,\"height\":645},{\"@type\":\"BreadcrumbList\",\"@id\":\"https:\/\/staging.forenteforlag.no\/dreyers\/produkt\/krigen-holocaust-og-hjemmefronten\/#breadcrumb\",\"itemListElement\":[{\"@type\":\"ListItem\",\"position\":1,\"name\":\"Hjem\",\"item\":\"https:\/\/staging.forenteforlag.no\/dreyers\/\"},{\"@type\":\"ListItem\",\"position\":2,\"name\":\"Alle b\u00f8ker\",\"item\":\"https:\/\/staging.forenteforlag.no\/dreyers\/butikk\/\"},{\"@type\":\"ListItem\",\"position\":3,\"name\":\"Krigen, Holocaust og hjemmefronten\"}]},{\"@type\":\"WebSite\",\"@id\":\"https:\/\/staging.forenteforlag.no\/dreyers\/#website\",\"url\":\"https:\/\/staging.forenteforlag.no\/dreyers\/\",\"name\":\"Dreyers Forlag\",\"description\":\"\",\"potentialAction\":[{\"@type\":\"SearchAction\",\"target\":{\"@type\":\"EntryPoint\",\"urlTemplate\":\"https:\/\/staging.forenteforlag.no\/dreyers\/?s={search_term_string}\"},\"query-input\":{\"@type\":\"PropertyValueSpecification\",\"valueRequired\":true,\"valueName\":\"search_term_string\"}}],\"inLanguage\":\"nb-NO\"}]}<\/script>\n<!-- \/ Yoast SEO plugin. -->","yoast_head_json":{"title":"Krigen, Holocaust og hjemmefronten - Dreyers Forlag","robots":{"index":"noindex","follow":"follow","max-snippet":"max-snippet:-1","max-image-preview":"max-image-preview:large","max-video-preview":"max-video-preview:-1"},"og_locale":"nb_NO","og_type":"article","og_title":"Krigen, Holocaust og hjemmefronten - Dreyers Forlag","og_description":"Debatten om hjemmefronten, Holocaust og kildebruk har p\u00e5g\u00e5tt siden Marte Michelet h\u00f8sten 2018 utga boken Hva visste hjemmefronten?. I 2020 utkom Rapport fr\u00e5 ein gjennomgang av Hva visste hjemmefronten?, der omfattende uetterrettelig kildebruk i Michelets bok ble avdekket. Deretter skrev Michelet i 2021 boken Tilsvar, samtidig som hun signaliserte at en ny og endret versjon [&hellip;]","og_url":"https:\/\/staging.forenteforlag.no\/dreyers\/produkt\/krigen-holocaust-og-hjemmefronten\/","og_site_name":"Dreyers Forlag","article_modified_time":"2026-01-05T04:19:43+00:00","og_image":[{"width":453,"height":645,"url":"https:\/\/staging.forenteforlag.no\/dreyers\/wp-content\/uploads\/sites\/2\/2025\/08\/jpg-8424.jpg","type":"image\/jpeg"}],"twitter_card":"summary_large_image","twitter_misc":{"Ansl. lesetid":"1 minutt"},"schema":{"@context":"https:\/\/schema.org","@graph":[{"@type":"WebPage","@id":"https:\/\/staging.forenteforlag.no\/dreyers\/produkt\/krigen-holocaust-og-hjemmefronten\/","url":"https:\/\/staging.forenteforlag.no\/dreyers\/produkt\/krigen-holocaust-og-hjemmefronten\/","name":"Krigen, Holocaust og hjemmefronten - Dreyers Forlag","isPartOf":{"@id":"https:\/\/staging.forenteforlag.no\/dreyers\/#website"},"primaryImageOfPage":{"@id":"https:\/\/staging.forenteforlag.no\/dreyers\/produkt\/krigen-holocaust-og-hjemmefronten\/#primaryimage"},"image":{"@id":"https:\/\/staging.forenteforlag.no\/dreyers\/produkt\/krigen-holocaust-og-hjemmefronten\/#primaryimage"},"thumbnailUrl":"https:\/\/staging.forenteforlag.no\/dreyers\/wp-content\/uploads\/sites\/2\/2025\/08\/jpg-8424.jpg","datePublished":"2023-05-31T00:00:00+00:00","dateModified":"2026-01-05T04:19:43+00:00","breadcrumb":{"@id":"https:\/\/staging.forenteforlag.no\/dreyers\/produkt\/krigen-holocaust-og-hjemmefronten\/#breadcrumb"},"inLanguage":"nb-NO","potentialAction":[{"@type":"ReadAction","target":["https:\/\/staging.forenteforlag.no\/dreyers\/produkt\/krigen-holocaust-og-hjemmefronten\/"]}]},{"@type":"ImageObject","inLanguage":"nb-NO","@id":"https:\/\/staging.forenteforlag.no\/dreyers\/produkt\/krigen-holocaust-og-hjemmefronten\/#primaryimage","url":"https:\/\/staging.forenteforlag.no\/dreyers\/wp-content\/uploads\/sites\/2\/2025\/08\/jpg-8424.jpg","contentUrl":"https:\/\/staging.forenteforlag.no\/dreyers\/wp-content\/uploads\/sites\/2\/2025\/08\/jpg-8424.jpg","width":453,"height":645},{"@type":"BreadcrumbList","@id":"https:\/\/staging.forenteforlag.no\/dreyers\/produkt\/krigen-holocaust-og-hjemmefronten\/#breadcrumb","itemListElement":[{"@type":"ListItem","position":1,"name":"Hjem","item":"https:\/\/staging.forenteforlag.no\/dreyers\/"},{"@type":"ListItem","position":2,"name":"Alle b\u00f8ker","item":"https:\/\/staging.forenteforlag.no\/dreyers\/butikk\/"},{"@type":"ListItem","position":3,"name":"Krigen, Holocaust og hjemmefronten"}]},{"@type":"WebSite","@id":"https:\/\/staging.forenteforlag.no\/dreyers\/#website","url":"https:\/\/staging.forenteforlag.no\/dreyers\/","name":"Dreyers Forlag","description":"","potentialAction":[{"@type":"SearchAction","target":{"@type":"EntryPoint","urlTemplate":"https:\/\/staging.forenteforlag.no\/dreyers\/?s={search_term_string}"},"query-input":{"@type":"PropertyValueSpecification","valueRequired":true,"valueName":"search_term_string"}}],"inLanguage":"nb-NO"}]}},"_links":{"self":[{"href":"https:\/\/staging.forenteforlag.no\/dreyers\/wp-json\/wp\/v2\/product\/21187","targetHints":{"allow":["GET"]}}],"collection":[{"href":"https:\/\/staging.forenteforlag.no\/dreyers\/wp-json\/wp\/v2\/product"}],"about":[{"href":"https:\/\/staging.forenteforlag.no\/dreyers\/wp-json\/wp\/v2\/types\/product"}],"wp:featuredmedia":[{"embeddable":true,"href":"https:\/\/staging.forenteforlag.no\/dreyers\/wp-json\/wp\/v2\/media\/24332"}],"wp:attachment":[{"href":"https:\/\/staging.forenteforlag.no\/dreyers\/wp-json\/wp\/v2\/media?parent=21187"}],"wp:term":[{"taxonomy":"product_brand","embeddable":true,"href":"https:\/\/staging.forenteforlag.no\/dreyers\/wp-json\/wp\/v2\/product_brand?post=21187"},{"taxonomy":"product_cat","embeddable":true,"href":"https:\/\/staging.forenteforlag.no\/dreyers\/wp-json\/wp\/v2\/product_cat?post=21187"},{"taxonomy":"product_tag","embeddable":true,"href":"https:\/\/staging.forenteforlag.no\/dreyers\/wp-json\/wp\/v2\/product_tag?post=21187"}],"curies":[{"name":"wp","href":"https:\/\/api.w.org\/{rel}","templated":true}]}}