{"id":21175,"date":"2023-10-30T01:00:00","date_gmt":"2023-10-30T00:00:00","guid":{"rendered":"https:\/\/dreyersforlag.forenteforlag.no\/produkt\/det-periodiske-system\/"},"modified":"2026-01-05T05:17:08","modified_gmt":"2026-01-05T04:17:08","slug":"det-periodiske-system","status":"publish","type":"product","link":"https:\/\/staging.forenteforlag.no\/dreyers\/produkt\/det-periodiske-system\/","title":{"rendered":"Det periodiske system"},"content":{"rendered":"<p>Denne boken er en samling korte fortellinger hvor forfatteren tar utgangspunkt i 21 grunnstoffer som utgj\u00f8r metaforiske springbrett til essayistiske, filosofiske, vitenskapshistoriske og ofte selvbiografiske tekster. Levi skriver om avgj\u00f8rende faser i livet, ungdomstiden i Torino, den f\u00f8rste kj\u00e6rligheten, Mussolinis raselover, Auschwitz, tiden etter andre verdenskrig og kampen for \u00e5 gjenoppta en normal tilv\u00e6relse. Hvert grunnstoff beskriver en menneskelig egenskap, et minne og brukes som utgangspunkt for \u00e5 forst\u00e5 den store verden eller den lille sf\u00e6re.<\/p>\n<p>I 2006 ble Det periodiske system k\u00e5ret til den beste vitenskapsboken noensinne av The Royal Institution of Great Britain.  <\/p>\n<p>Etterord ved Margareth Hagen, professor i italiensk litteratur ved Universitetet i Bergen.<\/p>\n","protected":false},"excerpt":{"rendered":"<p>Denne boken er en samling korte fortellinger hvor forfatteren tar utgangspunkt i 21 grunnstoffer som utgj\u00f8r metaforiske springbrett til essayistiske, filosofiske, vitenskapshistoriske og ofte selvbiografiske tekster. Levi skriver om avgj\u00f8rende faser i livet, ungdomstiden i Torino, den f\u00f8rste kj\u00e6rligheten, Mussolinis raselover, Auschwitz, tiden etter andre verdenskrig og kampen for \u00e5 gjenoppta en normal tilv\u00e6relse. Hvert [&hellip;]<\/p>\n","protected":false},"featured_media":24432,"template":"","meta":{"_acf_changed":false,"inline_featured_image":false},"product_brand":[],"product_cat":[20,1785,42,355],"product_tag":[362],"class_list":{"0":"post-21175","1":"product","2":"type-product","3":"status-publish","4":"has-post-thumbnail","6":"product_cat-biografier-og-memoarer","7":"product_cat-fripris","8":"product_cat-noveller","9":"product_cat-tilbud","10":"product_tag-faglitteratur","11":"pa_format-pocket","13":"first","14":"instock","15":"shipping-taxable","16":"purchasable","17":"product-type-simple"},"acf":{"anmeldelse":null},"yoast_head":"<!-- This site is optimized with the Yoast SEO plugin v26.6 - https:\/\/yoast.com\/wordpress\/plugins\/seo\/ -->\n<title>Det periodiske system - Dreyers Forlag<\/title>\n<meta name=\"robots\" content=\"noindex, follow, max-snippet:-1, max-image-preview:large, max-video-preview:-1\" \/>\n<meta property=\"og:locale\" content=\"nb_NO\" \/>\n<meta property=\"og:type\" content=\"article\" \/>\n<meta property=\"og:title\" content=\"Det periodiske system - Dreyers Forlag\" \/>\n<meta property=\"og:description\" content=\"Denne boken er en samling korte fortellinger hvor forfatteren tar utgangspunkt i 21 grunnstoffer som utgj\u00f8r metaforiske springbrett til essayistiske, filosofiske, vitenskapshistoriske og ofte selvbiografiske tekster. Levi skriver om avgj\u00f8rende faser i livet, ungdomstiden i Torino, den f\u00f8rste kj\u00e6rligheten, Mussolinis raselover, Auschwitz, tiden etter andre verdenskrig og kampen for \u00e5 gjenoppta en normal tilv\u00e6relse. Hvert [&hellip;]\" \/>\n<meta property=\"og:url\" content=\"https:\/\/staging.forenteforlag.no\/dreyers\/produkt\/det-periodiske-system\/\" \/>\n<meta property=\"og:site_name\" content=\"Dreyers Forlag\" \/>\n<meta property=\"article:modified_time\" content=\"2026-01-05T04:17:08+00:00\" \/>\n<meta property=\"og:image\" content=\"https:\/\/staging.forenteforlag.no\/dreyers\/wp-content\/uploads\/sites\/2\/2025\/08\/jpg-9342.jpg\" \/>\n\t<meta property=\"og:image:width\" content=\"354\" \/>\n\t<meta property=\"og:image:height\" content=\"567\" \/>\n\t<meta property=\"og:image:type\" content=\"image\/jpeg\" \/>\n<meta name=\"twitter:card\" content=\"summary_large_image\" \/>\n<meta name=\"twitter:label1\" content=\"Ansl. lesetid\" \/>\n\t<meta name=\"twitter:data1\" content=\"1 minutt\" \/>\n<script type=\"application\/ld+json\" class=\"yoast-schema-graph\">{\"@context\":\"https:\/\/schema.org\",\"@graph\":[{\"@type\":\"WebPage\",\"@id\":\"https:\/\/staging.forenteforlag.no\/dreyers\/produkt\/det-periodiske-system\/\",\"url\":\"https:\/\/staging.forenteforlag.no\/dreyers\/produkt\/det-periodiske-system\/\",\"name\":\"Det periodiske system - Dreyers Forlag\",\"isPartOf\":{\"@id\":\"https:\/\/staging.forenteforlag.no\/dreyers\/#website\"},\"primaryImageOfPage\":{\"@id\":\"https:\/\/staging.forenteforlag.no\/dreyers\/produkt\/det-periodiske-system\/#primaryimage\"},\"image\":{\"@id\":\"https:\/\/staging.forenteforlag.no\/dreyers\/produkt\/det-periodiske-system\/#primaryimage\"},\"thumbnailUrl\":\"https:\/\/staging.forenteforlag.no\/dreyers\/wp-content\/uploads\/sites\/2\/2025\/08\/jpg-9342.jpg\",\"datePublished\":\"2023-10-30T00:00:00+00:00\",\"dateModified\":\"2026-01-05T04:17:08+00:00\",\"breadcrumb\":{\"@id\":\"https:\/\/staging.forenteforlag.no\/dreyers\/produkt\/det-periodiske-system\/#breadcrumb\"},\"inLanguage\":\"nb-NO\",\"potentialAction\":[{\"@type\":\"ReadAction\",\"target\":[\"https:\/\/staging.forenteforlag.no\/dreyers\/produkt\/det-periodiske-system\/\"]}]},{\"@type\":\"ImageObject\",\"inLanguage\":\"nb-NO\",\"@id\":\"https:\/\/staging.forenteforlag.no\/dreyers\/produkt\/det-periodiske-system\/#primaryimage\",\"url\":\"https:\/\/staging.forenteforlag.no\/dreyers\/wp-content\/uploads\/sites\/2\/2025\/08\/jpg-9342.jpg\",\"contentUrl\":\"https:\/\/staging.forenteforlag.no\/dreyers\/wp-content\/uploads\/sites\/2\/2025\/08\/jpg-9342.jpg\",\"width\":354,\"height\":567},{\"@type\":\"BreadcrumbList\",\"@id\":\"https:\/\/staging.forenteforlag.no\/dreyers\/produkt\/det-periodiske-system\/#breadcrumb\",\"itemListElement\":[{\"@type\":\"ListItem\",\"position\":1,\"name\":\"Hjem\",\"item\":\"https:\/\/staging.forenteforlag.no\/dreyers\/\"},{\"@type\":\"ListItem\",\"position\":2,\"name\":\"Alle b\u00f8ker\",\"item\":\"https:\/\/staging.forenteforlag.no\/dreyers\/butikk\/\"},{\"@type\":\"ListItem\",\"position\":3,\"name\":\"Det periodiske system\"}]},{\"@type\":\"WebSite\",\"@id\":\"https:\/\/staging.forenteforlag.no\/dreyers\/#website\",\"url\":\"https:\/\/staging.forenteforlag.no\/dreyers\/\",\"name\":\"Dreyers Forlag\",\"description\":\"\",\"potentialAction\":[{\"@type\":\"SearchAction\",\"target\":{\"@type\":\"EntryPoint\",\"urlTemplate\":\"https:\/\/staging.forenteforlag.no\/dreyers\/?s={search_term_string}\"},\"query-input\":{\"@type\":\"PropertyValueSpecification\",\"valueRequired\":true,\"valueName\":\"search_term_string\"}}],\"inLanguage\":\"nb-NO\"}]}<\/script>\n<!-- \/ Yoast SEO plugin. -->","yoast_head_json":{"title":"Det periodiske system - Dreyers Forlag","robots":{"index":"noindex","follow":"follow","max-snippet":"max-snippet:-1","max-image-preview":"max-image-preview:large","max-video-preview":"max-video-preview:-1"},"og_locale":"nb_NO","og_type":"article","og_title":"Det periodiske system - Dreyers Forlag","og_description":"Denne boken er en samling korte fortellinger hvor forfatteren tar utgangspunkt i 21 grunnstoffer som utgj\u00f8r metaforiske springbrett til essayistiske, filosofiske, vitenskapshistoriske og ofte selvbiografiske tekster. Levi skriver om avgj\u00f8rende faser i livet, ungdomstiden i Torino, den f\u00f8rste kj\u00e6rligheten, Mussolinis raselover, Auschwitz, tiden etter andre verdenskrig og kampen for \u00e5 gjenoppta en normal tilv\u00e6relse. Hvert [&hellip;]","og_url":"https:\/\/staging.forenteforlag.no\/dreyers\/produkt\/det-periodiske-system\/","og_site_name":"Dreyers Forlag","article_modified_time":"2026-01-05T04:17:08+00:00","og_image":[{"width":354,"height":567,"url":"https:\/\/staging.forenteforlag.no\/dreyers\/wp-content\/uploads\/sites\/2\/2025\/08\/jpg-9342.jpg","type":"image\/jpeg"}],"twitter_card":"summary_large_image","twitter_misc":{"Ansl. lesetid":"1 minutt"},"schema":{"@context":"https:\/\/schema.org","@graph":[{"@type":"WebPage","@id":"https:\/\/staging.forenteforlag.no\/dreyers\/produkt\/det-periodiske-system\/","url":"https:\/\/staging.forenteforlag.no\/dreyers\/produkt\/det-periodiske-system\/","name":"Det periodiske system - Dreyers Forlag","isPartOf":{"@id":"https:\/\/staging.forenteforlag.no\/dreyers\/#website"},"primaryImageOfPage":{"@id":"https:\/\/staging.forenteforlag.no\/dreyers\/produkt\/det-periodiske-system\/#primaryimage"},"image":{"@id":"https:\/\/staging.forenteforlag.no\/dreyers\/produkt\/det-periodiske-system\/#primaryimage"},"thumbnailUrl":"https:\/\/staging.forenteforlag.no\/dreyers\/wp-content\/uploads\/sites\/2\/2025\/08\/jpg-9342.jpg","datePublished":"2023-10-30T00:00:00+00:00","dateModified":"2026-01-05T04:17:08+00:00","breadcrumb":{"@id":"https:\/\/staging.forenteforlag.no\/dreyers\/produkt\/det-periodiske-system\/#breadcrumb"},"inLanguage":"nb-NO","potentialAction":[{"@type":"ReadAction","target":["https:\/\/staging.forenteforlag.no\/dreyers\/produkt\/det-periodiske-system\/"]}]},{"@type":"ImageObject","inLanguage":"nb-NO","@id":"https:\/\/staging.forenteforlag.no\/dreyers\/produkt\/det-periodiske-system\/#primaryimage","url":"https:\/\/staging.forenteforlag.no\/dreyers\/wp-content\/uploads\/sites\/2\/2025\/08\/jpg-9342.jpg","contentUrl":"https:\/\/staging.forenteforlag.no\/dreyers\/wp-content\/uploads\/sites\/2\/2025\/08\/jpg-9342.jpg","width":354,"height":567},{"@type":"BreadcrumbList","@id":"https:\/\/staging.forenteforlag.no\/dreyers\/produkt\/det-periodiske-system\/#breadcrumb","itemListElement":[{"@type":"ListItem","position":1,"name":"Hjem","item":"https:\/\/staging.forenteforlag.no\/dreyers\/"},{"@type":"ListItem","position":2,"name":"Alle b\u00f8ker","item":"https:\/\/staging.forenteforlag.no\/dreyers\/butikk\/"},{"@type":"ListItem","position":3,"name":"Det periodiske system"}]},{"@type":"WebSite","@id":"https:\/\/staging.forenteforlag.no\/dreyers\/#website","url":"https:\/\/staging.forenteforlag.no\/dreyers\/","name":"Dreyers Forlag","description":"","potentialAction":[{"@type":"SearchAction","target":{"@type":"EntryPoint","urlTemplate":"https:\/\/staging.forenteforlag.no\/dreyers\/?s={search_term_string}"},"query-input":{"@type":"PropertyValueSpecification","valueRequired":true,"valueName":"search_term_string"}}],"inLanguage":"nb-NO"}]}},"_links":{"self":[{"href":"https:\/\/staging.forenteforlag.no\/dreyers\/wp-json\/wp\/v2\/product\/21175","targetHints":{"allow":["GET"]}}],"collection":[{"href":"https:\/\/staging.forenteforlag.no\/dreyers\/wp-json\/wp\/v2\/product"}],"about":[{"href":"https:\/\/staging.forenteforlag.no\/dreyers\/wp-json\/wp\/v2\/types\/product"}],"wp:featuredmedia":[{"embeddable":true,"href":"https:\/\/staging.forenteforlag.no\/dreyers\/wp-json\/wp\/v2\/media\/24432"}],"wp:attachment":[{"href":"https:\/\/staging.forenteforlag.no\/dreyers\/wp-json\/wp\/v2\/media?parent=21175"}],"wp:term":[{"taxonomy":"product_brand","embeddable":true,"href":"https:\/\/staging.forenteforlag.no\/dreyers\/wp-json\/wp\/v2\/product_brand?post=21175"},{"taxonomy":"product_cat","embeddable":true,"href":"https:\/\/staging.forenteforlag.no\/dreyers\/wp-json\/wp\/v2\/product_cat?post=21175"},{"taxonomy":"product_tag","embeddable":true,"href":"https:\/\/staging.forenteforlag.no\/dreyers\/wp-json\/wp\/v2\/product_tag?post=21175"}],"curies":[{"name":"wp","href":"https:\/\/api.w.org\/{rel}","templated":true}]}}