{"id":21167,"date":"2024-02-12T01:00:00","date_gmt":"2024-02-12T00:00:00","guid":{"rendered":"https:\/\/dreyersforlag.forenteforlag.no\/produkt\/farlege-sprak\/"},"modified":"2025-08-27T11:30:09","modified_gmt":"2025-08-27T09:30:09","slug":"farlege-sprak","status":"publish","type":"product","link":"https:\/\/staging.forenteforlag.no\/dreyers\/produkt\/farlege-sprak\/","title":{"rendered":"Farlege spr\u00e5k"},"content":{"rendered":"<p>Ei ten\u00e5ringsjente i Soweto s\u00e5g politiet drepe fredelege studentar som avviste koloniseringsspr\u00e5ket afrikaans. Ein prest i Cornwall hang tre \u00e5r i sitt eige kyrkjet\u00e5rn fordi han st\u00f8tta eit spr\u00e5koppr\u00f8r mot den engelske kyrkja. Ein dansk konge innf\u00f8rte eit prinsipp som blei grunnlaget for norsk spr\u00e5kpolitikk. <\/p>\n<p>Farlege spr\u00e5k er ei historisk lesebok om korleis spr\u00e5kkon.iktar oppst\u00e5r, kor farlege dei kan vere, og korleis dei kan l\u00f8ysast. Ottar Grepstad m\u00f8ter augevitne p\u00e5 .eire kontinent, les bortg\u00f8ymde dokument p\u00e5 ny og fortel andre historier enn dei vanlege om store kon.iktar i verdshistoria. Forfattaren utviklar ei ny forst\u00e5ing av identitetspolitikk, diskuterer problemet mangfald og viser korleis retten til \u00e5 bruke eige spr\u00e5k handlar om makt, demokrati og respekt for mindretal. <\/p>\n<p>Boka opnar med den enkle tanken at spr\u00e5kstrid har vore med og l\u00e6rt nordmenn \u00e5 l\u00f8yse kulturelle kon.iktar utan vald. N\u00e5r boka sluttar, har b\u00e5de forfattaren og lesarane f\u00e5tt mykje \u00e5 tenkje p\u00e5. Ei slik bok har aldri vore skriven p\u00e5 norsk f\u00f8r. Neppe p\u00e5 noko anna spr\u00e5k heller.<\/p>\n","protected":false},"excerpt":{"rendered":"<p>Ei ten\u00e5ringsjente i Soweto s\u00e5g politiet drepe fredelege studentar som avviste koloniseringsspr\u00e5ket afrikaans. Ein prest i Cornwall hang tre \u00e5r i sitt eige kyrkjet\u00e5rn fordi han st\u00f8tta eit spr\u00e5koppr\u00f8r mot den engelske kyrkja. Ein dansk konge innf\u00f8rte eit prinsipp som blei grunnlaget for norsk spr\u00e5kpolitikk. Farlege spr\u00e5k er ei historisk lesebok om korleis spr\u00e5kkon.iktar oppst\u00e5r, [&hellip;]<\/p>\n","protected":false},"featured_media":24330,"template":"","meta":{"_acf_changed":false,"inline_featured_image":false},"product_brand":[],"product_cat":[1785,23,33,355],"product_tag":[362,574,1125],"class_list":{"0":"post-21167","1":"product","2":"type-product","3":"status-publish","4":"has-post-thumbnail","6":"product_cat-fripris","7":"product_cat-historie","8":"product_cat-sprak","9":"product_cat-tilbud","10":"product_tag-faglitteratur","11":"product_tag-sprakhistorie","12":"product_tag-spraksosiologi","13":"pa_format-innbundet","15":"first","16":"instock","17":"shipping-taxable","18":"purchasable","19":"product-type-simple"},"acf":{"anmeldelse":null},"yoast_head":"<!-- This site is optimized with the Yoast SEO plugin v26.6 - https:\/\/yoast.com\/wordpress\/plugins\/seo\/ -->\n<title>Farlege spr\u00e5k - Dreyers Forlag<\/title>\n<meta name=\"robots\" content=\"noindex, follow, max-snippet:-1, max-image-preview:large, max-video-preview:-1\" \/>\n<meta property=\"og:locale\" content=\"nb_NO\" \/>\n<meta property=\"og:type\" content=\"article\" \/>\n<meta property=\"og:title\" content=\"Farlege spr\u00e5k - Dreyers Forlag\" \/>\n<meta property=\"og:description\" content=\"Ei ten\u00e5ringsjente i Soweto s\u00e5g politiet drepe fredelege studentar som avviste koloniseringsspr\u00e5ket afrikaans. Ein prest i Cornwall hang tre \u00e5r i sitt eige kyrkjet\u00e5rn fordi han st\u00f8tta eit spr\u00e5koppr\u00f8r mot den engelske kyrkja. Ein dansk konge innf\u00f8rte eit prinsipp som blei grunnlaget for norsk spr\u00e5kpolitikk. Farlege spr\u00e5k er ei historisk lesebok om korleis spr\u00e5kkon.iktar oppst\u00e5r, [&hellip;]\" \/>\n<meta property=\"og:url\" content=\"https:\/\/staging.forenteforlag.no\/dreyers\/produkt\/farlege-sprak\/\" \/>\n<meta property=\"og:site_name\" content=\"Dreyers Forlag\" \/>\n<meta property=\"article:modified_time\" content=\"2025-08-27T09:30:09+00:00\" \/>\n<meta property=\"og:image\" content=\"https:\/\/staging.forenteforlag.no\/dreyers\/wp-content\/uploads\/sites\/2\/2025\/08\/jpg-8422-scaled.jpg\" \/>\n\t<meta property=\"og:image:width\" content=\"1289\" \/>\n\t<meta property=\"og:image:height\" content=\"1920\" \/>\n\t<meta property=\"og:image:type\" content=\"image\/jpeg\" \/>\n<meta name=\"twitter:card\" content=\"summary_large_image\" \/>\n<meta name=\"twitter:label1\" content=\"Ansl. lesetid\" \/>\n\t<meta name=\"twitter:data1\" content=\"1 minutt\" \/>\n<script type=\"application\/ld+json\" class=\"yoast-schema-graph\">{\"@context\":\"https:\/\/schema.org\",\"@graph\":[{\"@type\":\"WebPage\",\"@id\":\"https:\/\/staging.forenteforlag.no\/dreyers\/produkt\/farlege-sprak\/\",\"url\":\"https:\/\/staging.forenteforlag.no\/dreyers\/produkt\/farlege-sprak\/\",\"name\":\"Farlege spr\u00e5k - Dreyers Forlag\",\"isPartOf\":{\"@id\":\"https:\/\/staging.forenteforlag.no\/dreyers\/#website\"},\"primaryImageOfPage\":{\"@id\":\"https:\/\/staging.forenteforlag.no\/dreyers\/produkt\/farlege-sprak\/#primaryimage\"},\"image\":{\"@id\":\"https:\/\/staging.forenteforlag.no\/dreyers\/produkt\/farlege-sprak\/#primaryimage\"},\"thumbnailUrl\":\"https:\/\/staging.forenteforlag.no\/dreyers\/wp-content\/uploads\/sites\/2\/2025\/08\/jpg-8422-scaled.jpg\",\"datePublished\":\"2024-02-12T00:00:00+00:00\",\"dateModified\":\"2025-08-27T09:30:09+00:00\",\"breadcrumb\":{\"@id\":\"https:\/\/staging.forenteforlag.no\/dreyers\/produkt\/farlege-sprak\/#breadcrumb\"},\"inLanguage\":\"nb-NO\",\"potentialAction\":[{\"@type\":\"ReadAction\",\"target\":[\"https:\/\/staging.forenteforlag.no\/dreyers\/produkt\/farlege-sprak\/\"]}]},{\"@type\":\"ImageObject\",\"inLanguage\":\"nb-NO\",\"@id\":\"https:\/\/staging.forenteforlag.no\/dreyers\/produkt\/farlege-sprak\/#primaryimage\",\"url\":\"https:\/\/staging.forenteforlag.no\/dreyers\/wp-content\/uploads\/sites\/2\/2025\/08\/jpg-8422-scaled.jpg\",\"contentUrl\":\"https:\/\/staging.forenteforlag.no\/dreyers\/wp-content\/uploads\/sites\/2\/2025\/08\/jpg-8422-scaled.jpg\",\"width\":1289,\"height\":1920},{\"@type\":\"BreadcrumbList\",\"@id\":\"https:\/\/staging.forenteforlag.no\/dreyers\/produkt\/farlege-sprak\/#breadcrumb\",\"itemListElement\":[{\"@type\":\"ListItem\",\"position\":1,\"name\":\"Hjem\",\"item\":\"https:\/\/staging.forenteforlag.no\/dreyers\/\"},{\"@type\":\"ListItem\",\"position\":2,\"name\":\"Alle b\u00f8ker\",\"item\":\"https:\/\/staging.forenteforlag.no\/dreyers\/butikk\/\"},{\"@type\":\"ListItem\",\"position\":3,\"name\":\"Farlege spr\u00e5k\"}]},{\"@type\":\"WebSite\",\"@id\":\"https:\/\/staging.forenteforlag.no\/dreyers\/#website\",\"url\":\"https:\/\/staging.forenteforlag.no\/dreyers\/\",\"name\":\"Dreyers Forlag\",\"description\":\"\",\"potentialAction\":[{\"@type\":\"SearchAction\",\"target\":{\"@type\":\"EntryPoint\",\"urlTemplate\":\"https:\/\/staging.forenteforlag.no\/dreyers\/?s={search_term_string}\"},\"query-input\":{\"@type\":\"PropertyValueSpecification\",\"valueRequired\":true,\"valueName\":\"search_term_string\"}}],\"inLanguage\":\"nb-NO\"}]}<\/script>\n<!-- \/ Yoast SEO plugin. -->","yoast_head_json":{"title":"Farlege spr\u00e5k - Dreyers Forlag","robots":{"index":"noindex","follow":"follow","max-snippet":"max-snippet:-1","max-image-preview":"max-image-preview:large","max-video-preview":"max-video-preview:-1"},"og_locale":"nb_NO","og_type":"article","og_title":"Farlege spr\u00e5k - Dreyers Forlag","og_description":"Ei ten\u00e5ringsjente i Soweto s\u00e5g politiet drepe fredelege studentar som avviste koloniseringsspr\u00e5ket afrikaans. Ein prest i Cornwall hang tre \u00e5r i sitt eige kyrkjet\u00e5rn fordi han st\u00f8tta eit spr\u00e5koppr\u00f8r mot den engelske kyrkja. Ein dansk konge innf\u00f8rte eit prinsipp som blei grunnlaget for norsk spr\u00e5kpolitikk. Farlege spr\u00e5k er ei historisk lesebok om korleis spr\u00e5kkon.iktar oppst\u00e5r, [&hellip;]","og_url":"https:\/\/staging.forenteforlag.no\/dreyers\/produkt\/farlege-sprak\/","og_site_name":"Dreyers Forlag","article_modified_time":"2025-08-27T09:30:09+00:00","og_image":[{"width":1289,"height":1920,"url":"https:\/\/staging.forenteforlag.no\/dreyers\/wp-content\/uploads\/sites\/2\/2025\/08\/jpg-8422-scaled.jpg","type":"image\/jpeg"}],"twitter_card":"summary_large_image","twitter_misc":{"Ansl. lesetid":"1 minutt"},"schema":{"@context":"https:\/\/schema.org","@graph":[{"@type":"WebPage","@id":"https:\/\/staging.forenteforlag.no\/dreyers\/produkt\/farlege-sprak\/","url":"https:\/\/staging.forenteforlag.no\/dreyers\/produkt\/farlege-sprak\/","name":"Farlege spr\u00e5k - Dreyers Forlag","isPartOf":{"@id":"https:\/\/staging.forenteforlag.no\/dreyers\/#website"},"primaryImageOfPage":{"@id":"https:\/\/staging.forenteforlag.no\/dreyers\/produkt\/farlege-sprak\/#primaryimage"},"image":{"@id":"https:\/\/staging.forenteforlag.no\/dreyers\/produkt\/farlege-sprak\/#primaryimage"},"thumbnailUrl":"https:\/\/staging.forenteforlag.no\/dreyers\/wp-content\/uploads\/sites\/2\/2025\/08\/jpg-8422-scaled.jpg","datePublished":"2024-02-12T00:00:00+00:00","dateModified":"2025-08-27T09:30:09+00:00","breadcrumb":{"@id":"https:\/\/staging.forenteforlag.no\/dreyers\/produkt\/farlege-sprak\/#breadcrumb"},"inLanguage":"nb-NO","potentialAction":[{"@type":"ReadAction","target":["https:\/\/staging.forenteforlag.no\/dreyers\/produkt\/farlege-sprak\/"]}]},{"@type":"ImageObject","inLanguage":"nb-NO","@id":"https:\/\/staging.forenteforlag.no\/dreyers\/produkt\/farlege-sprak\/#primaryimage","url":"https:\/\/staging.forenteforlag.no\/dreyers\/wp-content\/uploads\/sites\/2\/2025\/08\/jpg-8422-scaled.jpg","contentUrl":"https:\/\/staging.forenteforlag.no\/dreyers\/wp-content\/uploads\/sites\/2\/2025\/08\/jpg-8422-scaled.jpg","width":1289,"height":1920},{"@type":"BreadcrumbList","@id":"https:\/\/staging.forenteforlag.no\/dreyers\/produkt\/farlege-sprak\/#breadcrumb","itemListElement":[{"@type":"ListItem","position":1,"name":"Hjem","item":"https:\/\/staging.forenteforlag.no\/dreyers\/"},{"@type":"ListItem","position":2,"name":"Alle b\u00f8ker","item":"https:\/\/staging.forenteforlag.no\/dreyers\/butikk\/"},{"@type":"ListItem","position":3,"name":"Farlege spr\u00e5k"}]},{"@type":"WebSite","@id":"https:\/\/staging.forenteforlag.no\/dreyers\/#website","url":"https:\/\/staging.forenteforlag.no\/dreyers\/","name":"Dreyers Forlag","description":"","potentialAction":[{"@type":"SearchAction","target":{"@type":"EntryPoint","urlTemplate":"https:\/\/staging.forenteforlag.no\/dreyers\/?s={search_term_string}"},"query-input":{"@type":"PropertyValueSpecification","valueRequired":true,"valueName":"search_term_string"}}],"inLanguage":"nb-NO"}]}},"_links":{"self":[{"href":"https:\/\/staging.forenteforlag.no\/dreyers\/wp-json\/wp\/v2\/product\/21167","targetHints":{"allow":["GET"]}}],"collection":[{"href":"https:\/\/staging.forenteforlag.no\/dreyers\/wp-json\/wp\/v2\/product"}],"about":[{"href":"https:\/\/staging.forenteforlag.no\/dreyers\/wp-json\/wp\/v2\/types\/product"}],"wp:featuredmedia":[{"embeddable":true,"href":"https:\/\/staging.forenteforlag.no\/dreyers\/wp-json\/wp\/v2\/media\/24330"}],"wp:attachment":[{"href":"https:\/\/staging.forenteforlag.no\/dreyers\/wp-json\/wp\/v2\/media?parent=21167"}],"wp:term":[{"taxonomy":"product_brand","embeddable":true,"href":"https:\/\/staging.forenteforlag.no\/dreyers\/wp-json\/wp\/v2\/product_brand?post=21167"},{"taxonomy":"product_cat","embeddable":true,"href":"https:\/\/staging.forenteforlag.no\/dreyers\/wp-json\/wp\/v2\/product_cat?post=21167"},{"taxonomy":"product_tag","embeddable":true,"href":"https:\/\/staging.forenteforlag.no\/dreyers\/wp-json\/wp\/v2\/product_tag?post=21167"}],"curies":[{"name":"wp","href":"https:\/\/api.w.org\/{rel}","templated":true}]}}