{"id":21165,"date":"2024-02-29T01:00:00","date_gmt":"2024-02-29T00:00:00","guid":{"rendered":"https:\/\/dreyersforlag.forenteforlag.no\/produkt\/en-smal-bro-over-avgrunnen\/"},"modified":"2025-08-27T09:01:14","modified_gmt":"2025-08-27T07:01:14","slug":"en-smal-bro-over-avgrunnen","status":"publish","type":"product","link":"https:\/\/staging.forenteforlag.no\/dreyers\/produkt\/en-smal-bro-over-avgrunnen\/","title":{"rendered":"En smal bro over avgrunnen"},"content":{"rendered":"<p>Terrorangrepet mot Israel den 7. oktober og den p\u00e5f\u00f8lgende krigen i Gaza har vekket dype traumer hos b\u00e5de j\u00f8der og palestinere. Den langvarige krigen i Midt\u00f8sten handler om eksistens og overlevelse, og den utkjempes ogs\u00e5 i den vestlige offentligheten, p\u00e5 gatene og universitetene.<\/p>\n<p>Martin Krasnik forteller om konflikten som er vevd inn i hans egen historie: Om \u00e5 f\u00f8le seg hjeml\u00f8s som dansk j\u00f8de, om hans forhold til b\u00e5de Israel og palestinerne, om avmakten og hans h\u00e5p for fremtiden.<\/p>\n","protected":false},"excerpt":{"rendered":"<p>Terrorangrepet mot Israel den 7. oktober og den p\u00e5f\u00f8lgende krigen i Gaza har vekket dype traumer hos b\u00e5de j\u00f8der og palestinere. Den langvarige krigen i Midt\u00f8sten handler om eksistens og overlevelse, og den utkjempes ogs\u00e5 i den vestlige offentligheten, p\u00e5 gatene og universitetene. Martin Krasnik forteller om konflikten som er vevd inn i hans egen [&hellip;]<\/p>\n","protected":false},"featured_media":24150,"template":"","meta":{"_acf_changed":false,"inline_featured_image":false},"product_brand":[],"product_cat":[1785,32],"product_tag":[362,555,476,958,589],"class_list":{"0":"post-21165","1":"product","2":"type-product","3":"status-publish","4":"has-post-thumbnail","6":"product_cat-fripris","7":"product_cat-samfunn-og-politikk","8":"product_tag-faglitteratur","9":"product_tag-internasjonal-politikk","10":"product_tag-israel","11":"product_tag-palestina","12":"product_tag-vaepnede-konflikter","13":"pa_format-innbundet","15":"first","16":"instock","17":"shipping-taxable","18":"purchasable","19":"product-type-simple"},"acf":{"anmeldelse":[{"tekst_anmeldelser":"\u00abDet er rett og slett en glimrende, nyansert, innsiktsfull, konsis og r\u00f8rende bok\u00bb","av_anmeldelser":"David Trads","terningkast":"<i class=\"fa-solid fa-dice-five\"><\/i>","kilde":"Jyllands-Posten"},{"tekst_anmeldelser":"\u00abMartin Krasnik har skrive ein viktig appell om gjensidig vilje til forst\u00e5ing, sj\u00f8lvransaking og mot. Den fortener \u00e5 bli lesen av mange.\u00bb","av_anmeldelser":"Tom Hetland","terningkast":"<i class=\"fa-solid fa-dice-five\"><\/i>","kilde":"Stavanger Aftenblad"},{"tekst_anmeldelser":"\u00abMartin Krasnik har skrevet en fremragende bok om 7. oktober, j\u00f8dene og palestinerne, krigen, fremtidsh\u00e5pet og frykten som j\u00f8de i Danmark. Og han argumenterer overbevisende for det han mener m\u00e5 v\u00e6re veien ut av konflikt og krig.\u00bb","av_anmeldelser":"Peter Lautrup-Larsen","terningkast":"<i class=\"fa-solid fa-dice-five\"><\/i>","kilde":"Berlingske"},{"tekst_anmeldelser":"\u00abMartin Krasnik har skrevet en veldig fin bok for alle de som vil bak slagordene, og forst\u00e5 mer av konflikten [.] En smal bro over avgrunnen er en velskrevet, medrivende og skarp analyse.\u00bb","av_anmeldelser":"Erik Lunde","terningkast":false,"kilde":"V\u00e5rt Land"}]},"yoast_head":"<!-- This site is optimized with the Yoast SEO plugin v26.6 - https:\/\/yoast.com\/wordpress\/plugins\/seo\/ -->\n<title>En smal bro over avgrunnen - Dreyers Forlag<\/title>\n<meta name=\"robots\" content=\"noindex, follow, max-snippet:-1, max-image-preview:large, max-video-preview:-1\" \/>\n<meta property=\"og:locale\" content=\"nb_NO\" \/>\n<meta property=\"og:type\" content=\"article\" \/>\n<meta property=\"og:title\" content=\"En smal bro over avgrunnen - Dreyers Forlag\" \/>\n<meta property=\"og:description\" content=\"Terrorangrepet mot Israel den 7. oktober og den p\u00e5f\u00f8lgende krigen i Gaza har vekket dype traumer hos b\u00e5de j\u00f8der og palestinere. Den langvarige krigen i Midt\u00f8sten handler om eksistens og overlevelse, og den utkjempes ogs\u00e5 i den vestlige offentligheten, p\u00e5 gatene og universitetene. Martin Krasnik forteller om konflikten som er vevd inn i hans egen [&hellip;]\" \/>\n<meta property=\"og:url\" content=\"https:\/\/staging.forenteforlag.no\/dreyers\/produkt\/en-smal-bro-over-avgrunnen\/\" \/>\n<meta property=\"og:site_name\" content=\"Dreyers Forlag\" \/>\n<meta property=\"article:modified_time\" content=\"2025-08-27T07:01:14+00:00\" \/>\n<meta property=\"og:image\" content=\"https:\/\/staging.forenteforlag.no\/dreyers\/wp-content\/uploads\/sites\/2\/2025\/08\/jpg-6684-scaled.jpg\" \/>\n\t<meta property=\"og:image:width\" content=\"1204\" \/>\n\t<meta property=\"og:image:height\" content=\"1920\" \/>\n\t<meta property=\"og:image:type\" content=\"image\/jpeg\" \/>\n<meta name=\"twitter:card\" content=\"summary_large_image\" \/>\n<script type=\"application\/ld+json\" class=\"yoast-schema-graph\">{\"@context\":\"https:\/\/schema.org\",\"@graph\":[{\"@type\":\"WebPage\",\"@id\":\"https:\/\/staging.forenteforlag.no\/dreyers\/produkt\/en-smal-bro-over-avgrunnen\/\",\"url\":\"https:\/\/staging.forenteforlag.no\/dreyers\/produkt\/en-smal-bro-over-avgrunnen\/\",\"name\":\"En smal bro over avgrunnen - Dreyers Forlag\",\"isPartOf\":{\"@id\":\"https:\/\/staging.forenteforlag.no\/dreyers\/#website\"},\"primaryImageOfPage\":{\"@id\":\"https:\/\/staging.forenteforlag.no\/dreyers\/produkt\/en-smal-bro-over-avgrunnen\/#primaryimage\"},\"image\":{\"@id\":\"https:\/\/staging.forenteforlag.no\/dreyers\/produkt\/en-smal-bro-over-avgrunnen\/#primaryimage\"},\"thumbnailUrl\":\"https:\/\/staging.forenteforlag.no\/dreyers\/wp-content\/uploads\/sites\/2\/2025\/08\/jpg-6684-scaled.jpg\",\"datePublished\":\"2024-02-29T00:00:00+00:00\",\"dateModified\":\"2025-08-27T07:01:14+00:00\",\"breadcrumb\":{\"@id\":\"https:\/\/staging.forenteforlag.no\/dreyers\/produkt\/en-smal-bro-over-avgrunnen\/#breadcrumb\"},\"inLanguage\":\"nb-NO\",\"potentialAction\":[{\"@type\":\"ReadAction\",\"target\":[\"https:\/\/staging.forenteforlag.no\/dreyers\/produkt\/en-smal-bro-over-avgrunnen\/\"]}]},{\"@type\":\"ImageObject\",\"inLanguage\":\"nb-NO\",\"@id\":\"https:\/\/staging.forenteforlag.no\/dreyers\/produkt\/en-smal-bro-over-avgrunnen\/#primaryimage\",\"url\":\"https:\/\/staging.forenteforlag.no\/dreyers\/wp-content\/uploads\/sites\/2\/2025\/08\/jpg-6684-scaled.jpg\",\"contentUrl\":\"https:\/\/staging.forenteforlag.no\/dreyers\/wp-content\/uploads\/sites\/2\/2025\/08\/jpg-6684-scaled.jpg\",\"width\":1204,\"height\":1920},{\"@type\":\"BreadcrumbList\",\"@id\":\"https:\/\/staging.forenteforlag.no\/dreyers\/produkt\/en-smal-bro-over-avgrunnen\/#breadcrumb\",\"itemListElement\":[{\"@type\":\"ListItem\",\"position\":1,\"name\":\"Hjem\",\"item\":\"https:\/\/staging.forenteforlag.no\/dreyers\/\"},{\"@type\":\"ListItem\",\"position\":2,\"name\":\"Alle b\u00f8ker\",\"item\":\"https:\/\/staging.forenteforlag.no\/dreyers\/butikk\/\"},{\"@type\":\"ListItem\",\"position\":3,\"name\":\"En smal bro over avgrunnen\"}]},{\"@type\":\"WebSite\",\"@id\":\"https:\/\/staging.forenteforlag.no\/dreyers\/#website\",\"url\":\"https:\/\/staging.forenteforlag.no\/dreyers\/\",\"name\":\"Dreyers Forlag\",\"description\":\"\",\"potentialAction\":[{\"@type\":\"SearchAction\",\"target\":{\"@type\":\"EntryPoint\",\"urlTemplate\":\"https:\/\/staging.forenteforlag.no\/dreyers\/?s={search_term_string}\"},\"query-input\":{\"@type\":\"PropertyValueSpecification\",\"valueRequired\":true,\"valueName\":\"search_term_string\"}}],\"inLanguage\":\"nb-NO\"}]}<\/script>\n<!-- \/ Yoast SEO plugin. -->","yoast_head_json":{"title":"En smal bro over avgrunnen - Dreyers Forlag","robots":{"index":"noindex","follow":"follow","max-snippet":"max-snippet:-1","max-image-preview":"max-image-preview:large","max-video-preview":"max-video-preview:-1"},"og_locale":"nb_NO","og_type":"article","og_title":"En smal bro over avgrunnen - Dreyers Forlag","og_description":"Terrorangrepet mot Israel den 7. oktober og den p\u00e5f\u00f8lgende krigen i Gaza har vekket dype traumer hos b\u00e5de j\u00f8der og palestinere. Den langvarige krigen i Midt\u00f8sten handler om eksistens og overlevelse, og den utkjempes ogs\u00e5 i den vestlige offentligheten, p\u00e5 gatene og universitetene. Martin Krasnik forteller om konflikten som er vevd inn i hans egen [&hellip;]","og_url":"https:\/\/staging.forenteforlag.no\/dreyers\/produkt\/en-smal-bro-over-avgrunnen\/","og_site_name":"Dreyers Forlag","article_modified_time":"2025-08-27T07:01:14+00:00","og_image":[{"width":1204,"height":1920,"url":"https:\/\/staging.forenteforlag.no\/dreyers\/wp-content\/uploads\/sites\/2\/2025\/08\/jpg-6684-scaled.jpg","type":"image\/jpeg"}],"twitter_card":"summary_large_image","schema":{"@context":"https:\/\/schema.org","@graph":[{"@type":"WebPage","@id":"https:\/\/staging.forenteforlag.no\/dreyers\/produkt\/en-smal-bro-over-avgrunnen\/","url":"https:\/\/staging.forenteforlag.no\/dreyers\/produkt\/en-smal-bro-over-avgrunnen\/","name":"En smal bro over avgrunnen - Dreyers Forlag","isPartOf":{"@id":"https:\/\/staging.forenteforlag.no\/dreyers\/#website"},"primaryImageOfPage":{"@id":"https:\/\/staging.forenteforlag.no\/dreyers\/produkt\/en-smal-bro-over-avgrunnen\/#primaryimage"},"image":{"@id":"https:\/\/staging.forenteforlag.no\/dreyers\/produkt\/en-smal-bro-over-avgrunnen\/#primaryimage"},"thumbnailUrl":"https:\/\/staging.forenteforlag.no\/dreyers\/wp-content\/uploads\/sites\/2\/2025\/08\/jpg-6684-scaled.jpg","datePublished":"2024-02-29T00:00:00+00:00","dateModified":"2025-08-27T07:01:14+00:00","breadcrumb":{"@id":"https:\/\/staging.forenteforlag.no\/dreyers\/produkt\/en-smal-bro-over-avgrunnen\/#breadcrumb"},"inLanguage":"nb-NO","potentialAction":[{"@type":"ReadAction","target":["https:\/\/staging.forenteforlag.no\/dreyers\/produkt\/en-smal-bro-over-avgrunnen\/"]}]},{"@type":"ImageObject","inLanguage":"nb-NO","@id":"https:\/\/staging.forenteforlag.no\/dreyers\/produkt\/en-smal-bro-over-avgrunnen\/#primaryimage","url":"https:\/\/staging.forenteforlag.no\/dreyers\/wp-content\/uploads\/sites\/2\/2025\/08\/jpg-6684-scaled.jpg","contentUrl":"https:\/\/staging.forenteforlag.no\/dreyers\/wp-content\/uploads\/sites\/2\/2025\/08\/jpg-6684-scaled.jpg","width":1204,"height":1920},{"@type":"BreadcrumbList","@id":"https:\/\/staging.forenteforlag.no\/dreyers\/produkt\/en-smal-bro-over-avgrunnen\/#breadcrumb","itemListElement":[{"@type":"ListItem","position":1,"name":"Hjem","item":"https:\/\/staging.forenteforlag.no\/dreyers\/"},{"@type":"ListItem","position":2,"name":"Alle b\u00f8ker","item":"https:\/\/staging.forenteforlag.no\/dreyers\/butikk\/"},{"@type":"ListItem","position":3,"name":"En smal bro over avgrunnen"}]},{"@type":"WebSite","@id":"https:\/\/staging.forenteforlag.no\/dreyers\/#website","url":"https:\/\/staging.forenteforlag.no\/dreyers\/","name":"Dreyers Forlag","description":"","potentialAction":[{"@type":"SearchAction","target":{"@type":"EntryPoint","urlTemplate":"https:\/\/staging.forenteforlag.no\/dreyers\/?s={search_term_string}"},"query-input":{"@type":"PropertyValueSpecification","valueRequired":true,"valueName":"search_term_string"}}],"inLanguage":"nb-NO"}]}},"_links":{"self":[{"href":"https:\/\/staging.forenteforlag.no\/dreyers\/wp-json\/wp\/v2\/product\/21165","targetHints":{"allow":["GET"]}}],"collection":[{"href":"https:\/\/staging.forenteforlag.no\/dreyers\/wp-json\/wp\/v2\/product"}],"about":[{"href":"https:\/\/staging.forenteforlag.no\/dreyers\/wp-json\/wp\/v2\/types\/product"}],"wp:featuredmedia":[{"embeddable":true,"href":"https:\/\/staging.forenteforlag.no\/dreyers\/wp-json\/wp\/v2\/media\/24150"}],"wp:attachment":[{"href":"https:\/\/staging.forenteforlag.no\/dreyers\/wp-json\/wp\/v2\/media?parent=21165"}],"wp:term":[{"taxonomy":"product_brand","embeddable":true,"href":"https:\/\/staging.forenteforlag.no\/dreyers\/wp-json\/wp\/v2\/product_brand?post=21165"},{"taxonomy":"product_cat","embeddable":true,"href":"https:\/\/staging.forenteforlag.no\/dreyers\/wp-json\/wp\/v2\/product_cat?post=21165"},{"taxonomy":"product_tag","embeddable":true,"href":"https:\/\/staging.forenteforlag.no\/dreyers\/wp-json\/wp\/v2\/product_tag?post=21165"}],"curies":[{"name":"wp","href":"https:\/\/api.w.org\/{rel}","templated":true}]}}