{"id":21149,"date":"2024-08-29T02:00:00","date_gmt":"2024-08-29T00:00:00","guid":{"rendered":"https:\/\/dreyersforlag.forenteforlag.no\/produkt\/trump-og-fascismen-2\/"},"modified":"2025-09-02T07:59:48","modified_gmt":"2025-09-02T05:59:48","slug":"trump-og-fascismen-2","status":"publish","type":"product","link":"https:\/\/staging.forenteforlag.no\/dreyers\/produkt\/trump-og-fascismen-2\/","title":{"rendered":"Trump og fascismen"},"content":{"rendered":"<p>Fascisme brukes i dag mest som skjellsord, men fenomenet er igjen aktuelt fordi autorit\u00e6re regimer vokser frem i mange deler av verden, og ikke minst p\u00e5 grunn av mulighetene for at Trump tar over igjen som president i USA i 2025.&nbsp;<\/p>\n<p>Boken beskriver grunntrekk i den historiske fascismen og analyserer hvordan Trump passer inn i dette ideologiske bildet. P\u00e5 noen omr\u00e5der kan vi hake av for rimelig samsvar, p\u00e5 andre ikke. Blant Trumps tilhengere finnes klarere fascistiske trekk enn hos Trump selv. Det ropes fra h\u00f8yreintellektuelle om en \u00abny r\u00f8d C\u00e6sar\u00bb. Trump-fenomenet ses ogs\u00e5 i lys av en mer dynamisk forst\u00e5else av fascismen: Hvordan ville den arte seg i dag?&nbsp;<\/p>\n<p>Dersom Trump vinner valget betyr det at et flertall av velgerne ikke ser hans fors\u00f8k p\u00e5 \u00e5 sette demokratiet, rettsstaten og grunnloven til side etter valgnederlaget i 2020 som diskvalifiserende. Trump vil ogs\u00e5 v\u00e6re frigjort fra de moderate republikanerne som delvis holdt ham i sjakk i f\u00f8rste periode. Hans r\u00e5dgivere vil denne gangen v\u00e6re ja-menn. Trump blir en trussel b\u00e5de mot USA og verden.<\/p>\n","protected":false},"excerpt":{"rendered":"<p>Fascisme brukes i dag mest som skjellsord, men fenomenet er igjen aktuelt fordi autorit\u00e6re regimer vokser frem i mange deler av verden, og ikke minst p\u00e5 grunn av mulighetene for at Trump tar over igjen som president i USA i 2025.&nbsp; Boken beskriver grunntrekk i den historiske fascismen og analyserer hvordan Trump passer inn i [&hellip;]<\/p>\n","protected":false},"featured_media":24009,"template":"","meta":{"_acf_changed":false,"inline_featured_image":false},"product_brand":[],"product_cat":[1784,32],"product_tag":[367,1093,362,909,572,895,392,434],"class_list":{"0":"post-21149","1":"product","2":"type-product","3":"status-publish","4":"has-post-thumbnail","6":"product_cat-fastpris","7":"product_cat-samfunn-og-politikk","8":"product_tag-2010-2019","9":"product_tag-2020-2029","10":"product_tag-faglitteratur","11":"product_tag-fascisme","12":"product_tag-politiske-valg","13":"product_tag-presidenter","14":"product_tag-samfunnsanalyse","15":"product_tag-usa","16":"pa_format-innbundet","18":"first","19":"instock","20":"shipping-taxable","21":"purchasable","22":"product-type-simple"},"acf":{"anmeldelse":[{"tekst_anmeldelser":"\u00abI denne boka tar Snoen Trump p\u00e5 alvor, og det er ikke sm\u00e5tterier forfatteren her graver fram. [\u2026] Trumps antidemokratiske ambisjoner dokumenterer han godt i denne boka.\u00bb","av_anmeldelser":"Jan-Erik \u00d8stlie","terningkast":false,"kilde":"LO Media"},{"tekst_anmeldelser":"\u00abEn interessant og velskrevet bok\u00bb","av_anmeldelser":"Espen Ottosen","terningkast":false,"kilde":"Dagen"}]},"yoast_head":"<!-- This site is optimized with the Yoast SEO plugin v26.6 - https:\/\/yoast.com\/wordpress\/plugins\/seo\/ -->\n<title>Trump og fascismen - Dreyers Forlag<\/title>\n<meta name=\"robots\" content=\"noindex, follow, max-snippet:-1, max-image-preview:large, max-video-preview:-1\" \/>\n<meta property=\"og:locale\" content=\"nb_NO\" \/>\n<meta property=\"og:type\" content=\"article\" \/>\n<meta property=\"og:title\" content=\"Trump og fascismen - Dreyers Forlag\" \/>\n<meta property=\"og:description\" content=\"Fascisme brukes i dag mest som skjellsord, men fenomenet er igjen aktuelt fordi autorit\u00e6re regimer vokser frem i mange deler av verden, og ikke minst p\u00e5 grunn av mulighetene for at Trump tar over igjen som president i USA i 2025.&nbsp; Boken beskriver grunntrekk i den historiske fascismen og analyserer hvordan Trump passer inn i [&hellip;]\" \/>\n<meta property=\"og:url\" content=\"https:\/\/staging.forenteforlag.no\/dreyers\/produkt\/trump-og-fascismen-2\/\" \/>\n<meta property=\"og:site_name\" content=\"Dreyers Forlag\" \/>\n<meta property=\"article:modified_time\" content=\"2025-09-02T05:59:48+00:00\" \/>\n<meta property=\"og:image\" content=\"https:\/\/staging.forenteforlag.no\/dreyers\/wp-content\/uploads\/sites\/2\/2025\/08\/jpg-5428-scaled-1-scaled.jpg\" \/>\n\t<meta property=\"og:image:width\" content=\"1346\" \/>\n\t<meta property=\"og:image:height\" content=\"1920\" \/>\n\t<meta property=\"og:image:type\" content=\"image\/jpeg\" \/>\n<meta name=\"twitter:card\" content=\"summary_large_image\" \/>\n<meta name=\"twitter:label1\" content=\"Ansl. lesetid\" \/>\n\t<meta name=\"twitter:data1\" content=\"1 minutt\" \/>\n<script type=\"application\/ld+json\" class=\"yoast-schema-graph\">{\"@context\":\"https:\/\/schema.org\",\"@graph\":[{\"@type\":\"WebPage\",\"@id\":\"https:\/\/staging.forenteforlag.no\/dreyers\/produkt\/trump-og-fascismen-2\/\",\"url\":\"https:\/\/staging.forenteforlag.no\/dreyers\/produkt\/trump-og-fascismen-2\/\",\"name\":\"Trump og fascismen - Dreyers Forlag\",\"isPartOf\":{\"@id\":\"https:\/\/staging.forenteforlag.no\/dreyers\/#website\"},\"primaryImageOfPage\":{\"@id\":\"https:\/\/staging.forenteforlag.no\/dreyers\/produkt\/trump-og-fascismen-2\/#primaryimage\"},\"image\":{\"@id\":\"https:\/\/staging.forenteforlag.no\/dreyers\/produkt\/trump-og-fascismen-2\/#primaryimage\"},\"thumbnailUrl\":\"https:\/\/staging.forenteforlag.no\/dreyers\/wp-content\/uploads\/sites\/2\/2025\/08\/jpg-5428-scaled-1-scaled.jpg\",\"datePublished\":\"2024-08-29T00:00:00+00:00\",\"dateModified\":\"2025-09-02T05:59:48+00:00\",\"breadcrumb\":{\"@id\":\"https:\/\/staging.forenteforlag.no\/dreyers\/produkt\/trump-og-fascismen-2\/#breadcrumb\"},\"inLanguage\":\"nb-NO\",\"potentialAction\":[{\"@type\":\"ReadAction\",\"target\":[\"https:\/\/staging.forenteforlag.no\/dreyers\/produkt\/trump-og-fascismen-2\/\"]}]},{\"@type\":\"ImageObject\",\"inLanguage\":\"nb-NO\",\"@id\":\"https:\/\/staging.forenteforlag.no\/dreyers\/produkt\/trump-og-fascismen-2\/#primaryimage\",\"url\":\"https:\/\/staging.forenteforlag.no\/dreyers\/wp-content\/uploads\/sites\/2\/2025\/08\/jpg-5428-scaled-1-scaled.jpg\",\"contentUrl\":\"https:\/\/staging.forenteforlag.no\/dreyers\/wp-content\/uploads\/sites\/2\/2025\/08\/jpg-5428-scaled-1-scaled.jpg\",\"width\":1346,\"height\":1920},{\"@type\":\"BreadcrumbList\",\"@id\":\"https:\/\/staging.forenteforlag.no\/dreyers\/produkt\/trump-og-fascismen-2\/#breadcrumb\",\"itemListElement\":[{\"@type\":\"ListItem\",\"position\":1,\"name\":\"Hjem\",\"item\":\"https:\/\/staging.forenteforlag.no\/dreyers\/\"},{\"@type\":\"ListItem\",\"position\":2,\"name\":\"Alle b\u00f8ker\",\"item\":\"https:\/\/staging.forenteforlag.no\/dreyers\/butikk\/\"},{\"@type\":\"ListItem\",\"position\":3,\"name\":\"Trump og fascismen\"}]},{\"@type\":\"WebSite\",\"@id\":\"https:\/\/staging.forenteforlag.no\/dreyers\/#website\",\"url\":\"https:\/\/staging.forenteforlag.no\/dreyers\/\",\"name\":\"Dreyers Forlag\",\"description\":\"\",\"potentialAction\":[{\"@type\":\"SearchAction\",\"target\":{\"@type\":\"EntryPoint\",\"urlTemplate\":\"https:\/\/staging.forenteforlag.no\/dreyers\/?s={search_term_string}\"},\"query-input\":{\"@type\":\"PropertyValueSpecification\",\"valueRequired\":true,\"valueName\":\"search_term_string\"}}],\"inLanguage\":\"nb-NO\"}]}<\/script>\n<!-- \/ Yoast SEO plugin. -->","yoast_head_json":{"title":"Trump og fascismen - Dreyers Forlag","robots":{"index":"noindex","follow":"follow","max-snippet":"max-snippet:-1","max-image-preview":"max-image-preview:large","max-video-preview":"max-video-preview:-1"},"og_locale":"nb_NO","og_type":"article","og_title":"Trump og fascismen - Dreyers Forlag","og_description":"Fascisme brukes i dag mest som skjellsord, men fenomenet er igjen aktuelt fordi autorit\u00e6re regimer vokser frem i mange deler av verden, og ikke minst p\u00e5 grunn av mulighetene for at Trump tar over igjen som president i USA i 2025.&nbsp; Boken beskriver grunntrekk i den historiske fascismen og analyserer hvordan Trump passer inn i [&hellip;]","og_url":"https:\/\/staging.forenteforlag.no\/dreyers\/produkt\/trump-og-fascismen-2\/","og_site_name":"Dreyers Forlag","article_modified_time":"2025-09-02T05:59:48+00:00","og_image":[{"width":1346,"height":1920,"url":"https:\/\/staging.forenteforlag.no\/dreyers\/wp-content\/uploads\/sites\/2\/2025\/08\/jpg-5428-scaled-1-scaled.jpg","type":"image\/jpeg"}],"twitter_card":"summary_large_image","twitter_misc":{"Ansl. lesetid":"1 minutt"},"schema":{"@context":"https:\/\/schema.org","@graph":[{"@type":"WebPage","@id":"https:\/\/staging.forenteforlag.no\/dreyers\/produkt\/trump-og-fascismen-2\/","url":"https:\/\/staging.forenteforlag.no\/dreyers\/produkt\/trump-og-fascismen-2\/","name":"Trump og fascismen - Dreyers Forlag","isPartOf":{"@id":"https:\/\/staging.forenteforlag.no\/dreyers\/#website"},"primaryImageOfPage":{"@id":"https:\/\/staging.forenteforlag.no\/dreyers\/produkt\/trump-og-fascismen-2\/#primaryimage"},"image":{"@id":"https:\/\/staging.forenteforlag.no\/dreyers\/produkt\/trump-og-fascismen-2\/#primaryimage"},"thumbnailUrl":"https:\/\/staging.forenteforlag.no\/dreyers\/wp-content\/uploads\/sites\/2\/2025\/08\/jpg-5428-scaled-1-scaled.jpg","datePublished":"2024-08-29T00:00:00+00:00","dateModified":"2025-09-02T05:59:48+00:00","breadcrumb":{"@id":"https:\/\/staging.forenteforlag.no\/dreyers\/produkt\/trump-og-fascismen-2\/#breadcrumb"},"inLanguage":"nb-NO","potentialAction":[{"@type":"ReadAction","target":["https:\/\/staging.forenteforlag.no\/dreyers\/produkt\/trump-og-fascismen-2\/"]}]},{"@type":"ImageObject","inLanguage":"nb-NO","@id":"https:\/\/staging.forenteforlag.no\/dreyers\/produkt\/trump-og-fascismen-2\/#primaryimage","url":"https:\/\/staging.forenteforlag.no\/dreyers\/wp-content\/uploads\/sites\/2\/2025\/08\/jpg-5428-scaled-1-scaled.jpg","contentUrl":"https:\/\/staging.forenteforlag.no\/dreyers\/wp-content\/uploads\/sites\/2\/2025\/08\/jpg-5428-scaled-1-scaled.jpg","width":1346,"height":1920},{"@type":"BreadcrumbList","@id":"https:\/\/staging.forenteforlag.no\/dreyers\/produkt\/trump-og-fascismen-2\/#breadcrumb","itemListElement":[{"@type":"ListItem","position":1,"name":"Hjem","item":"https:\/\/staging.forenteforlag.no\/dreyers\/"},{"@type":"ListItem","position":2,"name":"Alle b\u00f8ker","item":"https:\/\/staging.forenteforlag.no\/dreyers\/butikk\/"},{"@type":"ListItem","position":3,"name":"Trump og fascismen"}]},{"@type":"WebSite","@id":"https:\/\/staging.forenteforlag.no\/dreyers\/#website","url":"https:\/\/staging.forenteforlag.no\/dreyers\/","name":"Dreyers Forlag","description":"","potentialAction":[{"@type":"SearchAction","target":{"@type":"EntryPoint","urlTemplate":"https:\/\/staging.forenteforlag.no\/dreyers\/?s={search_term_string}"},"query-input":{"@type":"PropertyValueSpecification","valueRequired":true,"valueName":"search_term_string"}}],"inLanguage":"nb-NO"}]}},"_links":{"self":[{"href":"https:\/\/staging.forenteforlag.no\/dreyers\/wp-json\/wp\/v2\/product\/21149","targetHints":{"allow":["GET"]}}],"collection":[{"href":"https:\/\/staging.forenteforlag.no\/dreyers\/wp-json\/wp\/v2\/product"}],"about":[{"href":"https:\/\/staging.forenteforlag.no\/dreyers\/wp-json\/wp\/v2\/types\/product"}],"wp:featuredmedia":[{"embeddable":true,"href":"https:\/\/staging.forenteforlag.no\/dreyers\/wp-json\/wp\/v2\/media\/24009"}],"wp:attachment":[{"href":"https:\/\/staging.forenteforlag.no\/dreyers\/wp-json\/wp\/v2\/media?parent=21149"}],"wp:term":[{"taxonomy":"product_brand","embeddable":true,"href":"https:\/\/staging.forenteforlag.no\/dreyers\/wp-json\/wp\/v2\/product_brand?post=21149"},{"taxonomy":"product_cat","embeddable":true,"href":"https:\/\/staging.forenteforlag.no\/dreyers\/wp-json\/wp\/v2\/product_cat?post=21149"},{"taxonomy":"product_tag","embeddable":true,"href":"https:\/\/staging.forenteforlag.no\/dreyers\/wp-json\/wp\/v2\/product_tag?post=21149"}],"curies":[{"name":"wp","href":"https:\/\/api.w.org\/{rel}","templated":true}]}}