{"id":21070,"date":"2016-08-05T02:00:00","date_gmt":"2016-08-05T00:00:00","guid":{"rendered":"https:\/\/dreyersforlag.forenteforlag.no\/produkt\/historien-om-bygdoy\/"},"modified":"2025-09-04T13:54:11","modified_gmt":"2025-09-04T11:54:11","slug":"historien-om-bygdoy","status":"publish","type":"product","link":"https:\/\/staging.forenteforlag.no\/dreyers\/produkt\/historien-om-bygdoy\/","title":{"rendered":"Historien om  Bygd\u00f8y"},"content":{"rendered":"<p>Historien om Bygd\u00f8y er fortellingen om en liten \u00f8y n\u00e6r Oslo, om forvandlingen av et naturlandskap i utkanten av hovedstaden til vak.kert kulturlandskap, utfartssted, folkepark, badested og museums\u00f8y. Gjennom tiden har mange bidratt til \u00e5 forme dette s\u00e6regne omr\u00e5det: flere konger i K\u00f8benhavn og Stockholm, stattholdere og stiftamtmenn, borgere fra Christiania og husmenn p\u00e5 Bygd\u00f8y.<\/p>\n<p>Kongen delte ut l\u00f8kker p\u00e5 Bygd\u00f8y til borgere i Christiania. De hadde husmenn som drenerte myrer, dyrket jorda, plantet tr\u00e6r og gjorde Bygd\u00f8y til en stor park. \u00d8ya ble etter hvert landfast, en halv\u00f8y. De velst\u00e5ende kunne n\u00e5 ri eller kj\u00f8re med hest og karjol den lange veien fra byen, rundt Sk\u00f8yen, til l\u00f8kkene sine p\u00e5 Bygd\u00f8y. Alle de andre ble rodd over til Bygd\u00f8y. Tusener ble rodd fra Pipervika til forlystelsene p\u00e5 Bygd\u00f8y, enten det var et kongebryllup, ballongoppskytinger eller revyer. Bygd\u00f8y var et sommerparadis, men ogs\u00e5 en tid \u00absmugler\u00f8ya\u00bb &#8211; med kamp mellom smuglere og politi.<\/p>\n<p>De borgerne som eide l\u00f8kkene og bodde der om sommeren, ble glad i den vakre \u00f8ya og \u00f8nsket \u00e5 bo der hele \u00e5ret. Derfor stiftet de et vel og et byggelag for \u00e5 skaffe bedre forbindelser med byen, f\u00e5 bygd flere boliger og f\u00e5 brakt \u00abbr\u00f8d og vann\u00bb til Bygd\u00f8y. De fikk ordnet dampskipsrute mellom Pipervika og Bygd\u00f8y og str\u00f8m og vann til boligene. Dermed fikk vi den todelingen som kjennetegner Bygd\u00f8y i dag: i s\u00f8r\u00f8st et villaomr\u00e5de, i nord og vest en folkepark med stier og veier, og i sentrum en levende bondeg\u00e5rd.<\/p>\n<p>Hvert \u00e5r g\u00e5r mange tusen mennesker fra inn- og utland tur i Kongeskogen, bes\u00f8ker museene og badestrendene, eller ser p\u00e5 \u00abkuslepp\u00bb p\u00e5 Kongsg\u00e5rden. Bygd\u00f8y er blitt en folkekj\u00e6r halv\u00f8y, med et landskap formet av mennesker; et kulturmilj\u00f8 som er fredet, men i stadig bruk.<\/p>\n","protected":false},"excerpt":{"rendered":"<p>Historien om Bygd\u00f8y er fortellingen om en liten \u00f8y n\u00e6r Oslo, om forvandlingen av et naturlandskap i utkanten av hovedstaden til vak.kert kulturlandskap, utfartssted, folkepark, badested og museums\u00f8y. Gjennom tiden har mange bidratt til \u00e5 forme dette s\u00e6regne omr\u00e5det: flere konger i K\u00f8benhavn og Stockholm, stattholdere og stiftamtmenn, borgere fra Christiania og husmenn p\u00e5 Bygd\u00f8y. [&hellip;]<\/p>\n","protected":false},"featured_media":24436,"template":"","meta":{"_acf_changed":false,"inline_featured_image":false},"product_brand":[],"product_cat":[1785,37],"product_tag":[362,525,377],"class_list":{"0":"post-21070","1":"product","2":"type-product","3":"status-publish","4":"has-post-thumbnail","6":"product_cat-fripris","7":"product_cat-oslo","8":"product_tag-faglitteratur","9":"product_tag-lokalhistorie","10":"product_tag-oslo","11":"pa_format-innbundet","13":"first","14":"instock","15":"shipping-taxable","16":"purchasable","17":"product-type-simple"},"acf":{"anmeldelse":null},"yoast_head":"<!-- This site is optimized with the Yoast SEO plugin v26.6 - https:\/\/yoast.com\/wordpress\/plugins\/seo\/ -->\n<title>Historien om Bygd\u00f8y - Dreyers Forlag<\/title>\n<meta name=\"robots\" content=\"noindex, follow, max-snippet:-1, max-image-preview:large, max-video-preview:-1\" \/>\n<meta property=\"og:locale\" content=\"nb_NO\" \/>\n<meta property=\"og:type\" content=\"article\" \/>\n<meta property=\"og:title\" content=\"Historien om Bygd\u00f8y - Dreyers Forlag\" \/>\n<meta property=\"og:description\" content=\"Historien om Bygd\u00f8y er fortellingen om en liten \u00f8y n\u00e6r Oslo, om forvandlingen av et naturlandskap i utkanten av hovedstaden til vak.kert kulturlandskap, utfartssted, folkepark, badested og museums\u00f8y. Gjennom tiden har mange bidratt til \u00e5 forme dette s\u00e6regne omr\u00e5det: flere konger i K\u00f8benhavn og Stockholm, stattholdere og stiftamtmenn, borgere fra Christiania og husmenn p\u00e5 Bygd\u00f8y. [&hellip;]\" \/>\n<meta property=\"og:url\" content=\"https:\/\/staging.forenteforlag.no\/dreyers\/produkt\/historien-om-bygdoy\/\" \/>\n<meta property=\"og:site_name\" content=\"Dreyers Forlag\" \/>\n<meta property=\"article:modified_time\" content=\"2025-09-04T11:54:11+00:00\" \/>\n<meta property=\"og:image\" content=\"https:\/\/staging.forenteforlag.no\/dreyers\/wp-content\/uploads\/sites\/2\/2025\/08\/jpg-9369.jpg\" \/>\n\t<meta property=\"og:image:width\" content=\"394\" \/>\n\t<meta property=\"og:image:height\" content=\"494\" \/>\n\t<meta property=\"og:image:type\" content=\"image\/jpeg\" \/>\n<meta name=\"twitter:card\" content=\"summary_large_image\" \/>\n<meta name=\"twitter:label1\" content=\"Ansl. lesetid\" \/>\n\t<meta name=\"twitter:data1\" content=\"2 minutter\" \/>\n<script type=\"application\/ld+json\" class=\"yoast-schema-graph\">{\"@context\":\"https:\/\/schema.org\",\"@graph\":[{\"@type\":\"WebPage\",\"@id\":\"https:\/\/staging.forenteforlag.no\/dreyers\/produkt\/historien-om-bygdoy\/\",\"url\":\"https:\/\/staging.forenteforlag.no\/dreyers\/produkt\/historien-om-bygdoy\/\",\"name\":\"Historien om Bygd\u00f8y - Dreyers Forlag\",\"isPartOf\":{\"@id\":\"https:\/\/staging.forenteforlag.no\/dreyers\/#website\"},\"primaryImageOfPage\":{\"@id\":\"https:\/\/staging.forenteforlag.no\/dreyers\/produkt\/historien-om-bygdoy\/#primaryimage\"},\"image\":{\"@id\":\"https:\/\/staging.forenteforlag.no\/dreyers\/produkt\/historien-om-bygdoy\/#primaryimage\"},\"thumbnailUrl\":\"https:\/\/staging.forenteforlag.no\/dreyers\/wp-content\/uploads\/sites\/2\/2025\/08\/jpg-9369.jpg\",\"datePublished\":\"2016-08-05T00:00:00+00:00\",\"dateModified\":\"2025-09-04T11:54:11+00:00\",\"breadcrumb\":{\"@id\":\"https:\/\/staging.forenteforlag.no\/dreyers\/produkt\/historien-om-bygdoy\/#breadcrumb\"},\"inLanguage\":\"nb-NO\",\"potentialAction\":[{\"@type\":\"ReadAction\",\"target\":[\"https:\/\/staging.forenteforlag.no\/dreyers\/produkt\/historien-om-bygdoy\/\"]}]},{\"@type\":\"ImageObject\",\"inLanguage\":\"nb-NO\",\"@id\":\"https:\/\/staging.forenteforlag.no\/dreyers\/produkt\/historien-om-bygdoy\/#primaryimage\",\"url\":\"https:\/\/staging.forenteforlag.no\/dreyers\/wp-content\/uploads\/sites\/2\/2025\/08\/jpg-9369.jpg\",\"contentUrl\":\"https:\/\/staging.forenteforlag.no\/dreyers\/wp-content\/uploads\/sites\/2\/2025\/08\/jpg-9369.jpg\",\"width\":394,\"height\":494},{\"@type\":\"BreadcrumbList\",\"@id\":\"https:\/\/staging.forenteforlag.no\/dreyers\/produkt\/historien-om-bygdoy\/#breadcrumb\",\"itemListElement\":[{\"@type\":\"ListItem\",\"position\":1,\"name\":\"Hjem\",\"item\":\"https:\/\/staging.forenteforlag.no\/dreyers\/\"},{\"@type\":\"ListItem\",\"position\":2,\"name\":\"Alle b\u00f8ker\",\"item\":\"https:\/\/staging.forenteforlag.no\/dreyers\/butikk\/\"},{\"@type\":\"ListItem\",\"position\":3,\"name\":\"Historien om Bygd\u00f8y\"}]},{\"@type\":\"WebSite\",\"@id\":\"https:\/\/staging.forenteforlag.no\/dreyers\/#website\",\"url\":\"https:\/\/staging.forenteforlag.no\/dreyers\/\",\"name\":\"Dreyers Forlag\",\"description\":\"\",\"potentialAction\":[{\"@type\":\"SearchAction\",\"target\":{\"@type\":\"EntryPoint\",\"urlTemplate\":\"https:\/\/staging.forenteforlag.no\/dreyers\/?s={search_term_string}\"},\"query-input\":{\"@type\":\"PropertyValueSpecification\",\"valueRequired\":true,\"valueName\":\"search_term_string\"}}],\"inLanguage\":\"nb-NO\"}]}<\/script>\n<!-- \/ Yoast SEO plugin. -->","yoast_head_json":{"title":"Historien om Bygd\u00f8y - Dreyers Forlag","robots":{"index":"noindex","follow":"follow","max-snippet":"max-snippet:-1","max-image-preview":"max-image-preview:large","max-video-preview":"max-video-preview:-1"},"og_locale":"nb_NO","og_type":"article","og_title":"Historien om Bygd\u00f8y - Dreyers Forlag","og_description":"Historien om Bygd\u00f8y er fortellingen om en liten \u00f8y n\u00e6r Oslo, om forvandlingen av et naturlandskap i utkanten av hovedstaden til vak.kert kulturlandskap, utfartssted, folkepark, badested og museums\u00f8y. Gjennom tiden har mange bidratt til \u00e5 forme dette s\u00e6regne omr\u00e5det: flere konger i K\u00f8benhavn og Stockholm, stattholdere og stiftamtmenn, borgere fra Christiania og husmenn p\u00e5 Bygd\u00f8y. [&hellip;]","og_url":"https:\/\/staging.forenteforlag.no\/dreyers\/produkt\/historien-om-bygdoy\/","og_site_name":"Dreyers Forlag","article_modified_time":"2025-09-04T11:54:11+00:00","og_image":[{"width":394,"height":494,"url":"https:\/\/staging.forenteforlag.no\/dreyers\/wp-content\/uploads\/sites\/2\/2025\/08\/jpg-9369.jpg","type":"image\/jpeg"}],"twitter_card":"summary_large_image","twitter_misc":{"Ansl. lesetid":"2 minutter"},"schema":{"@context":"https:\/\/schema.org","@graph":[{"@type":"WebPage","@id":"https:\/\/staging.forenteforlag.no\/dreyers\/produkt\/historien-om-bygdoy\/","url":"https:\/\/staging.forenteforlag.no\/dreyers\/produkt\/historien-om-bygdoy\/","name":"Historien om Bygd\u00f8y - Dreyers Forlag","isPartOf":{"@id":"https:\/\/staging.forenteforlag.no\/dreyers\/#website"},"primaryImageOfPage":{"@id":"https:\/\/staging.forenteforlag.no\/dreyers\/produkt\/historien-om-bygdoy\/#primaryimage"},"image":{"@id":"https:\/\/staging.forenteforlag.no\/dreyers\/produkt\/historien-om-bygdoy\/#primaryimage"},"thumbnailUrl":"https:\/\/staging.forenteforlag.no\/dreyers\/wp-content\/uploads\/sites\/2\/2025\/08\/jpg-9369.jpg","datePublished":"2016-08-05T00:00:00+00:00","dateModified":"2025-09-04T11:54:11+00:00","breadcrumb":{"@id":"https:\/\/staging.forenteforlag.no\/dreyers\/produkt\/historien-om-bygdoy\/#breadcrumb"},"inLanguage":"nb-NO","potentialAction":[{"@type":"ReadAction","target":["https:\/\/staging.forenteforlag.no\/dreyers\/produkt\/historien-om-bygdoy\/"]}]},{"@type":"ImageObject","inLanguage":"nb-NO","@id":"https:\/\/staging.forenteforlag.no\/dreyers\/produkt\/historien-om-bygdoy\/#primaryimage","url":"https:\/\/staging.forenteforlag.no\/dreyers\/wp-content\/uploads\/sites\/2\/2025\/08\/jpg-9369.jpg","contentUrl":"https:\/\/staging.forenteforlag.no\/dreyers\/wp-content\/uploads\/sites\/2\/2025\/08\/jpg-9369.jpg","width":394,"height":494},{"@type":"BreadcrumbList","@id":"https:\/\/staging.forenteforlag.no\/dreyers\/produkt\/historien-om-bygdoy\/#breadcrumb","itemListElement":[{"@type":"ListItem","position":1,"name":"Hjem","item":"https:\/\/staging.forenteforlag.no\/dreyers\/"},{"@type":"ListItem","position":2,"name":"Alle b\u00f8ker","item":"https:\/\/staging.forenteforlag.no\/dreyers\/butikk\/"},{"@type":"ListItem","position":3,"name":"Historien om Bygd\u00f8y"}]},{"@type":"WebSite","@id":"https:\/\/staging.forenteforlag.no\/dreyers\/#website","url":"https:\/\/staging.forenteforlag.no\/dreyers\/","name":"Dreyers Forlag","description":"","potentialAction":[{"@type":"SearchAction","target":{"@type":"EntryPoint","urlTemplate":"https:\/\/staging.forenteforlag.no\/dreyers\/?s={search_term_string}"},"query-input":{"@type":"PropertyValueSpecification","valueRequired":true,"valueName":"search_term_string"}}],"inLanguage":"nb-NO"}]}},"_links":{"self":[{"href":"https:\/\/staging.forenteforlag.no\/dreyers\/wp-json\/wp\/v2\/product\/21070","targetHints":{"allow":["GET"]}}],"collection":[{"href":"https:\/\/staging.forenteforlag.no\/dreyers\/wp-json\/wp\/v2\/product"}],"about":[{"href":"https:\/\/staging.forenteforlag.no\/dreyers\/wp-json\/wp\/v2\/types\/product"}],"wp:featuredmedia":[{"embeddable":true,"href":"https:\/\/staging.forenteforlag.no\/dreyers\/wp-json\/wp\/v2\/media\/24436"}],"wp:attachment":[{"href":"https:\/\/staging.forenteforlag.no\/dreyers\/wp-json\/wp\/v2\/media?parent=21070"}],"wp:term":[{"taxonomy":"product_brand","embeddable":true,"href":"https:\/\/staging.forenteforlag.no\/dreyers\/wp-json\/wp\/v2\/product_brand?post=21070"},{"taxonomy":"product_cat","embeddable":true,"href":"https:\/\/staging.forenteforlag.no\/dreyers\/wp-json\/wp\/v2\/product_cat?post=21070"},{"taxonomy":"product_tag","embeddable":true,"href":"https:\/\/staging.forenteforlag.no\/dreyers\/wp-json\/wp\/v2\/product_tag?post=21070"}],"curies":[{"name":"wp","href":"https:\/\/api.w.org\/{rel}","templated":true}]}}