{"id":22394,"date":"2024-12-10T23:01:11","date_gmt":"2024-12-10T22:01:11","guid":{"rendered":"https:\/\/staging.forenteforlag.no\/forfatter\/leif-gjerland\/"},"modified":"2025-08-29T11:11:05","modified_gmt":"2025-08-29T09:11:05","slug":"leif-gjerland","status":"publish","type":"forfatter","link":"https:\/\/staging.forenteforlag.no\/dreyers\/forfatter\/leif-gjerland\/","title":{"rendered":"Leif Gjerland"},"content":{"rendered":"<p>Leif Gjerland har en fortid som informasjonsleder i Milj\u00f8byen Gamle Oslo og informasjonssjef i Plan- og bygningsetaten. Han er utdannet b\u00e5de l\u00e6rer og journalist. Han er en sv\u00e6rt aktiv og engasjert formidler av Oslos historie og byutvikling. I tillegg til \u00e5 st\u00e5 for byvandringer, foredrag og den ukentlige oslohistorieserien i Aftenposten, har han skrevet flere b\u00f8ker om disse temaene: <em>Hvis slottet l\u00e5 p\u00e5 T\u00f8yen<\/em> (2004), <em>Oslos \u00f8yrike<\/em> (2006), <em>Navn i Oslo<\/em> (2008), <em>\u00d8stkanten<\/em> (2010), <em>Et lite stykke Oslo<\/em> (2012), <em>Oslo f\u00f8r<\/em> (2013), <em>Det var en gang i Oslo<\/em> (2014) <em>Oslos elleve byer<\/em> (2015), <em>Oslonavn<\/em> (2017), <em>Gatelangs i Oslo<\/em> (2020) og <em>Gatelangs i Oslo II<\/em> (2022).<\/p>\n","protected":false},"featured_media":22500,"template":"","class_list":["post-22394","forfatter","type-forfatter","status-publish","has-post-thumbnail","hentry"],"acf":{"bildekreditering_forfatter":"Jaran Gjerland Stenstad","fornavn":"Leif","etternavn":"Gjerland","navn":"Gjerland, Leif"},"yoast_head":"<!-- This site is optimized with the Yoast SEO plugin v26.6 - https:\/\/yoast.com\/wordpress\/plugins\/seo\/ -->\n<title>Leif Gjerland - Dreyers Forlag<\/title>\n<meta name=\"robots\" content=\"noindex, follow, max-snippet:-1, max-image-preview:large, max-video-preview:-1\" \/>\n<meta property=\"og:locale\" content=\"nb_NO\" \/>\n<meta property=\"og:type\" content=\"article\" \/>\n<meta property=\"og:title\" content=\"Leif Gjerland - Dreyers Forlag\" \/>\n<meta property=\"og:description\" content=\"Leif Gjerland har en fortid som informasjonsleder i Milj\u00f8byen Gamle Oslo og informasjonssjef i Plan- og bygningsetaten. Han er utdannet b\u00e5de l\u00e6rer og journalist. Han er en sv\u00e6rt aktiv og engasjert formidler av Oslos historie og byutvikling. I tillegg til \u00e5 st\u00e5 for byvandringer, foredrag og den ukentlige oslohistorieserien i Aftenposten, har han skrevet flere [&hellip;]\" \/>\n<meta property=\"og:url\" content=\"https:\/\/staging.forenteforlag.no\/dreyers\/forfatter\/leif-gjerland\/\" \/>\n<meta property=\"og:site_name\" content=\"Dreyers Forlag\" \/>\n<meta property=\"article:modified_time\" content=\"2025-08-29T09:11:05+00:00\" \/>\n<meta property=\"og:image\" content=\"https:\/\/staging.forenteforlag.no\/dreyers\/wp-content\/uploads\/sites\/2\/2025\/02\/LeifGjerland-portrett4.5.jpg\" \/>\n\t<meta property=\"og:image:width\" content=\"378\" \/>\n\t<meta property=\"og:image:height\" content=\"473\" \/>\n\t<meta property=\"og:image:type\" content=\"image\/jpeg\" \/>\n<meta name=\"twitter:card\" content=\"summary_large_image\" \/>\n<meta name=\"twitter:label1\" content=\"Ansl. lesetid\" \/>\n\t<meta name=\"twitter:data1\" content=\"1 minutt\" \/>\n<script type=\"application\/ld+json\" class=\"yoast-schema-graph\">{\"@context\":\"https:\/\/schema.org\",\"@graph\":[{\"@type\":\"WebPage\",\"@id\":\"https:\/\/staging.forenteforlag.no\/dreyers\/forfatter\/leif-gjerland\/\",\"url\":\"https:\/\/staging.forenteforlag.no\/dreyers\/forfatter\/leif-gjerland\/\",\"name\":\"Leif Gjerland - Dreyers Forlag\",\"isPartOf\":{\"@id\":\"https:\/\/staging.forenteforlag.no\/dreyers\/#website\"},\"primaryImageOfPage\":{\"@id\":\"https:\/\/staging.forenteforlag.no\/dreyers\/forfatter\/leif-gjerland\/#primaryimage\"},\"image\":{\"@id\":\"https:\/\/staging.forenteforlag.no\/dreyers\/forfatter\/leif-gjerland\/#primaryimage\"},\"thumbnailUrl\":\"https:\/\/staging.forenteforlag.no\/dreyers\/wp-content\/uploads\/sites\/2\/2025\/02\/LeifGjerland-portrett4.5.jpg\",\"datePublished\":\"2024-12-10T22:01:11+00:00\",\"dateModified\":\"2025-08-29T09:11:05+00:00\",\"breadcrumb\":{\"@id\":\"https:\/\/staging.forenteforlag.no\/dreyers\/forfatter\/leif-gjerland\/#breadcrumb\"},\"inLanguage\":\"nb-NO\",\"potentialAction\":[{\"@type\":\"ReadAction\",\"target\":[\"https:\/\/staging.forenteforlag.no\/dreyers\/forfatter\/leif-gjerland\/\"]}]},{\"@type\":\"ImageObject\",\"inLanguage\":\"nb-NO\",\"@id\":\"https:\/\/staging.forenteforlag.no\/dreyers\/forfatter\/leif-gjerland\/#primaryimage\",\"url\":\"https:\/\/staging.forenteforlag.no\/dreyers\/wp-content\/uploads\/sites\/2\/2025\/02\/LeifGjerland-portrett4.5.jpg\",\"contentUrl\":\"https:\/\/staging.forenteforlag.no\/dreyers\/wp-content\/uploads\/sites\/2\/2025\/02\/LeifGjerland-portrett4.5.jpg\",\"width\":378,\"height\":473},{\"@type\":\"BreadcrumbList\",\"@id\":\"https:\/\/staging.forenteforlag.no\/dreyers\/forfatter\/leif-gjerland\/#breadcrumb\",\"itemListElement\":[{\"@type\":\"ListItem\",\"position\":1,\"name\":\"Hjem\",\"item\":\"https:\/\/staging.forenteforlag.no\/dreyers\/\"},{\"@type\":\"ListItem\",\"position\":2,\"name\":\"Leif Gjerland\"}]},{\"@type\":\"WebSite\",\"@id\":\"https:\/\/staging.forenteforlag.no\/dreyers\/#website\",\"url\":\"https:\/\/staging.forenteforlag.no\/dreyers\/\",\"name\":\"Dreyers Forlag\",\"description\":\"\",\"potentialAction\":[{\"@type\":\"SearchAction\",\"target\":{\"@type\":\"EntryPoint\",\"urlTemplate\":\"https:\/\/staging.forenteforlag.no\/dreyers\/?s={search_term_string}\"},\"query-input\":{\"@type\":\"PropertyValueSpecification\",\"valueRequired\":true,\"valueName\":\"search_term_string\"}}],\"inLanguage\":\"nb-NO\"}]}<\/script>\n<!-- \/ Yoast SEO plugin. -->","yoast_head_json":{"title":"Leif Gjerland - Dreyers Forlag","robots":{"index":"noindex","follow":"follow","max-snippet":"max-snippet:-1","max-image-preview":"max-image-preview:large","max-video-preview":"max-video-preview:-1"},"og_locale":"nb_NO","og_type":"article","og_title":"Leif Gjerland - Dreyers Forlag","og_description":"Leif Gjerland har en fortid som informasjonsleder i Milj\u00f8byen Gamle Oslo og informasjonssjef i Plan- og bygningsetaten. Han er utdannet b\u00e5de l\u00e6rer og journalist. Han er en sv\u00e6rt aktiv og engasjert formidler av Oslos historie og byutvikling. I tillegg til \u00e5 st\u00e5 for byvandringer, foredrag og den ukentlige oslohistorieserien i Aftenposten, har han skrevet flere [&hellip;]","og_url":"https:\/\/staging.forenteforlag.no\/dreyers\/forfatter\/leif-gjerland\/","og_site_name":"Dreyers Forlag","article_modified_time":"2025-08-29T09:11:05+00:00","og_image":[{"width":378,"height":473,"url":"https:\/\/staging.forenteforlag.no\/dreyers\/wp-content\/uploads\/sites\/2\/2025\/02\/LeifGjerland-portrett4.5.jpg","type":"image\/jpeg"}],"twitter_card":"summary_large_image","twitter_misc":{"Ansl. lesetid":"1 minutt"},"schema":{"@context":"https:\/\/schema.org","@graph":[{"@type":"WebPage","@id":"https:\/\/staging.forenteforlag.no\/dreyers\/forfatter\/leif-gjerland\/","url":"https:\/\/staging.forenteforlag.no\/dreyers\/forfatter\/leif-gjerland\/","name":"Leif Gjerland - Dreyers Forlag","isPartOf":{"@id":"https:\/\/staging.forenteforlag.no\/dreyers\/#website"},"primaryImageOfPage":{"@id":"https:\/\/staging.forenteforlag.no\/dreyers\/forfatter\/leif-gjerland\/#primaryimage"},"image":{"@id":"https:\/\/staging.forenteforlag.no\/dreyers\/forfatter\/leif-gjerland\/#primaryimage"},"thumbnailUrl":"https:\/\/staging.forenteforlag.no\/dreyers\/wp-content\/uploads\/sites\/2\/2025\/02\/LeifGjerland-portrett4.5.jpg","datePublished":"2024-12-10T22:01:11+00:00","dateModified":"2025-08-29T09:11:05+00:00","breadcrumb":{"@id":"https:\/\/staging.forenteforlag.no\/dreyers\/forfatter\/leif-gjerland\/#breadcrumb"},"inLanguage":"nb-NO","potentialAction":[{"@type":"ReadAction","target":["https:\/\/staging.forenteforlag.no\/dreyers\/forfatter\/leif-gjerland\/"]}]},{"@type":"ImageObject","inLanguage":"nb-NO","@id":"https:\/\/staging.forenteforlag.no\/dreyers\/forfatter\/leif-gjerland\/#primaryimage","url":"https:\/\/staging.forenteforlag.no\/dreyers\/wp-content\/uploads\/sites\/2\/2025\/02\/LeifGjerland-portrett4.5.jpg","contentUrl":"https:\/\/staging.forenteforlag.no\/dreyers\/wp-content\/uploads\/sites\/2\/2025\/02\/LeifGjerland-portrett4.5.jpg","width":378,"height":473},{"@type":"BreadcrumbList","@id":"https:\/\/staging.forenteforlag.no\/dreyers\/forfatter\/leif-gjerland\/#breadcrumb","itemListElement":[{"@type":"ListItem","position":1,"name":"Hjem","item":"https:\/\/staging.forenteforlag.no\/dreyers\/"},{"@type":"ListItem","position":2,"name":"Leif Gjerland"}]},{"@type":"WebSite","@id":"https:\/\/staging.forenteforlag.no\/dreyers\/#website","url":"https:\/\/staging.forenteforlag.no\/dreyers\/","name":"Dreyers Forlag","description":"","potentialAction":[{"@type":"SearchAction","target":{"@type":"EntryPoint","urlTemplate":"https:\/\/staging.forenteforlag.no\/dreyers\/?s={search_term_string}"},"query-input":{"@type":"PropertyValueSpecification","valueRequired":true,"valueName":"search_term_string"}}],"inLanguage":"nb-NO"}]}},"_links":{"self":[{"href":"https:\/\/staging.forenteforlag.no\/dreyers\/wp-json\/wp\/v2\/forfatter\/22394","targetHints":{"allow":["GET"]}}],"collection":[{"href":"https:\/\/staging.forenteforlag.no\/dreyers\/wp-json\/wp\/v2\/forfatter"}],"about":[{"href":"https:\/\/staging.forenteforlag.no\/dreyers\/wp-json\/wp\/v2\/types\/forfatter"}],"version-history":[{"count":5,"href":"https:\/\/staging.forenteforlag.no\/dreyers\/wp-json\/wp\/v2\/forfatter\/22394\/revisions"}],"predecessor-version":[{"id":23213,"href":"https:\/\/staging.forenteforlag.no\/dreyers\/wp-json\/wp\/v2\/forfatter\/22394\/revisions\/23213"}],"wp:featuredmedia":[{"embeddable":true,"href":"https:\/\/staging.forenteforlag.no\/dreyers\/wp-json\/wp\/v2\/media\/22500"}],"wp:attachment":[{"href":"https:\/\/staging.forenteforlag.no\/dreyers\/wp-json\/wp\/v2\/media?parent=22394"}],"curies":[{"name":"wp","href":"https:\/\/api.w.org\/{rel}","templated":true}]}}